{"id":11850,"date":"2021-04-22T21:27:24","date_gmt":"2021-04-22T21:27:24","guid":{"rendered":"https:\/\/www.upr.edu\/biblioteca-dupr\/?page_id=11850"},"modified":"2023-03-05T20:09:18","modified_gmt":"2023-03-05T20:09:18","slug":"bd-derecho-documentos-codigo-civil-de-puerto-rico","status":"publish","type":"page","link":"https:\/\/www.upr.edu\/biblioteca-dupr\/bd-derecho-documentos-codigo-civil-de-puerto-rico\/","title":{"rendered":"BD-Derecho-Documentos-Codigo Civil de Puerto Rico"},"content":{"rendered":"<div class=\"wpb-content-wrapper\" id=\"wpb-content-root\">[vc_row][vc_column width=\u00bb4\/6&#8243; css=\u00bb.vc_custom_1482521660998{margin-bottom: 20px !important;}\u00bb][vc_custom_heading text=\u00bbC\u00f3digo Civil de Puerto Rico\u00bb font_container=\u00bbtag:h2|font_size:51|text_align:left|color:%23750148&#8243;][\/vc_column][vc_column width=\u00bb2\/6&#8243;][vc_raw_html css=\u00bb.vc_custom_1529529715689{margin-top: 15px !important;}\u00bb]JTNDZGl2JTIwc3R5bGUlM0QlMjJ0ZXh0LWFsaWduJTNBJTIwcmlnaHQlMjIlMjBhbHQlM0QlMjJzb2NpYWxfbmV0d29yayUyMiUzRSUwQSUyMCUzQ2ElMjBocmVmJTNEJTIyaHR0cHMlM0ElMkYlMkZ3d3cuZmFjZWJvb2suY29tJTJGdXBybGF3bGliJTIyJTNFJTNDaW1nJTIwYm9yZGVyJTNEJTIyMCUyMiUyMGFsdCUzRCUyMkZhY2Vib29rJTIwTG9nbyUyMiUyMHNyYyUzRCUyMmh0dHAlM0ElMkYlMkZ3d3cudXByLmVkdSUyRmJpYmxpb3RlY2EtZHVwciUyRndwLWNvbnRlbnQlMkZ1cGxvYWRzJTJGc2l0ZXMlMkY3NyUyRjIwMTclMkYwMyUyRmJkX2RlcmVjaG9fZmFjZWJvb2tfbG9nby5wbmclMjIlMjB3aWR0aCUzRCUyMjMwJTIyJTNFJTNDJTJGYSUzRSUwQSUyMCUzQ2ElMjBocmVmJTNEJTIyaHR0cHMlM0ElMkYlMkZ0d2l0dGVyLmNvbSUyRkJpYmxpb3RlY2FEZXJlYyUyMiUzRSUzQ2ltZyUyMGJvcmRlciUzRCUyMjAlMjIlMjBhbHQlM0QlMjJUd2l0dGVyJTIwTG9nbyUyMiUyMHNyYyUzRCUyMmh0dHAlM0ElMkYlMkZ3d3cudXByLmVkdSUyRmJpYmxpb3RlY2EtZHVwciUyRndwLWNvbnRlbnQlMkZ1cGxvYWRzJTJGc2l0ZXMlMkY3NyUyRjIwMTclMkYwMyUyRmJkX2RlcmVjaG9fdHdpdHRlcl9sb2dvLmpwZyUyMiUyMHdpZHRoJTNEJTIyMzAlMjIlM0UlM0MlMkZhJTNFJTBBJTIwJTNDYSUyMGhyZWYlM0QlMjJodHRwcyUzQSUyRiUyRnd3dy55b3V0dWJlLmNvbSUyRmNoYW5uZWwlMkZVQ0JJZklkako1UEt5S2ZWQ1RldVBYSHclMjIlM0UlM0NpbWclMjBib3JkZXIlM0QlMjIwJTIyJTIwYWx0JTNEJTIyWW91VHViZSUyMExvZ28lMjIlMjBzcmMlM0QlMjJodHRwJTNBJTJGJTJGd3d3LnVwci5lZHUlMkZiaWJsaW90ZWNhLWR1cHIlMkZ3cC1jb250ZW50JTJGdXBsb2FkcyUyRnNpdGVzJTJGNzclMkYyMDE3JTJGMDMlMkZiZF9kZXJlY2hvX3lvdXR1YmVfbG9nby5wbmclMjIlMjB3aWR0aCUzRCUyMjMwJTIyJTNFJTNDJTJGYSUzRSUwQSUyMCUzQ2ElMjBocmVmJTNEJTIyaHR0cHMlM0ElMkYlMkZ3d3cuaW5zdGFncmFtLmNvbSUyRmJpYmxpb3RlY2FkZXJlY2hvdXByJTJGJTNGaGwlM0Rlcy1sYSUyMiUzRSUzQ2ltZyUyMGJvcmRlciUzRCUyMjAlMjIlMjBhbHQlM0QlMjJJbnN0YWdyYW0lMjBMb2dvJTIyJTIwc3JjJTNEJTIyaHR0cCUzQSUyRiUyRnd3dy51cHIuZWR1JTJGYmlibGlvdGVjYS1kdXByJTJGd3AtY29udGVudCUyRnVwbG9hZHMlMkZzaXRlcyUyRjc3JTJGMjAxOCUyRjA2JTJGYmRfZGVyZWNob19pbnN0YWdyYW1fbG9nby5wbmclMjIlMjB3aWR0aCUzRCUyMjMxJTIyJTNFJTNDJTJGYSUzRSUwQSUzQyUyRmRpdiUzRSUwQQ==[\/vc_raw_html][\/vc_column][\/vc_row][vc_row][vc_column][vc_column_text]En el portal presentamos una recopilaci\u00f3n b\u00e1sica de libros, enlaces y material digitalizado del C\u00f3digo Civil de Puerto Rico. El trabajo de escanear los documentos fue realizado por la biblioteca y la Oficina de Servicios Legislativos para simplificar al usuario la b\u00fasqueda y el acceso a la informaci\u00f3n. Aunque no tenemos en nuestro poder toda la documentaci\u00f3n sobre el C\u00f3digo Civil puertorrique\u00f1o. El investigador conforme a su inter\u00e9s podr\u00e1 complementar la informaci\u00f3n con otras fuentes como: diario de sesiones, escritos literarios, recortes de peri\u00f3dicos y art\u00edculos de revistas disponibles en otras bibliotecas e instituciones.[\/vc_column_text][\/vc_column][\/vc_row][vc_row][vc_column]<div class=\"hr-thin style-dashed\" style=\"width: 100%;border-color: #750148;border-top-width: 1px;\"><\/div>[vc_empty_space][\/vc_column][\/vc_row][vc_row][vc_column width=\u00bb1\/2&#8243;][vc_empty_space height=\u00bb55&#8243;][vc_single_image image=\u00bb9636&#8243; img_size=\u00bblarge\u00bb alignment=\u00bbcenter\u00bb onclick=\u00bblink_image\u00bb][\/vc_column][vc_column width=\u00bb1\/2&#8243;][vc_column_text]El C\u00f3digo Civil es una ley general que reglamenta una multiplicidad de asuntos relacionados con la vida de los seres humanos y su interacci\u00f3n cotidiana con los dem\u00e1s. En el a\u00f1o 1898, Puerto Rico experiment\u00f3 un cambio de soberan\u00eda y, con ello, nuestro derecho hasta ese momento estrictamente civilista, comenz\u00f3 a ser influenciado por el \u201ccommon law\u201d. En el 1902, el C\u00f3digo Civil espa\u00f1ol, sufri\u00f3 varias enmiendas que incorporaron disposiciones del C\u00f3digo Civil de Luisiana, que tambi\u00e9n estaba fundamentado en el C\u00f3digo Napole\u00f3nico. Luego en el 1930, se revis\u00f3 el C\u00f3digo de 1902, aunque los cambios introducidos fueron menores. El 18 de junio de 2018 se radic\u00f3 el P. de la C. 1654 con el objetivo de establecer el nuevo ordenamiento jur\u00eddico privado y derogar el \u201cC\u00f3digo Civil de Puerto Rico de 1930\u201d, seg\u00fan enmendado. Despu\u00e9s de casi dos a\u00f1os de haberse radicado el proyecto, el 1 de junio de 2020 se convirti\u00f3 en ley y en el Nuevo C\u00f3digo Civil de Puerto Rico.[\/vc_column_text][\/vc_column][\/vc_row][vc_row][vc_column]<div class=\"dt-fancy-separator h4-size style-double\" style=\"width: 100%;\"><div class=\"dt-fancy-title\" style=\"color: #750148;\"><span class=\"separator-holder separator-left\" style=\"border-color: #750148;\"><\/span>C\u00f3digo Civil<span class=\"separator-holder separator-right\" style=\"border-color: #750148;\"><\/span><\/div><\/div>[\/vc_column][\/vc_row][vc_row][vc_column width=\u00bb1\/4&#8243;][vc_icon icon_fontawesome=\u00bbfa fa-balance-scale\u00bb color=\u00bbwhite\u00bb background_style=\u00bbboxed\u00bb background_color=\u00bbcustom\u00bb align=\u00bbcenter\u00bb custom_background_color=\u00bb#750148&#8243; css=\u00bb.vc_custom_1619364670214{margin-top: 30px !important;}\u00bb link=\u00bburl:https%3A%2F%2Fdrive.google.com%2Ffile%2Fd%2F1c1eBfNbT46TESgYqHa6-AgH25QJP5U-v%2Fview%3Fusp%3Dsharing||target:%20_blank|\u00bb][vc_column_text css=\u00bb.vc_custom_1632156661373{margin-top: -60px !important;border-top-width: 3px !important;border-right-width: 3px !important;border-bottom-width: 3px !important;border-left-width: 3px !important;border-left-color: #000000 !important;border-left-style: solid !important;border-right-color: #000000 !important;border-right-style: solid !important;border-top-color: #000000 !important;border-top-style: solid !important;border-bottom-color: #000000 !important;border-bottom-style: solid !important;}\u00bb]\n<p style=\"text-align: center\"><div class=\"su-spacer\" style=\"height:50px\"><\/div>\n<p style=\"text-align: center;font-size: 40px\"><span style=\"color: #000000\"><a style=\"color: #000000;text-decoration: none\" href=\"https:\/\/drive.google.com\/file\/d\/1kVzaneIYZjvqdWh5yhlj4f86kDN6D85C\/view?usp=sharing\" target=\"_blank\" rel=\"noopener noreferrer\">1889<\/a><\/span><\/p>\n<p style=\"text-align: center\"><div class=\"su-spacer\" style=\"height:10px\"><\/div>\n<p style=\"text-align: center;font-size: 16px\"><a href=\"https:\/\/drive.google.com\/file\/d\/1kVzaneIYZjvqdWh5yhlj4f86kDN6D85C\/view?usp=sharing\" target=\"_blank\" rel=\"noopener noreferrer\"><span style=\"color: #750148\">Espa\u00f1a<\/span><\/a><\/p>\n<p style=\"text-align: center\"><a style=\"color: black\" href=\"https:\/\/drive.google.com\/file\/d\/1kVzaneIYZjvqdWh5yhlj4f86kDN6D85C\/view?usp=sharing\" target=\"_blank\" rel=\"noopener noreferrer\">Gaceta de Madrid<\/a><\/p>\n<p style=\"text-align: center\"><div class=\"su-spacer\" style=\"height:22px\"><\/div>\n[\/vc_column_text][\/vc_column][vc_column width=\u00bb1\/4&#8243;][vc_icon icon_fontawesome=\u00bbfa fa-balance-scale\u00bb color=\u00bbwhite\u00bb background_style=\u00bbboxed\u00bb background_color=\u00bbcustom\u00bb align=\u00bbcenter\u00bb custom_background_color=\u00bb#750148&#8243; css=\u00bb.vc_custom_1619364670214{margin-top: 30px !important;}\u00bb link=\u00bburl:https%3A%2F%2Fdrive.google.com%2Ffile%2Fd%2F1c1eBfNbT46TESgYqHa6-AgH25QJP5U-v%2Fview%3Fusp%3Dsharing||target:%20_blank|\u00bb][vc_column_text css=\u00bb.vc_custom_1632153956267{margin-top: -60px !important;border-top-width: 3px !important;border-right-width: 3px !important;border-bottom-width: 3px !important;border-left-width: 3px !important;border-left-color: #000000 !important;border-left-style: solid !important;border-right-color: #000000 !important;border-right-style: solid !important;border-top-color: #000000 !important;border-top-style: solid !important;border-bottom-color: #000000 !important;border-bottom-style: solid !important;}\u00bb]\n<p style=\"text-align: center\"><div class=\"su-spacer\" style=\"height:50px\"><\/div>\n<p style=\"text-align: center;font-size: 40px\"><span style=\"color: #000000\"><a style=\"color: #000000;text-decoration: none\" href=\"https:\/\/drive.google.com\/file\/d\/1c1eBfNbT46TESgYqHa6-AgH25QJP5U-v\/view?usp=sharing\" target=\"_blank\" rel=\"noopener noreferrer\">1902<\/a><\/span><\/p>\n<p style=\"text-align: center\"><div class=\"su-spacer\" style=\"height:10px\"><\/div>\n<p style=\"text-align: center;font-size: 16px\"><a href=\"https:\/\/drive.google.com\/file\/d\/1c1eBfNbT46TESgYqHa6-AgH25QJP5U-v\/view?usp=sharing\" target=\"_blank\" rel=\"noopener noreferrer\"><span style=\"color: #750148\">Puerto Rico<\/span><\/a><\/p>\n<p style=\"text-align: center\"><div class=\"su-spacer\" style=\"height:57px\"><\/div>\n[\/vc_column_text][\/vc_column][vc_column width=\u00bb1\/4&#8243;][vc_icon icon_fontawesome=\u00bbfas fa-balance-scale\u00bb color=\u00bbwhite\u00bb background_style=\u00bbboxed\u00bb background_color=\u00bbcustom\u00bb align=\u00bbcenter\u00bb custom_background_color=\u00bb#750148&#8243; css=\u00bb.vc_custom_1629490555681{margin-top: 30px !important;}\u00bb link=\u00bburl:https%3A%2F%2Fdrive.google.com%2Ffile%2Fd%2F1Hgaq5tSIwuUGs0yvnrOHJoZ30yp2hX5j%2Fview%3Fusp%3Dsharing|target:_blank\u00bb][vc_column_text css=\u00bb.vc_custom_1632156345273{margin-top: -60px !important;border-top-width: 3px !important;border-right-width: 3px !important;border-bottom-width: 3px !important;border-left-width: 3px !important;border-left-color: #000000 !important;border-left-style: solid !important;border-right-color: #000000 !important;border-right-style: solid !important;border-top-color: #000000 !important;border-top-style: solid !important;border-bottom-color: #000000 !important;border-bottom-style: solid !important;}\u00bb]\n<p style=\"text-align: center\"><div class=\"su-spacer\" style=\"height:50px\"><\/div>\n<p style=\"text-align: center;font-size: 40px\"><span style=\"color: #000000\"><a style=\"color: #000000;text-decoration: none\" href=\"https:\/\/drive.google.com\/file\/d\/1Hgaq5tSIwuUGs0yvnrOHJoZ30yp2hX5j\/view?usp=sharing\" target=\"_blank\" rel=\"noopener noreferrer\">1930<\/a><\/span><\/p>\n<p style=\"text-align: center\"><div class=\"su-spacer\" style=\"height:10px\"><\/div>\n<p style=\"text-align: center;font-size: 16px\"><a href=\"https:\/\/drive.google.com\/file\/d\/1Hgaq5tSIwuUGs0yvnrOHJoZ30yp2hX5j\/view?usp=sharing\" target=\"_blank\" rel=\"noopener noreferrer\"><span style=\"color: #750148\">Puerto Rico<\/span><\/a><\/p>\n<p style=\"text-align: center\"><a style=\"color: black\" href=\"https:\/\/drive.google.com\/file\/d\/1Hgaq5tSIwuUGs0yvnrOHJoZ30yp2hX5j\/view?usp=sharing\">Espa\u00f1ol e Ingl\u00e9s<\/a><\/p>\n<p style=\"text-align: center\"><a style=\"color: 750148\" href=\"https:\/\/drive.google.com\/file\/d\/1Hgaq5tSIwuUGs0yvnrOHJoZ30yp2hX5j\/view?usp=sharing\">Ley N\u00fam. 48 de 28-abril-1930<\/a><\/p>\n<p style=\"text-align: center\"><div class=\"su-spacer\" style=\"height:20px\"><\/div>\n[\/vc_column_text][\/vc_column][vc_column width=\u00bb1\/4&#8243;][vc_icon icon_fontawesome=\u00bbfa fa-balance-scale\u00bb color=\u00bbwhite\u00bb background_style=\u00bbboxed\u00bb background_color=\u00bbcustom\u00bb align=\u00bbcenter\u00bb custom_background_color=\u00bb#750148&#8243; css=\u00bb.vc_custom_1619363791959{margin-top: 30px !important;}\u00bb link=\u00bburl:https%3A%2F%2Fdrive.google.com%2Ffile%2Fd%2F12fquQ-DXVIzLA0wqBt_WXkgqGf0FZR14%2Fview%3Fusp%3Dsharing||target:%20_blank|\u00bb][vc_column_text css=\u00bb.vc_custom_1632156395881{margin-top: -60px !important;border-top-width: 3px !important;border-right-width: 3px !important;border-bottom-width: 3px !important;border-left-width: 3px !important;border-left-color: #000000 !important;border-left-style: solid !important;border-right-color: #000000 !important;border-right-style: solid !important;border-top-color: #000000 !important;border-top-style: solid !important;border-bottom-color: #000000 !important;border-bottom-style: solid !important;}\u00bb]\n<p style=\"text-align: center\"><div class=\"su-spacer\" style=\"height:50px\"><\/div>\n<p style=\"text-align: center;font-size: 40px\"><span style=\"color: #000000\"><a style=\"color: #000000;text-decoration: none\" href=\"https:\/\/drive.google.com\/file\/d\/11pTuvWftXgdDHyx3pMFrmpifot4ni3Xt\/view?usp=sharing\" target=\"_blank\" rel=\"noopener noreferrer\">2020<\/a><\/span><\/p>\n<p style=\"text-align: center\"><div class=\"su-spacer\" style=\"height:10px\"><\/div>\n<p style=\"text-align: center;font-size: 16px\"><a href=\"https:\/\/drive.google.com\/file\/d\/11pTuvWftXgdDHyx3pMFrmpifot4ni3Xt\/view?usp=sharing\" target=\"_blank\" rel=\"noopener noreferrer\"><span style=\"color: #750148\">Puerto Rico<\/span><\/a><\/p>\n<p style=\"text-align: center\"><a style=\"color: black\" href=\"https:\/\/drive.google.com\/file\/d\/12fquQ-DXVIzLA0wqBt_WXkgqGf0FZR14\/view?usp=sharing\">Comentado<\/a><\/p>\n<p style=\"text-align: center\"><a href=\"https:\/\/drive.google.com\/file\/d\/1nrheMfBwvgr3GD7UdkCk7QAmh5RItDAk\/view?usp=sharing\">P. de la C. 1654<\/a><\/p>\n<p style=\"text-align: center\"><a style=\"color: black\" href=\"https:\/\/sutra.oslpr.org\/osl\/esutra\/Prontuario.aspx?rid=124126\">Autores &#8211; Ponencias &#8211; Tr\u00e1mites<\/a><\/p>\n<p style=\"text-align: center\"><a href=\"https:\/\/drive.google.com\/file\/d\/11pTuvWftXgdDHyx3pMFrmpifot4ni3Xt\/view?usp=sharing\">Ley N\u00fam. 55 de 1-junio-2020<\/a><\/p>\n<p style=\"text-align: center\"><div class=\"su-spacer\" style=\"height:20px\"><\/div>\n[\/vc_column_text][\/vc_column][\/vc_row][vc_row][vc_column]<div class=\"dt-fancy-separator h4-size style-double\" style=\"width: 100%;\"><div class=\"dt-fancy-title\" style=\"color: #750148;\"><span class=\"separator-holder separator-left\" style=\"border-color: #750148;\"><\/span>Borradores para Discusi\u00f3n<span class=\"separator-holder separator-right\" style=\"border-color: #750148;\"><\/span><\/div><\/div>[vc_empty_space][\/vc_column][\/vc_row][vc_row][vc_column width=\u00bb1\/2&#8243; css=\u00bb.vc_custom_1638998739121{margin-top: -25px !important;}\u00bb][vc_custom_heading text=\u00bbArt\u00edculos\u00bb font_container=\u00bbtag:h2|font_size:22|text_align:left\u00bb][\/vc_column][vc_column width=\u00bb1\/2&#8243; css=\u00bb.vc_custom_1638998847382{margin-top: -25px !important;}\u00bb][vc_custom_heading text=\u00bbMemorial Explicativo\u00bb font_container=\u00bbtag:h2|font_size:22|text_align:right\u00bb][\/vc_column][\/vc_row][vc_row][vc_column width=\u00bb5\/12&#8243;]<div class=\"standard-arrow list-divider bullet-top\"><ul>\n<li>\n<p style=\"text-align: left;font-size: 13px\"><span style=\"color: #0000ff\"><a style=\"color: #0000ff;text-decoration: none\" href=\"https:\/\/drive.google.com\/file\/d\/17wT0YQv5w8RCUDtEij7d6V_OkcnGWzhx\/view?usp=sharing\">T\u00edtulo Preliminar: La ley, su eficacia y su aplicaci\u00f3n |<br \/>\n(Versi\u00f3n: 5 de marzo de 2003)<\/a><\/span><\/p>\n<\/li>\n<li>\n<p style=\"text-align: left;font-size: 13px\"><span style=\"color: #0000ff\"><a style=\"color: #0000ff;text-decoration: none\" href=\"https:\/\/drive.google.com\/file\/d\/1Z3-y-3UbESalzv5ABPtl5iFAlEwl4w08\/view?usp=sharing\">Libro Primero: Las Relaciones Jur\u00eddicas: Personas, Bienes y Hechos y Actos Jur\u00eddicos | (Versi\u00f3n: 5 de marzo de 2003)<\/a><\/span><\/p>\n<\/li>\n<li>\n<p style=\"text-align: left;font-size: 13px\"><span style=\"color: #0000ff\"><a style=\"color: #0000ff;text-decoration: none\" href=\"https:\/\/drive.google.com\/file\/d\/1rNc7iGzYHun8L4-1X3IWRl1aE74pQ4Rp\/view?usp=sharing\">Libro Segundo: Las Instituciones Familiares- Tomo I &#8211; T\u00edtulos I al V | (Versi\u00f3n: 11 de enero de 2007)<\/a><\/span><\/p>\n<\/li>\n<li>\n<p style=\"text-align: left;font-size: 13px\"><span style=\"color: #0000ff\"><a style=\"color: #0000ff;text-decoration: none\" href=\"https:\/\/drive.google.com\/file\/d\/1MBNCfiKvmsEHz23BlJGgh2bGmBFHnu2-\/view?usp=sharing\">Libro Segundo: Las Instituciones Familiares- Tomo II &#8211; T\u00edtulos VI al XII | (Versi\u00f3n: 11 de enero de 2007)<\/a><\/span><\/p>\n<\/li>\n<li>\n<p style=\"text-align: left;font-size: 13px\"><span style=\"color: #0000ff\"><a style=\"color: #0000ff;text-decoration: none\" href=\"https:\/\/drive.google.com\/file\/d\/1gnBgqtV2QOqUrejXCFkQ2p-xqtRYeWe1\/view?usp=sharing\">Libro Tercero: Derecho Reales | (Versi\u00f3n: 1 de junio de 2003)<\/a><\/span><\/p>\n<\/li>\n<li>\n<p style=\"text-align: left;font-size: 13px\"><span style=\"color: #0000ff\"><a style=\"color: #0000ff;text-decoration: none\" href=\"https:\/\/drive.google.com\/file\/d\/1K8JdpokpyS3hRSSieWX5n6BnEDOI_PCQ\/view?usp=sharing\">Libro Cuarto: Derecho de Obligaciones |<br \/>\n(Versi\u00f3n: 10 de agosto de 2004)<\/a><\/span><\/p>\n<\/li>\n<li>\n<p style=\"text-align: left;font-size: 13px\"><span style=\"color: #0000ff\"><a style=\"color: #0000ff;text-decoration: none\" href=\"https:\/\/drive.google.com\/file\/d\/12F7xmvnjTL6AErJbeDDVx0anD_bGK4ij\/view?usp=sharing\">Libro Quinto: Derecho de Contratos y Otras Fuentes de las Obligaciones | (Versi\u00f3n: 6 de octubre de 2004)<\/a><\/span><\/p>\n<\/li>\n<li>\n<p style=\"text-align: left;font-size: 13px\"><span style=\"color: #0000ff\"><a style=\"color: #0000ff;text-decoration: none\" href=\"https:\/\/drive.google.com\/file\/d\/18qmzycEJECM5RziOHW6ExT5wWoqc6BrH\/view?usp=sharing\">Libro Sexto: Derecho de Sucesiones |<br \/>\n(Versi\u00f3n: 25 de octubre de 2005)<\/a><\/span><\/p>\n<\/li>\n<li>\n<p style=\"text-align: left;font-size: 13px\"><span style=\"color: #0000ff\"><a style=\"color: #0000ff;text-decoration: none\" href=\"https:\/\/drive.google.com\/file\/d\/1YsRRsF_XCWfGjEWakdYyZCdClgJG-eIv\/view?usp=sharing\">Libro S\u00e9ptimo: Derecho Internacional Privado |<br \/>\n(Versi\u00f3n: 20 de abril de 2007)<\/a><\/span><\/p>\n<\/li>\n<\/ul>\n<\/div>[\/vc_column][vc_column width=\u00bb2\/12&#8243;][\/vc_column][vc_column width=\u00bb5\/12&#8243;]<div class=\"standard-arrow list-divider bullet-top\"><ul style=\"text-align: left\">\n<li>\n<p style=\"font-size: 13px\"><span style=\"color: #0000ff\"><a style=\"color: #0000ff;text-decoration: none\" href=\"https:\/\/drive.google.com\/file\/d\/10hM1LzN0tqVWdmgWRJiQ66IfkIh4zRe_\/view?usp=sharing\">T\u00edtulo Preliminar: La ley, su eficacia y su aplicaci\u00f3n |<br \/>\n(Versi\u00f3n: 5 de marzo de 2003)<\/a><\/span><\/p>\n<\/li>\n<li>\n<p style=\"text-align: left;font-size: 13px\"><span style=\"color: #0000ff\"><a style=\"color: #0000ff;text-decoration: none\" href=\"https:\/\/drive.google.com\/file\/d\/16UDGebXYQutVUaVyv85RQDkj_pii2NR7\/view?usp=sharing\">Libro Primero: Las Relaciones Jur\u00eddicas: Personas, Bienes y Hechos y Actos Jur\u00eddicos | (Versi\u00f3n: 5 de marzo de 2003)<\/a><\/span><\/p>\n<\/li>\n<li>\n<p style=\"text-align: left;font-size: 13px\"><span style=\"color: #0000ff\"><a style=\"color: #0000ff;text-decoration: none\" href=\"https:\/\/drive.google.com\/file\/d\/1ZPGCxMgCp7zxGHaOMMjU7_4gfn056JSz\/view?usp=sharing\">Libro Segundo: Las Instituciones Familiares- Tomo I &#8211; T\u00edtulos I al V | (Versi\u00f3n: 11 de enero de 2007)<\/a><\/span><\/p>\n<\/li>\n<li>\n<p style=\"text-align: left;font-size: 13px\"><span style=\"color: #0000ff\"><a style=\"color: #0000ff;text-decoration: none\" href=\"https:\/\/drive.google.com\/file\/d\/1sIc6ctoLf6TtRr7m5wqHymY9uD92GqZ6\/view?usp=sharing\">Libro Segundo: Las Instituciones Familiares- Tomo II &#8211; T\u00edtulos VI al XII | (Versi\u00f3n: 11 de enero de 2007)<\/a><\/span><\/p>\n<\/li>\n<li>\n<p style=\"text-align: left;font-size: 13px\"><span style=\"color: #0000ff\"><a style=\"color: #0000ff;text-decoration: none\" href=\"https:\/\/drive.google.com\/file\/d\/16-RVNmbxJTre5Nyx21srJjr7BflwtYBk\/view?usp=sharing\">Libro Tercero: Derecho Reales | (Versi\u00f3n: 1 de junio de 2003)<\/a><\/span><\/p>\n<\/li>\n<li>\n<p style=\"text-align: left;font-size: 13px\"><span style=\"color: #0000ff\"><a style=\"color: #0000ff;text-decoration: none\" href=\"https:\/\/drive.google.com\/file\/d\/156_ISBEIYdCQUNa1HkVxtnVpuHyTRmxb\/view?usp=sharing\">Libro Cuarto: Derecho de Obligaciones |<br \/>\n(Versi\u00f3n: 10 de agosto de 2004)<\/a><\/span><\/p>\n<\/li>\n<li>\n<p style=\"text-align: left;font-size: 13px\"><span style=\"color: #0000ff\"><a style=\"color: #0000ff;text-decoration: none\" href=\"https:\/\/drive.google.com\/file\/d\/1zNHfjuwdaANXVB5OARqqNCSORCFtedrO\/view?usp=sharing\">Libro Quinto: Derecho de Contratos y Otras Fuentes de las Obligaciones | (Versi\u00f3n: 6 de octubre de 2004)<\/a><\/span><\/p>\n<\/li>\n<li>\n<p style=\"text-align: left;font-size: 13px\"><span style=\"color: #0000ff\"><a style=\"color: #0000ff;text-decoration: none\" href=\"https:\/\/drive.google.com\/file\/d\/1KXe5zHdblVTpVRfg_QdOBf-IcczcaMaD\/view?usp=sharing\">Libro Sexto: Derecho de Sucesiones |<br \/>\n(Versi\u00f3n: 25 de octubre de 2005)<\/a><\/span><\/p>\n<\/li>\n<li>\n<p style=\"text-align: left;font-size: 13px\"><span style=\"color: #0000ff\"><a style=\"color: #0000ff;text-decoration: none\" href=\"https:\/\/drive.google.com\/file\/d\/1ZeWdgDNbailBA8es47DjvH3iG709zPvi\/view?usp=sharing\">Libro S\u00e9ptimo: Derecho Internacional Privado |<br \/>\n(Versi\u00f3n: 20 de abril de 2007)<\/a><\/span><\/p>\n<\/li>\n<\/ul>\n<\/div>[\/vc_column][\/vc_row][vc_row][vc_column][vc_empty_space height=\u00bb20px\u00bb]<div class=\"dt-fancy-separator h4-size style-double\" style=\"width: 100%;\"><div class=\"dt-fancy-title\" style=\"color: #750148;\"><span class=\"separator-holder separator-left\" style=\"border-color: #750148;\"><\/span>Comisi\u00f3n Conjunta Permanente para la Revisi\u00f3n y Reforma del C\u00f3digo Civil de Puerto Rico<span class=\"separator-holder separator-right\" style=\"border-color: #750148;\"><\/span><\/div><\/div>[vc_empty_space height=\u00bb20px\u00bb][\/vc_column][\/vc_row][vc_row][vc_column][vc_column_text css=\u00bb.vc_custom_1654203434049{padding-top: 10px !important;padding-bottom: 10px !important;background-color: #000000 !important;}\u00bb]\n<h4 style=\"text-align: center\"><span style=\"color: #ffffff\">Informes Anuales<\/span><\/h4>\n[\/vc_column_text][vc_tta_accordion style=\u00bboutline\u00bb shape=\u00bbsquare\u00bb color=\u00bbblack\u00bb c_align=\u00bbcenter\u00bb c_icon=\u00bb\u00bb active_section=\u00bb0&#8243; css=\u00bb.vc_custom_1631223960523{margin-top: -35px !important;}\u00bb][vc_tta_section i_icon_fontawesome=\u00bbfas fa-gavel\u00bb add_icon=\u00bbtrue\u00bb title=\u00bb1998&#8243; tab_id=\u00bb1638463761080-987ff617-3d02&#8243;][vc_column_text]\n<p style=\"text-align: center\"><div class=\"su-spacer\" style=\"height:5px\"><\/div>\n<p style=\"text-align: center\"><a href=\"https:\/\/drive.google.com\/file\/d\/1BhyKrwECxRdfBmWR_YtUbCzV4m_ZF2Gw\/view?usp=sharing\" target=\"_blank\" rel=\"noopener noreferrer\">Volumen I<\/a><\/p>\n<p style=\"text-align: center\"><a href=\"https:\/\/drive.google.com\/file\/d\/10VnUpV1sN-B_SXgDe09lhnsLdlLA66c8\/view?usp=sharing\" target=\"_blank\" rel=\"noopener noreferrer\">Volumen II<\/a><\/p>\n<p style=\"text-align: center\"><div class=\"su-spacer\" style=\"height:5px\"><\/div>\n[\/vc_column_text][\/vc_tta_section][vc_tta_section i_icon_fontawesome=\u00bbfa fa-gavel\u00bb add_icon=\u00bbtrue\u00bb title=\u00bb1999&#8243; tab_id=\u00bb1638463761134-c2f87d8d-b1b7&#8243;][vc_column_text]\n<p style=\"text-align: center\"><div class=\"su-spacer\" style=\"height:5px\"><\/div>\n<p style=\"text-align: center\"><a href=\"https:\/\/drive.google.com\/file\/d\/15Wsl_s2SMV1n87qXOtEaGU6qGWZLOe5O\/view?usp=sharing\" target=\"_blank\" rel=\"noopener noreferrer\">Volumen I<\/a><\/p>\n<p style=\"text-align: center\"><a href=\"https:\/\/drive.google.com\/file\/d\/12bufpidv_DffE0C5I6ku-o3uCLLcW_Ru\/view?usp=sharing\" target=\"_blank\" rel=\"noopener noreferrer\">Volumen II<\/a><\/p>\n<p style=\"text-align: center\"><div class=\"su-spacer\" style=\"height:5px\"><\/div>\n[\/vc_column_text][\/vc_tta_section][vc_tta_section i_icon_fontawesome=\u00bbfa fa-gavel\u00bb add_icon=\u00bbtrue\u00bb title=\u00bb2002&#8243; tab_id=\u00bb1638463761190-37c6674c-c4dc\u00bb][vc_column_text]\n<p style=\"text-align: center\"><div class=\"su-spacer\" style=\"height:5px\"><\/div>\n<p style=\"text-align: center\"><a href=\"https:\/\/drive.google.com\/file\/d\/1B1uWX5S2WcDWTp9XkSdW5YPxSTfhruOA\/view?usp=sharing\" target=\"_blank\" rel=\"noopener noreferrer\">General<\/a><\/p>\n<p style=\"text-align: center\"><div class=\"su-spacer\" style=\"height:5px\"><\/div>\n[\/vc_column_text][\/vc_tta_section][vc_tta_section i_icon_fontawesome=\u00bbfa fa-gavel\u00bb add_icon=\u00bbtrue\u00bb title=\u00bb2004&#8243; tab_id=\u00bb1638463761247-ad201c8c-ba7e\u00bb][vc_column_text]\n<p style=\"text-align: center\"><div class=\"su-spacer\" style=\"height:5px\"><\/div>\n<p style=\"text-align: center\"><a href=\"https:\/\/drive.google.com\/file\/d\/14DlUJ66OcOeXYI5c71cutTDdxlbe9o8c\/view?usp=sharing\" target=\"_blank\" rel=\"noopener noreferrer\">Tomo I \u2013 Informe Narrativo y Ap\u00e9ndices<\/a><\/p>\n<p style=\"text-align: center\"><div class=\"su-spacer\" style=\"height:5px\"><\/div>\n[\/vc_column_text][\/vc_tta_section][vc_tta_section i_icon_fontawesome=\u00bbfa fa-gavel\u00bb add_icon=\u00bbtrue\u00bb title=\u00bb2005&#8243; tab_id=\u00bb1638463761322-07d5536f-2fc2&#8243;][vc_column_text]\n<p style=\"text-align: center\"><div class=\"su-spacer\" style=\"height:5px\"><\/div>\n<p style=\"text-align: center\"><a href=\"https:\/\/drive.google.com\/file\/d\/1gxd2thZrLlV9bQeky4M6ojPeh9EGrLCG\/view?usp=sharing\" target=\"_blank\" rel=\"noopener noreferrer\">Tomo I \u2013 Informe Narrativo y Ap\u00e9ndices<\/a><\/p>\n<p style=\"text-align: center\"><a href=\"https:\/\/drive.google.com\/file\/d\/1yvRV0z6HoBobjveY_oDtnFIsxX_9fybu\/view?usp=sharing\" target=\"_blank\" rel=\"noopener noreferrer\">Tomo II \u2013 Libro Cuarto: Derecho de Obligaciones<\/a><\/p>\n<p style=\"text-align: center\"><a href=\"https:\/\/drive.google.com\/file\/d\/1FMrmExFvh6djY7nax295f4SmH_Rxg5hr\/view?usp=sharing\" target=\"_blank\" rel=\"noopener noreferrer\">Tomo III \u2013 Libro Quinto: Derecho de Contratos y Otras Fuentes de las Obligaciones<\/a><\/p>\n<p style=\"text-align: center\"><a href=\"https:\/\/drive.google.com\/file\/d\/1x-ds99FtFpEqZkk0X_Mk0UCF5nbCxP-G\/view?usp=sharing\" target=\"_blank\" rel=\"noopener noreferrer\">Tomo IV \u2013 Libro Sexto: Derecho de Sucesiones<\/a><\/p>\n<p style=\"text-align: center\"><div class=\"su-spacer\" style=\"height:5px\"><\/div>\n[\/vc_column_text][\/vc_tta_section][vc_tta_section i_icon_fontawesome=\u00bbfa fa-gavel\u00bb add_icon=\u00bbtrue\u00bb title=\u00bb2006&#8243; tab_id=\u00bb1638463761388-3b774049-8d7c\u00bb][vc_column_text]\n<p style=\"text-align: center\"><div class=\"su-spacer\" style=\"height:5px\"><\/div>\n<p style=\"text-align: center\"><a href=\"https:\/\/drive.google.com\/file\/d\/1xtYIEJ5ENa1BdjuSI4XqjpVTXFQhLK55\/view?usp=sharing\" target=\"_blank\" rel=\"noopener noreferrer\">Informe Narrativo y Ap\u00e9ndices<\/a><\/p>\n<p style=\"text-align: center\"><div class=\"su-spacer\" style=\"height:5px\"><\/div>\n[\/vc_column_text][\/vc_tta_section][\/vc_tta_accordion][\/vc_column][\/vc_row][vc_row][vc_column][vc_empty_space height=\u00bb20px\u00bb]<div class=\"dt-fancy-separator h4-size style-double\" style=\"width: 100%;\"><div class=\"dt-fancy-title\" style=\"color: #750148;\"><span class=\"separator-holder separator-left\" style=\"border-color: #750148;\"><\/span>C\u00f3digos Civiles Extranjeros<span class=\"separator-holder separator-right\" style=\"border-color: #750148;\"><\/span><\/div><\/div>[vc_empty_space height=\u00bb20px\u00bb][\/vc_column][\/vc_row][vc_row][vc_column][vc_tta_accordion style=\u00bboutline\u00bb shape=\u00bbround\u00bb color=\u00bbmulled-wine\u00bb gap=\u00bb4&#8243; c_align=\u00bbcenter\u00bb c_icon=\u00bb\u00bb active_section=\u00bb0&#8243;][vc_tta_section title=\u00bbAm\u00e9rica del Norte\u00bb tab_id=\u00bb1638454346427-67315967-e51b\u00bb][vc_row_inner][vc_column_inner width=\u00bb1\/4&#8243;][\/vc_column_inner][vc_column_inner width=\u00bb1\/4&#8243;][vc_empty_space height=\u00bb20px\u00bb][vc_btn title=\u00bbQu\u00e9bec\u00bb style=\u00bbcustom\u00bb custom_background=\u00bb#750148&#8243; custom_text=\u00bb#ffffff\u00bb size=\u00bblg\u00bb align=\u00bbcenter\u00bb link=\u00bburl:https%3A%2F%2Fdrive.google.com%2Ffile%2Fd%2F1un9CmZN86kCFBkrSofByS2orS4AKvEtV%2Fview%3Fusp%3Dsharing|target:_blank\u00bb][vc_column_text]\n<p style=\"text-align: center\"><a style=\"color: black;text-decoration: none\" href=\"https:\/\/drive.google.com\/file\/d\/1un9CmZN86kCFBkrSofByS2orS4AKvEtV\/view?usp=sharing\" target=\"_blank\" rel=\"noopener noreferrer\">\u00daltima versi\u00f3n:<\/a><\/p>\n<p style=\"text-align: center\"><a style=\"color: black\" href=\"https:\/\/drive.google.com\/file\/d\/1un9CmZN86kCFBkrSofByS2orS4AKvEtV\/view?usp=sharing\" target=\"_blank\" rel=\"noopener noreferrer\"><span style=\"color: #750148\">21-julio-2021<\/span><\/a><\/p>\n[\/vc_column_text][\/vc_column_inner][vc_column_inner width=\u00bb1\/4&#8243;][vc_empty_space height=\u00bb20px\u00bb][vc_btn title=\u00bbM\u00e9xico\u00bb style=\u00bbcustom\u00bb custom_background=\u00bb#750148&#8243; custom_text=\u00bb#ffffff\u00bb size=\u00bblg\u00bb align=\u00bbcenter\u00bb link=\u00bburl:https%3A%2F%2Fdrive.google.com%2Ffile%2Fd%2F1qxC_IVNaOy77LrFUulwXuz6cYcn_pTm2%2Fview%3Fusp%3Dsharing|target:_blank\u00bb][vc_column_text]\n<p style=\"text-align: center\"><a style=\"color: black;text-decoration: none\" href=\"https:\/\/drive.google.com\/file\/d\/1qxC_IVNaOy77LrFUulwXuz6cYcn_pTm2\/view?usp=sharing\" target=\"_blank\" rel=\"noopener noreferrer\">\u00daltima versi\u00f3n:<\/a><\/p>\n<p style=\"text-align: center\"><a style=\"color: black\" href=\"https:\/\/drive.google.com\/file\/d\/1qxC_IVNaOy77LrFUulwXuz6cYcn_pTm2\/view?usp=sharing\" target=\"_blank\" rel=\"noopener noreferrer\"><span style=\"color: #750148\">11-enero-2021<\/span><\/a><\/p>\n[\/vc_column_text][\/vc_column_inner][vc_column_inner width=\u00bb1\/4&#8243;][\/vc_column_inner][\/vc_row_inner][\/vc_tta_section][vc_tta_section title=\u00bbAm\u00e9rica del Sur\u00bb tab_id=\u00bb1638454346809-a5737524-34af\u00bb][vc_row_inner][vc_column_inner width=\u00bb4\/12&#8243;][vc_empty_space height=\u00bb20px\u00bb][vc_btn title=\u00bbArgentina\u00bb style=\u00bbcustom\u00bb custom_background=\u00bb#750148&#8243; custom_text=\u00bb#ffffff\u00bb size=\u00bblg\u00bb align=\u00bbcenter\u00bb link=\u00bburl:https%3A%2F%2Fdrive.google.com%2Ffile%2Fd%2F1RtEiAdWZlnm0N3GMBuHIFE7F9PyfY9gR%2Fview%3Fusp%3Dsharing|target:_blank\u00bb][vc_column_text]\n<p style=\"text-align: center\"><a style=\"color: black;text-decoration: none\" href=\"https:\/\/drive.google.com\/file\/d\/1RtEiAdWZlnm0N3GMBuHIFE7F9PyfY9gR\/view?usp=sharing\" target=\"_blank\" rel=\"noopener noreferrer\">\u00daltima versi\u00f3n:<\/a><\/p>\n<p style=\"text-align: center\"><a style=\"color: black\" href=\"https:\/\/drive.google.com\/file\/d\/1RtEiAdWZlnm0N3GMBuHIFE7F9PyfY9gR\/view?usp=sharing\" target=\"_blank\" rel=\"noopener noreferrer\"><span style=\"color: #750148\">8-octubre-2014<\/span><\/a><\/p>\n[\/vc_column_text][\/vc_column_inner][vc_column_inner width=\u00bb4\/12&#8243;][vc_empty_space height=\u00bb20px\u00bb][vc_btn title=\u00bbChile\u00bb style=\u00bbcustom\u00bb custom_background=\u00bb#750148&#8243; custom_text=\u00bb#ffffff\u00bb size=\u00bblg\u00bb align=\u00bbcenter\u00bb link=\u00bburl:https%3A%2F%2Fdrive.google.com%2Ffile%2Fd%2F1YPTMq5BU8sgu_uxv5tAVE1WZuTr9GZY3%2Fview%3Fusp%3Dsharing|target:_blank\u00bb][vc_column_text]\n<p style=\"text-align: center\"><a style=\"color: black;text-decoration: none\" href=\"https:\/\/drive.google.com\/file\/d\/1YPTMq5BU8sgu_uxv5tAVE1WZuTr9GZY3\/view?usp=sharing\" target=\"_blank\" rel=\"noopener noreferrer\">\u00daltima versi\u00f3n:<\/a><\/p>\n<p style=\"text-align: center\"><a style=\"color: black\" href=\"https:\/\/drive.google.com\/file\/d\/1YPTMq5BU8sgu_uxv5tAVE1WZuTr9GZY3\/view?usp=sharing\" target=\"_blank\" rel=\"noopener noreferrer\"><span style=\"color: #750148\">11-septiembre-2020<\/span><\/a><\/p>\n[\/vc_column_text][\/vc_column_inner][vc_column_inner width=\u00bb4\/12&#8243;][vc_empty_space height=\u00bb20px\u00bb][vc_btn title=\u00bbUruguay\u00bb style=\u00bbcustom\u00bb custom_background=\u00bb#750148&#8243; custom_text=\u00bb#ffffff\u00bb size=\u00bblg\u00bb align=\u00bbcenter\u00bb link=\u00bburl:https%3A%2F%2Fdrive.google.com%2Ffile%2Fd%2F1JncEr2XiAPpEyUJVR4f5Gp2PoahgWRqg%2Fview%3Fusp%3Dsharing|target:_blank\u00bb][vc_column_text]\n<p style=\"text-align: center\"><a style=\"color: black;text-decoration: none\" href=\"https:\/\/drive.google.com\/file\/d\/1JncEr2XiAPpEyUJVR4f5Gp2PoahgWRqg\/view?usp=sharing\" target=\"_blank\" rel=\"noopener noreferrer\">\u00daltima versi\u00f3n:<\/a><\/p>\n<p style=\"text-align: center\"><a style=\"color: black\" href=\"https:\/\/drive.google.com\/file\/d\/1JncEr2XiAPpEyUJVR4f5Gp2PoahgWRqg\/view?usp=sharing\" target=\"_blank\" rel=\"noopener noreferrer\"><span style=\"color: #750148\">26-febrero-2010<\/span><\/a><\/p>\n[\/vc_column_text][\/vc_column_inner][\/vc_row_inner][\/vc_tta_section][vc_tta_section title=\u00bbCaribe\u00bb tab_id=\u00bb1638454347305-806b7ff0-6905&#8243;][vc_row_inner][vc_column_inner width=\u00bb1\/3&#8243;][\/vc_column_inner][vc_column_inner width=\u00bb1\/3&#8243;][vc_empty_space height=\u00bb20px\u00bb][vc_btn title=\u00bbRep\u00fablica Dominicana\u00bb style=\u00bbcustom\u00bb custom_background=\u00bb#750148&#8243; custom_text=\u00bb#ffffff\u00bb size=\u00bblg\u00bb align=\u00bbcenter\u00bb link=\u00bburl:https%3A%2F%2Fdrive.google.com%2Ffile%2Fd%2F1VBnE99JSiJG9D1eBxUin4Yyx6nYRaTXJ%2Fview%3Fusp%3Dsharing|target:_blank\u00bb][vc_column_text]\n<p style=\"text-align: center\"><a style=\"color: black;text-decoration: none\" href=\"https:\/\/drive.google.com\/file\/d\/192mOWWBvI5qbk3yx6zJ1koxo5F6grldG\/view?usp=sharing\" target=\"_blank\" rel=\"noopener noreferrer\">\u00daltima versi\u00f3n:<\/a><\/p>\n<p style=\"text-align: center\"><a style=\"color: black\" href=\"https:\/\/drive.google.com\/file\/d\/1VBnE99JSiJG9D1eBxUin4Yyx6nYRaTXJ\/view?usp=sharing\" target=\"_blank\" rel=\"noopener noreferrer\"><span style=\"color: #750148\">Agosto 2007<\/span><\/a><\/p>\n[\/vc_column_text][\/vc_column_inner][vc_column_inner width=\u00bb1\/3&#8243;][\/vc_column_inner][\/vc_row_inner][\/vc_tta_section][vc_tta_section title=\u00bbEuropa\u00bb tab_id=\u00bb1638454347582-c9f17190-8acd\u00bb][vc_row_inner][vc_column_inner width=\u00bb1\/4&#8243;][vc_empty_space height=\u00bb20px\u00bb][vc_btn title=\u00bbEspa\u00f1a\u00bb style=\u00bbcustom\u00bb custom_background=\u00bb#750148&#8243; custom_text=\u00bb#ffffff\u00bb size=\u00bblg\u00bb align=\u00bbcenter\u00bb link=\u00bburl:https%3A%2F%2Fdrive.google.com%2Ffile%2Fd%2F192mOWWBvI5qbk3yx6zJ1koxo5F6grldG%2Fview%3Fusp%3Dsharing|target:_blank\u00bb][vc_column_text]\n<p style=\"text-align: center\"><a style=\"color: black;text-decoration: none\" href=\"https:\/\/drive.google.com\/file\/d\/192mOWWBvI5qbk3yx6zJ1koxo5F6grldG\/view?usp=sharing\" target=\"_blank\" rel=\"noopener noreferrer\">\u00daltima versi\u00f3n:<\/a><\/p>\n<p style=\"text-align: center\"><a style=\"color: black\" href=\"https:\/\/drive.google.com\/file\/d\/192mOWWBvI5qbk3yx6zJ1koxo5F6grldG\/view?usp=sharing\" target=\"_blank\" rel=\"noopener noreferrer\"><span style=\"color: #750148\">5-junio-2021<\/span><\/a><\/p>\n[\/vc_column_text][\/vc_column_inner][vc_column_inner width=\u00bb1\/4&#8243;][vc_empty_space height=\u00bb20px\u00bb][vc_btn title=\u00bbFrancia\u00bb style=\u00bbcustom\u00bb custom_background=\u00bb#750148&#8243; custom_text=\u00bb#ffffff\u00bb size=\u00bblg\u00bb align=\u00bbcenter\u00bb link=\u00bburl:https%3A%2F%2Fdrive.google.com%2Ffile%2Fd%2F1h9l5wFvvB7aaxBAEq2mscCbQFNRe6gGg%2Fview%3Fusp%3Dsharing|target:_blank\u00bb][vc_column_text]\n<p style=\"text-align: center\"><a style=\"color: black;text-decoration: none\" href=\"https:\/\/drive.google.com\/file\/d\/192mOWWBvI5qbk3yx6zJ1koxo5F6grldG\/view?usp=sharing\" target=\"_blank\" rel=\"noopener noreferrer\">\u00daltima versi\u00f3n:<\/a><\/p>\n<p style=\"text-align: center\"><a style=\"color: black\" href=\"https:\/\/drive.google.com\/file\/d\/1h9l5wFvvB7aaxBAEq2mscCbQFNRe6gGg\/view?usp=sharing\" target=\"_blank\" rel=\"noopener noreferrer\"><span style=\"color: #750148\">17-septiembre-2021<\/span><\/a><\/p>\n[\/vc_column_text][\/vc_column_inner][vc_column_inner width=\u00bb1\/4&#8243;][vc_empty_space height=\u00bb20px\u00bb][vc_btn title=\u00bbPortugal\u00bb style=\u00bbcustom\u00bb custom_background=\u00bb#750148&#8243; custom_text=\u00bb#ffffff\u00bb size=\u00bblg\u00bb align=\u00bbcenter\u00bb link=\u00bburl:https%3A%2F%2Fdrive.google.com%2Ffile%2Fd%2F1ZQLDquH0-RxjjZk8l6blG4YTwf7-r0WA%2Fview%3Fusp%3Dsharing|target:_blank\u00bb][vc_column_text]\n<p style=\"text-align: center\"><a style=\"color: black;text-decoration: none\" href=\"https:\/\/drive.google.com\/file\/d\/192mOWWBvI5qbk3yx6zJ1koxo5F6grldG\/view?usp=sharing\" target=\"_blank\" rel=\"noopener noreferrer\">\u00daltima versi\u00f3n:<\/a><\/p>\n<p style=\"text-align: center\"><a style=\"color: black\" href=\"https:\/\/drive.google.com\/file\/d\/1ZQLDquH0-RxjjZk8l6blG4YTwf7-r0WA\/view?usp=sharing\" target=\"_blank\" rel=\"noopener noreferrer\"><span style=\"color: #750148\">4-noviembre-2020<\/span><\/a><\/p>\n[\/vc_column_text][\/vc_column_inner][vc_column_inner width=\u00bb1\/4&#8243;][vc_empty_space height=\u00bb20px\u00bb][vc_btn title=\u00bbSuiza\u00bb style=\u00bbcustom\u00bb custom_background=\u00bb#750148&#8243; custom_text=\u00bb#ffffff\u00bb size=\u00bblg\u00bb align=\u00bbcenter\u00bb link=\u00bburl:https%3A%2F%2Fdrive.google.com%2Ffile%2Fd%2F1QWqOZdvz1GG1xSaq6gSZ-cMsrkr6_W2L%2Fview%3Fusp%3Dsharing|target:_blank\u00bb][vc_column_text]\n<p style=\"text-align: center\"><a style=\"color: black;text-decoration: none\" href=\"https:\/\/drive.google.com\/file\/d\/192mOWWBvI5qbk3yx6zJ1koxo5F6grldG\/view?usp=sharing\" target=\"_blank\" rel=\"noopener noreferrer\">\u00daltima versi\u00f3n:<\/a><\/p>\n<p style=\"text-align: center\"><a style=\"color: black\" href=\"https:\/\/drive.google.com\/file\/d\/1QWqOZdvz1GG1xSaq6gSZ-cMsrkr6_W2L\/view?usp=sharing\" target=\"_blank\" rel=\"noopener noreferrer\"><span style=\"color: #750148\">1-enero-2021<\/span><\/a><\/p>\n[\/vc_column_text][\/vc_column_inner][\/vc_row_inner][\/vc_tta_section][\/vc_tta_accordion][\/vc_column][\/vc_row][vc_row][vc_column][vc_empty_space height=\u00bb20px\u00bb]<div class=\"dt-fancy-separator h4-size style-double accent-border-color\" style=\"width: 100%;\"><div class=\"dt-fancy-title\" style=\"color: #750148;\"><span class=\"separator-holder separator-left\"><\/span>Recursos Disponibles en la Biblioteca<span class=\"separator-holder separator-right\"><\/span><\/div><\/div>[vc_column_text]<div class=\"su-spacer\" style=\"height:10px\"><\/div><div class=\"su-image-carousel  su-image-carousel-columns-4 su-image-carousel-has-spacing su-image-carousel-has-outline su-image-carousel-adaptive su-image-carousel-slides-style-default su-image-carousel-controls-style-light su-image-carousel-align-medium\" style=\"\" data-flickity-options='{\"groupCells\":true,\"cellSelector\":\".su-image-carousel-item\",\"adaptiveHeight\":true,\"cellAlign\":\"left\",\"prevNextButtons\":true,\"pageDots\":false,\"autoPlay\":false,\"imagesLoaded\":true,\"contain\":false,\"selectedAttraction\":0.0070000000000000001,\"friction\":0.25}' id=\"su_image_carousel_6a9d6e61c3d83\"><div class=\"su-image-carousel-item\"><div class=\"su-image-carousel-item-content\"><img loading=\"lazy\" decoding=\"async\" width=\"1434\" height=\"1938\" src=\"https:\/\/www.upr.edu\/biblioteca-dupr\/wp-content\/uploads\/sites\/77\/2021\/08\/bd_derecho_recurso_codigo_civl_puerto_rico_dos_tiempos_1930_2020.jpg\" class=\"\" alt=\"Libro sobre el C\u00f3digo Civil de Puerto Rico\" srcset=\"https:\/\/www.upr.edu\/biblioteca-dupr\/wp-content\/uploads\/sites\/77\/2021\/08\/bd_derecho_recurso_codigo_civl_puerto_rico_dos_tiempos_1930_2020.jpg 1434w, https:\/\/www.upr.edu\/biblioteca-dupr\/wp-content\/uploads\/sites\/77\/2021\/08\/bd_derecho_recurso_codigo_civl_puerto_rico_dos_tiempos_1930_2020-222x300.jpg 222w, https:\/\/www.upr.edu\/biblioteca-dupr\/wp-content\/uploads\/sites\/77\/2021\/08\/bd_derecho_recurso_codigo_civl_puerto_rico_dos_tiempos_1930_2020-758x1024.jpg 758w, https:\/\/www.upr.edu\/biblioteca-dupr\/wp-content\/uploads\/sites\/77\/2021\/08\/bd_derecho_recurso_codigo_civl_puerto_rico_dos_tiempos_1930_2020-768x1038.jpg 768w, https:\/\/www.upr.edu\/biblioteca-dupr\/wp-content\/uploads\/sites\/77\/2021\/08\/bd_derecho_recurso_codigo_civl_puerto_rico_dos_tiempos_1930_2020-1137x1536.jpg 1137w\" sizes=\"auto, (max-width: 1434px) 100vw, 1434px\" \/><\/div><\/div><div class=\"su-image-carousel-item\"><div class=\"su-image-carousel-item-content\"><img loading=\"lazy\" decoding=\"async\" width=\"1434\" height=\"1938\" src=\"https:\/\/www.upr.edu\/biblioteca-dupr\/wp-content\/uploads\/sites\/77\/2021\/08\/bd_derecho_recurso_codigo_civl_puerto_rico_edicion_2020_histotorial_legislativo_tomo_I.jpg\" class=\"\" alt=\"Libro sobre el C\u00f3digo Civil de Puerto Rico\" srcset=\"https:\/\/www.upr.edu\/biblioteca-dupr\/wp-content\/uploads\/sites\/77\/2021\/08\/bd_derecho_recurso_codigo_civl_puerto_rico_edicion_2020_histotorial_legislativo_tomo_I.jpg 1434w, https:\/\/www.upr.edu\/biblioteca-dupr\/wp-content\/uploads\/sites\/77\/2021\/08\/bd_derecho_recurso_codigo_civl_puerto_rico_edicion_2020_histotorial_legislativo_tomo_I-222x300.jpg 222w, https:\/\/www.upr.edu\/biblioteca-dupr\/wp-content\/uploads\/sites\/77\/2021\/08\/bd_derecho_recurso_codigo_civl_puerto_rico_edicion_2020_histotorial_legislativo_tomo_I-758x1024.jpg 758w, https:\/\/www.upr.edu\/biblioteca-dupr\/wp-content\/uploads\/sites\/77\/2021\/08\/bd_derecho_recurso_codigo_civl_puerto_rico_edicion_2020_histotorial_legislativo_tomo_I-768x1038.jpg 768w, https:\/\/www.upr.edu\/biblioteca-dupr\/wp-content\/uploads\/sites\/77\/2021\/08\/bd_derecho_recurso_codigo_civl_puerto_rico_edicion_2020_histotorial_legislativo_tomo_I-1137x1536.jpg 1137w\" sizes=\"auto, (max-width: 1434px) 100vw, 1434px\" \/><\/div><\/div><div class=\"su-image-carousel-item\"><div class=\"su-image-carousel-item-content\"><img loading=\"lazy\" decoding=\"async\" width=\"1434\" height=\"1938\" src=\"https:\/\/www.upr.edu\/biblioteca-dupr\/wp-content\/uploads\/sites\/77\/2021\/08\/bd_derecho_recurso_codigo_civl_puerto_rico_edicion_2020_histotorial_legislativo_tomo_II.jpg\" class=\"\" alt=\"Libro sobre el C\u00f3digo Civil de Puerto Rico\" srcset=\"https:\/\/www.upr.edu\/biblioteca-dupr\/wp-content\/uploads\/sites\/77\/2021\/08\/bd_derecho_recurso_codigo_civl_puerto_rico_edicion_2020_histotorial_legislativo_tomo_II.jpg 1434w, https:\/\/www.upr.edu\/biblioteca-dupr\/wp-content\/uploads\/sites\/77\/2021\/08\/bd_derecho_recurso_codigo_civl_puerto_rico_edicion_2020_histotorial_legislativo_tomo_II-222x300.jpg 222w, https:\/\/www.upr.edu\/biblioteca-dupr\/wp-content\/uploads\/sites\/77\/2021\/08\/bd_derecho_recurso_codigo_civl_puerto_rico_edicion_2020_histotorial_legislativo_tomo_II-758x1024.jpg 758w, https:\/\/www.upr.edu\/biblioteca-dupr\/wp-content\/uploads\/sites\/77\/2021\/08\/bd_derecho_recurso_codigo_civl_puerto_rico_edicion_2020_histotorial_legislativo_tomo_II-768x1038.jpg 768w, https:\/\/www.upr.edu\/biblioteca-dupr\/wp-content\/uploads\/sites\/77\/2021\/08\/bd_derecho_recurso_codigo_civl_puerto_rico_edicion_2020_histotorial_legislativo_tomo_II-1137x1536.jpg 1137w\" sizes=\"auto, (max-width: 1434px) 100vw, 1434px\" \/><\/div><\/div><div class=\"su-image-carousel-item\"><div class=\"su-image-carousel-item-content\"><img loading=\"lazy\" decoding=\"async\" width=\"1434\" height=\"1938\" src=\"https:\/\/www.upr.edu\/biblioteca-dupr\/wp-content\/uploads\/sites\/77\/2021\/08\/bd_derecho_recurso_codigo_civl_puerto_rico_edicion_2021_basado_lpra.jpg\" class=\"\" alt=\"Libro sobre el C\u00f3digo Civil de Puerto Rico\" srcset=\"https:\/\/www.upr.edu\/biblioteca-dupr\/wp-content\/uploads\/sites\/77\/2021\/08\/bd_derecho_recurso_codigo_civl_puerto_rico_edicion_2021_basado_lpra.jpg 1434w, https:\/\/www.upr.edu\/biblioteca-dupr\/wp-content\/uploads\/sites\/77\/2021\/08\/bd_derecho_recurso_codigo_civl_puerto_rico_edicion_2021_basado_lpra-222x300.jpg 222w, https:\/\/www.upr.edu\/biblioteca-dupr\/wp-content\/uploads\/sites\/77\/2021\/08\/bd_derecho_recurso_codigo_civl_puerto_rico_edicion_2021_basado_lpra-758x1024.jpg 758w, https:\/\/www.upr.edu\/biblioteca-dupr\/wp-content\/uploads\/sites\/77\/2021\/08\/bd_derecho_recurso_codigo_civl_puerto_rico_edicion_2021_basado_lpra-768x1038.jpg 768w, https:\/\/www.upr.edu\/biblioteca-dupr\/wp-content\/uploads\/sites\/77\/2021\/08\/bd_derecho_recurso_codigo_civl_puerto_rico_edicion_2021_basado_lpra-1137x1536.jpg 1137w\" sizes=\"auto, (max-width: 1434px) 100vw, 1434px\" \/><\/div><\/div><div class=\"su-image-carousel-item\"><div class=\"su-image-carousel-item-content\"><img loading=\"lazy\" decoding=\"async\" width=\"1434\" height=\"1938\" src=\"https:\/\/www.upr.edu\/biblioteca-dupr\/wp-content\/uploads\/sites\/77\/2021\/08\/bd_derecho_recurso_codigo_civl_tomo_I_parte_general.jpg\" class=\"\" alt=\"Libro sobre el C\u00f3digo Civil de Puerto Rico\" srcset=\"https:\/\/www.upr.edu\/biblioteca-dupr\/wp-content\/uploads\/sites\/77\/2021\/08\/bd_derecho_recurso_codigo_civl_tomo_I_parte_general.jpg 1434w, https:\/\/www.upr.edu\/biblioteca-dupr\/wp-content\/uploads\/sites\/77\/2021\/08\/bd_derecho_recurso_codigo_civl_tomo_I_parte_general-222x300.jpg 222w, https:\/\/www.upr.edu\/biblioteca-dupr\/wp-content\/uploads\/sites\/77\/2021\/08\/bd_derecho_recurso_codigo_civl_tomo_I_parte_general-758x1024.jpg 758w, https:\/\/www.upr.edu\/biblioteca-dupr\/wp-content\/uploads\/sites\/77\/2021\/08\/bd_derecho_recurso_codigo_civl_tomo_I_parte_general-768x1038.jpg 768w, https:\/\/www.upr.edu\/biblioteca-dupr\/wp-content\/uploads\/sites\/77\/2021\/08\/bd_derecho_recurso_codigo_civl_tomo_I_parte_general-1137x1536.jpg 1137w\" sizes=\"auto, (max-width: 1434px) 100vw, 1434px\" \/><\/div><\/div><div class=\"su-image-carousel-item\"><div class=\"su-image-carousel-item-content\"><img loading=\"lazy\" decoding=\"async\" width=\"1434\" height=\"1938\" src=\"https:\/\/www.upr.edu\/biblioteca-dupr\/wp-content\/uploads\/sites\/77\/2021\/08\/bd_derecho_recurso_codigo_civl_tomo_II_las_instituciones_familiares.jpg\" class=\"\" alt=\"Libro sobre el C\u00f3digo Civil de Puerto Rico\" srcset=\"https:\/\/www.upr.edu\/biblioteca-dupr\/wp-content\/uploads\/sites\/77\/2021\/08\/bd_derecho_recurso_codigo_civl_tomo_II_las_instituciones_familiares.jpg 1434w, https:\/\/www.upr.edu\/biblioteca-dupr\/wp-content\/uploads\/sites\/77\/2021\/08\/bd_derecho_recurso_codigo_civl_tomo_II_las_instituciones_familiares-222x300.jpg 222w, https:\/\/www.upr.edu\/biblioteca-dupr\/wp-content\/uploads\/sites\/77\/2021\/08\/bd_derecho_recurso_codigo_civl_tomo_II_las_instituciones_familiares-758x1024.jpg 758w, https:\/\/www.upr.edu\/biblioteca-dupr\/wp-content\/uploads\/sites\/77\/2021\/08\/bd_derecho_recurso_codigo_civl_tomo_II_las_instituciones_familiares-768x1038.jpg 768w, https:\/\/www.upr.edu\/biblioteca-dupr\/wp-content\/uploads\/sites\/77\/2021\/08\/bd_derecho_recurso_codigo_civl_tomo_II_las_instituciones_familiares-1137x1536.jpg 1137w\" sizes=\"auto, (max-width: 1434px) 100vw, 1434px\" \/><\/div><\/div><div class=\"su-image-carousel-item\"><div class=\"su-image-carousel-item-content\"><img loading=\"lazy\" decoding=\"async\" width=\"1434\" height=\"1938\" src=\"https:\/\/www.upr.edu\/biblioteca-dupr\/wp-content\/uploads\/sites\/77\/2021\/08\/bd_derecho_recurso_codigo_civl_tomo_III_derechos_reales.jpg\" class=\"\" alt=\"Libro sobre el C\u00f3digo Civil de Puerto Rico\" srcset=\"https:\/\/www.upr.edu\/biblioteca-dupr\/wp-content\/uploads\/sites\/77\/2021\/08\/bd_derecho_recurso_codigo_civl_tomo_III_derechos_reales.jpg 1434w, https:\/\/www.upr.edu\/biblioteca-dupr\/wp-content\/uploads\/sites\/77\/2021\/08\/bd_derecho_recurso_codigo_civl_tomo_III_derechos_reales-222x300.jpg 222w, https:\/\/www.upr.edu\/biblioteca-dupr\/wp-content\/uploads\/sites\/77\/2021\/08\/bd_derecho_recurso_codigo_civl_tomo_III_derechos_reales-758x1024.jpg 758w, https:\/\/www.upr.edu\/biblioteca-dupr\/wp-content\/uploads\/sites\/77\/2021\/08\/bd_derecho_recurso_codigo_civl_tomo_III_derechos_reales-768x1038.jpg 768w, https:\/\/www.upr.edu\/biblioteca-dupr\/wp-content\/uploads\/sites\/77\/2021\/08\/bd_derecho_recurso_codigo_civl_tomo_III_derechos_reales-1137x1536.jpg 1137w\" sizes=\"auto, (max-width: 1434px) 100vw, 1434px\" \/><\/div><\/div><div class=\"su-image-carousel-item\"><div class=\"su-image-carousel-item-content\"><img loading=\"lazy\" decoding=\"async\" width=\"1434\" height=\"1938\" src=\"https:\/\/www.upr.edu\/biblioteca-dupr\/wp-content\/uploads\/sites\/77\/2021\/08\/bd_derecho_recurso_codigo_civl_tomo_IV_obligaciones_contratos.jpg\" class=\"\" alt=\"Libro sobre el C\u00f3digo Civil de Puerto Rico\" srcset=\"https:\/\/www.upr.edu\/biblioteca-dupr\/wp-content\/uploads\/sites\/77\/2021\/08\/bd_derecho_recurso_codigo_civl_tomo_IV_obligaciones_contratos.jpg 1434w, https:\/\/www.upr.edu\/biblioteca-dupr\/wp-content\/uploads\/sites\/77\/2021\/08\/bd_derecho_recurso_codigo_civl_tomo_IV_obligaciones_contratos-222x300.jpg 222w, https:\/\/www.upr.edu\/biblioteca-dupr\/wp-content\/uploads\/sites\/77\/2021\/08\/bd_derecho_recurso_codigo_civl_tomo_IV_obligaciones_contratos-758x1024.jpg 758w, https:\/\/www.upr.edu\/biblioteca-dupr\/wp-content\/uploads\/sites\/77\/2021\/08\/bd_derecho_recurso_codigo_civl_tomo_IV_obligaciones_contratos-768x1038.jpg 768w, https:\/\/www.upr.edu\/biblioteca-dupr\/wp-content\/uploads\/sites\/77\/2021\/08\/bd_derecho_recurso_codigo_civl_tomo_IV_obligaciones_contratos-1137x1536.jpg 1137w\" sizes=\"auto, (max-width: 1434px) 100vw, 1434px\" \/><\/div><\/div><div class=\"su-image-carousel-item\"><div class=\"su-image-carousel-item-content\"><img loading=\"lazy\" decoding=\"async\" width=\"1434\" height=\"1938\" src=\"https:\/\/www.upr.edu\/biblioteca-dupr\/wp-content\/uploads\/sites\/77\/2021\/08\/bd_derecho_recurso_codigo_civl_tomo_V_sucesiones.jpg\" class=\"\" alt=\"Libro sobre el C\u00f3digo Civil de Puerto Rico\" srcset=\"https:\/\/www.upr.edu\/biblioteca-dupr\/wp-content\/uploads\/sites\/77\/2021\/08\/bd_derecho_recurso_codigo_civl_tomo_V_sucesiones.jpg 1434w, https:\/\/www.upr.edu\/biblioteca-dupr\/wp-content\/uploads\/sites\/77\/2021\/08\/bd_derecho_recurso_codigo_civl_tomo_V_sucesiones-222x300.jpg 222w, https:\/\/www.upr.edu\/biblioteca-dupr\/wp-content\/uploads\/sites\/77\/2021\/08\/bd_derecho_recurso_codigo_civl_tomo_V_sucesiones-758x1024.jpg 758w, https:\/\/www.upr.edu\/biblioteca-dupr\/wp-content\/uploads\/sites\/77\/2021\/08\/bd_derecho_recurso_codigo_civl_tomo_V_sucesiones-768x1038.jpg 768w, https:\/\/www.upr.edu\/biblioteca-dupr\/wp-content\/uploads\/sites\/77\/2021\/08\/bd_derecho_recurso_codigo_civl_tomo_V_sucesiones-1137x1536.jpg 1137w\" sizes=\"auto, (max-width: 1434px) 100vw, 1434px\" \/><\/div><\/div><div class=\"su-image-carousel-item\"><div class=\"su-image-carousel-item-content\"><img loading=\"lazy\" decoding=\"async\" width=\"1434\" height=\"1938\" src=\"https:\/\/www.upr.edu\/biblioteca-dupr\/wp-content\/uploads\/sites\/77\/2021\/08\/bd_derecho_recurso_el_codigo_civl_puerto_rico_2020_primeras_impresiones.jpg\" class=\"\" alt=\"Libro sobre el C\u00f3digo Civil de Puerto Rico\" srcset=\"https:\/\/www.upr.edu\/biblioteca-dupr\/wp-content\/uploads\/sites\/77\/2021\/08\/bd_derecho_recurso_el_codigo_civl_puerto_rico_2020_primeras_impresiones.jpg 1434w, https:\/\/www.upr.edu\/biblioteca-dupr\/wp-content\/uploads\/sites\/77\/2021\/08\/bd_derecho_recurso_el_codigo_civl_puerto_rico_2020_primeras_impresiones-222x300.jpg 222w, https:\/\/www.upr.edu\/biblioteca-dupr\/wp-content\/uploads\/sites\/77\/2021\/08\/bd_derecho_recurso_el_codigo_civl_puerto_rico_2020_primeras_impresiones-758x1024.jpg 758w, https:\/\/www.upr.edu\/biblioteca-dupr\/wp-content\/uploads\/sites\/77\/2021\/08\/bd_derecho_recurso_el_codigo_civl_puerto_rico_2020_primeras_impresiones-768x1038.jpg 768w, https:\/\/www.upr.edu\/biblioteca-dupr\/wp-content\/uploads\/sites\/77\/2021\/08\/bd_derecho_recurso_el_codigo_civl_puerto_rico_2020_primeras_impresiones-1137x1536.jpg 1137w\" sizes=\"auto, (max-width: 1434px) 100vw, 1434px\" \/><\/div><\/div><\/div><script id=\"su_image_carousel_6a9d6e61c3d83_script\">if(window.SUImageCarousel){setTimeout(function() {window.SUImageCarousel.initGallery(document.getElementById(\"su_image_carousel_6a9d6e61c3d83\"))}, 0);}var su_image_carousel_6a9d6e61c3d83_script=document.getElementById(\"su_image_carousel_6a9d6e61c3d83_script\");if(su_image_carousel_6a9d6e61c3d83_script){su_image_carousel_6a9d6e61c3d83_script.parentNode.removeChild(su_image_carousel_6a9d6e61c3d83_script);}<\/script>[\/vc_column_text][\/vc_column][\/vc_row]\n<\/div>","protected":false},"excerpt":{"rendered":"<p>[vc_row][vc_column width=\u00bb4\/6&#8243; css=\u00bb.vc_custom_1482521660998{margin-bottom: 20px !important;}\u00bb][vc_custom_heading text=\u00bbC\u00f3digo Civil de Puerto Rico\u00bb font_container=\u00bbtag:h2|font_size:51|text_align:left|color:%23750148&#8243;][\/vc_column][vc_column width=\u00bb2\/6&#8243;][vc_raw_html css=\u00bb.vc_custom_1529529715689{margin-top: 15px !important;}\u00bb]JTNDZGl2JTIwc3R5bGUlM0QlMjJ0ZXh0LWFsaWduJTNBJTIwcmlnaHQlMjIlMjBhbHQlM0QlMjJzb2NpYWxfbmV0d29yayUyMiUzRSUwQSUyMCUzQ2ElMjBocmVmJTNEJTIyaHR0cHMlM0ElMkYlMkZ3d3cuZmFjZWJvb2suY29tJTJGdXBybGF3bGliJTIyJTNFJTNDaW1nJTIwYm9yZGVyJTNEJTIyMCUyMiUyMGFsdCUzRCUyMkZhY2Vib29rJTIwTG9nbyUyMiUyMHNyYyUzRCUyMmh0dHAlM0ElMkYlMkZ3d3cudXByLmVkdSUyRmJpYmxpb3RlY2EtZHVwciUyRndwLWNvbnRlbnQlMkZ1cGxvYWRzJTJGc2l0ZXMlMkY3NyUyRjIwMTclMkYwMyUyRmJkX2RlcmVjaG9fZmFjZWJvb2tfbG9nby5wbmclMjIlMjB3aWR0aCUzRCUyMjMwJTIyJTNFJTNDJTJGYSUzRSUwQSUyMCUzQ2ElMjBocmVmJTNEJTIyaHR0cHMlM0ElMkYlMkZ0d2l0dGVyLmNvbSUyRkJpYmxpb3RlY2FEZXJlYyUyMiUzRSUzQ2ltZyUyMGJvcmRlciUzRCUyMjAlMjIlMjBhbHQlM0QlMjJUd2l0dGVyJTIwTG9nbyUyMiUyMHNyYyUzRCUyMmh0dHAlM0ElMkYlMkZ3d3cudXByLmVkdSUyRmJpYmxpb3RlY2EtZHVwciUyRndwLWNvbnRlbnQlMkZ1cGxvYWRzJTJGc2l0ZXMlMkY3NyUyRjIwMTclMkYwMyUyRmJkX2RlcmVjaG9fdHdpdHRlcl9sb2dvLmpwZyUyMiUyMHdpZHRoJTNEJTIyMzAlMjIlM0UlM0MlMkZhJTNFJTBBJTIwJTNDYSUyMGhyZWYlM0QlMjJodHRwcyUzQSUyRiUyRnd3dy55b3V0dWJlLmNvbSUyRmNoYW5uZWwlMkZVQ0JJZklkako1UEt5S2ZWQ1RldVBYSHclMjIlM0UlM0NpbWclMjBib3JkZXIlM0QlMjIwJTIyJTIwYWx0JTNEJTIyWW91VHViZSUyMExvZ28lMjIlMjBzcmMlM0QlMjJodHRwJTNBJTJGJTJGd3d3LnVwci5lZHUlMkZiaWJsaW90ZWNhLWR1cHIlMkZ3cC1jb250ZW50JTJGdXBsb2FkcyUyRnNpdGVzJTJGNzclMkYyMDE3JTJGMDMlMkZiZF9kZXJlY2hvX3lvdXR1YmVfbG9nby5wbmclMjIlMjB3aWR0aCUzRCUyMjMwJTIyJTNFJTNDJTJGYSUzRSUwQSUyMCUzQ2ElMjBocmVmJTNEJTIyaHR0cHMlM0ElMkYlMkZ3d3cuaW5zdGFncmFtLmNvbSUyRmJpYmxpb3RlY2FkZXJlY2hvdXByJTJGJTNGaGwlM0Rlcy1sYSUyMiUzRSUzQ2ltZyUyMGJvcmRlciUzRCUyMjAlMjIlMjBhbHQlM0QlMjJJbnN0YWdyYW0lMjBMb2dvJTIyJTIwc3JjJTNEJTIyaHR0cCUzQSUyRiUyRnd3dy51cHIuZWR1JTJGYmlibGlvdGVjYS1kdXByJTJGd3AtY29udGVudCUyRnVwbG9hZHMlMkZzaXRlcyUyRjc3JTJGMjAxOCUyRjA2JTJGYmRfZGVyZWNob19pbnN0YWdyYW1fbG9nby5wbmclMjIlMjB3aWR0aCUzRCUyMjMxJTIyJTNFJTNDJTJGYSUzRSUwQSUzQyUyRmRpdiUzRSUwQQ==[\/vc_raw_html][\/vc_column][\/vc_row][vc_row][vc_column][vc_column_text]En el portal presentamos una recopilaci\u00f3n b\u00e1sica de libros, enlaces y material digitalizado del C\u00f3digo Civil de Puerto Rico. El trabajo de escanear los documentos fue realizado por la biblioteca y la Oficina de Servicios Legislativos para simplificar al usuario la&hellip;<\/p>\n","protected":false},"author":161,"featured_media":0,"parent":0,"menu_order":0,"comment_status":"closed","ping_status":"closed","template":"template-microsite.php","meta":{"_themeisle_gutenberg_block_has_review":false,"footnotes":""},"class_list":["post-11850","page","type-page","status-publish","hentry","description-off"],"_links":{"self":[{"href":"https:\/\/www.upr.edu\/biblioteca-dupr\/wp-json\/wp\/v2\/pages\/11850","targetHints":{"allow":["GET"]}}],"collection":[{"href":"https:\/\/www.upr.edu\/biblioteca-dupr\/wp-json\/wp\/v2\/pages"}],"about":[{"href":"https:\/\/www.upr.edu\/biblioteca-dupr\/wp-json\/wp\/v2\/types\/page"}],"author":[{"embeddable":true,"href":"https:\/\/www.upr.edu\/biblioteca-dupr\/wp-json\/wp\/v2\/users\/161"}],"replies":[{"embeddable":true,"href":"https:\/\/www.upr.edu\/biblioteca-dupr\/wp-json\/wp\/v2\/comments?post=11850"}],"version-history":[{"count":447,"href":"https:\/\/www.upr.edu\/biblioteca-dupr\/wp-json\/wp\/v2\/pages\/11850\/revisions"}],"predecessor-version":[{"id":12919,"href":"https:\/\/www.upr.edu\/biblioteca-dupr\/wp-json\/wp\/v2\/pages\/11850\/revisions\/12919"}],"wp:attachment":[{"href":"https:\/\/www.upr.edu\/biblioteca-dupr\/wp-json\/wp\/v2\/media?parent=11850"}],"curies":[{"name":"wp","href":"https:\/\/api.w.org\/{rel}","templated":true}]}}