{"id":8037,"date":"2015-11-24T11:28:11","date_gmt":"2015-11-24T15:28:11","guid":{"rendered":"https:\/\/www.upr.edu\/?page_id=8037"},"modified":"2017-05-05T09:42:07","modified_gmt":"2017-05-05T13:42:07","slug":"planes-de-emergencia-recintos-upr","status":"publish","type":"page","link":"https:\/\/www.upr.edu\/ac\/planes-de-emergencia-recintos-upr\/","title":{"rendered":"Planes de Emergencia &#8211; Recintos UPR"},"content":{"rendered":"<div class=\"wpb-content-wrapper\" id=\"wpb-content-root\"><p>[vc_row][vc_column width=\u00bb1\/3&#8243;]<div class=\"aio-icon-component    style_2\"><a class=\"aio-icon-box-link\" href=\"http:\/\/www.upr.edu\/ac\" target=\"_blank\" rel=\"noopener\" ><div id=\"Info-box-wrap-2011\" class=\"aio-icon-box top-icon\" style=\"\"  ><div class=\"aio-icon-top\"><div class=\"ult-just-icon-wrapper  \"><div class=\"align-icon\" style=\"text-align:center;\">\n<div class=\"aio-icon-img \" style=\"font-size:150px;display:inline-block;\" >\n\t<img decoding=\"async\" class=\"img-icon\" alt=\"Sello de la Universidad de Puerto Rico\" src=\"https:\/\/www.upr.edu\/ac\/wp-content\/uploads\/sites\/1\/2015\/06\/escudo.png\"\/>\n<\/div><\/div><\/div><\/div><\/div> <!-- aio-icon-box --><\/a><\/div> <!-- aio-icon-component -->[vc_column_text]<\/p>\n<p style=\"text-align: center;\"><a href=\"https:\/\/www.upr.edu\/ac\/\" target=\"_blank\" rel=\"noopener noreferrer\">Administraci\u00f3n Central<\/a><\/p>\n<p style=\"text-align: center;\"><a href=\"https:\/\/www.upr.edu\/ac\/planes-de-emergencia\/\" target=\"_blank\" rel=\"noopener noreferrer\">Plan de Emergencia<\/a><\/p>\n<p style=\"text-align: center;\">Jard\u00edn Bot\u00e1nico Sur<br \/>\nRio Piedras, \u00a0PR<br \/>\nCuadro: (787) 250-0000<\/p>\n<p>[\/vc_column_text][\/vc_column][vc_column width=\u00bb1\/3&#8243;]<div class=\"aio-icon-component    style_2\"><a class=\"aio-icon-box-link\" href=\"http:\/\/www.uprrp.edu\/\" target=\"_blank\" rel=\"noopener\" ><div id=\"Info-box-wrap-2133\" class=\"aio-icon-box top-icon\" style=\"\"  ><div class=\"aio-icon-top\"><div class=\"ult-just-icon-wrapper  \"><div class=\"align-icon\" style=\"text-align:center;\">\n<div class=\"aio-icon-img \" style=\"font-size:150px;display:inline-block;\" >\n\t<img decoding=\"async\" class=\"img-icon\" alt=\"sello Recinto de Rio Piedras, redondo colores blanco y rojo, contiene a\u00f1o fundacion paisaje de palmas casa rayos sol\" src=\"https:\/\/www.upr.edu\/ac\/wp-content\/uploads\/sites\/1\/2015\/07\/rrp-sello.png\"\/>\n<\/div><\/div><\/div><\/div><\/div> <!-- aio-icon-box --><\/a><\/div> <!-- aio-icon-component -->[vc_column_text]<\/p>\n<p style=\"text-align: center;\"><a href=\"http:\/\/www.uprrp.edu\" target=\"_blank\" rel=\"noopener noreferrer\">UPR en R\u00edo Piedras<\/a><\/p>\n<p style=\"text-align: center;\">Plan de Emergencia<\/p>\n<p style=\"text-align: center;\">PO Box 21907<br \/>\nSan Juan, PR\u00a0 00931-1907<br \/>\nCuadro: (787) 764-0000<\/p>\n<p>[\/vc_column_text][\/vc_column][vc_column width=\u00bb1\/3&#8243;]<div class=\"aio-icon-component    style_2\"><a class=\"aio-icon-box-link\" href=\"http:\/\/www.uprm.edu\/portada\/\" target=\"_blank\" rel=\"noopener\" ><div id=\"Info-box-wrap-8956\" class=\"aio-icon-box top-icon\" style=\"\"  ><div class=\"aio-icon-top\"><div class=\"ult-just-icon-wrapper  \"><div class=\"align-icon\" style=\"text-align:center;\">\n<div class=\"aio-icon-img \" style=\"font-size:150px;display:inline-block;\" >\n\t<img decoding=\"async\" class=\"img-icon\" alt=\"sello Recinto de Mayaguez\" src=\"https:\/\/www.upr.edu\/ac\/wp-content\/uploads\/sites\/1\/2015\/07\/rum-sello.png\"\/>\n<\/div><\/div><\/div><\/div><\/div> <!-- aio-icon-box --><\/a><\/div> <!-- aio-icon-component -->[vc_column_text]<\/p>\n<p style=\"text-align: center;\"><b><a href=\"http:\/\/www.uprm.edu\/\" target=\"_blank\" rel=\"noopener noreferrer\">UPR en Mayag\u00fcez<\/a><\/b><\/p>\n<p style=\"text-align: center;\"><a href=\"http:\/\/www.uprm.edu\/emergencias\" target=\"_blank\" rel=\"noopener noreferrer\">Plan de Emergencia<\/a><\/p>\n<p style=\"text-align: center;\">PO Box 9000<br \/>\nMayag\u00fcez, PR\u00a0 00681-9021<br \/>\nCuadro: (787) 832-4040<\/p>\n<p>[\/vc_column_text][\/vc_column][vc_column][vc_empty_space height=\u00bb60px\u00bb][\/vc_column][\/vc_row][vc_row][vc_column width=\u00bb1\/3&#8243;]<div class=\"aio-icon-component    style_2\"><a class=\"aio-icon-box-link\" href=\"http:\/\/www.rcm.upr.edu\/ac\/rcmweb\/\" target=\"_blank\" rel=\"noopener\" ><div id=\"Info-box-wrap-1748\" class=\"aio-icon-box top-icon\" style=\"\"  ><div class=\"aio-icon-top\"><div class=\"ult-just-icon-wrapper  \"><div class=\"align-icon\" style=\"text-align:center;\">\n<div class=\"aio-icon-img \" style=\"font-size:150px;display:inline-block;\" >\n\t<img decoding=\"async\" class=\"img-icon\" alt=\"sello Recinto Ciencias M\u00e9dicas\" src=\"https:\/\/www.upr.edu\/ac\/wp-content\/uploads\/sites\/1\/2015\/07\/rcm-sello.png\"\/>\n<\/div><\/div><\/div><\/div><\/div> <!-- aio-icon-box --><\/a><\/div> <!-- aio-icon-component -->[vc_column_text]<\/p>\n<p style=\"text-align: center;\"><b><a href=\"http:\/\/www.rcm.upr.edu\/ac\" target=\"_blank\" rel=\"noopener noreferrer\">UPR en Ciencias M\u00e9dicas<\/a><\/b><\/p>\n<p style=\"text-align: center;\"><a href=\"http:\/\/sistemas3.rcm.upr.edu\/ac\/rcmdocs\/seguridad\/plan_emergencia_rcm2009.pdf\" target=\"_blank\" rel=\"noopener noreferrer\">Plan de Emergencia<\/a><\/p>\n<p style=\"text-align: center;\">PO Box 365067<br \/>\nSan Juan, PR\u00a0 00936-5067<br \/>\nCuadro: (787) 758-2525<\/p>\n<p>[\/vc_column_text][\/vc_column][vc_column width=\u00bb1\/3&#8243;]<div class=\"aio-icon-component    style_2\"><a class=\"aio-icon-box-link\" href=\"http:\/\/www.uprag.edu\/\" target=\"_blank\" rel=\"noopener\" ><div id=\"Info-box-wrap-2796\" class=\"aio-icon-box top-icon\" style=\"\"  ><div class=\"aio-icon-top\"><div class=\"ult-just-icon-wrapper  \"><div class=\"align-icon\" style=\"text-align:center;\">\n<div class=\"aio-icon-img \" style=\"font-size:150px;display:inline-block;\" >\n\t<img decoding=\"async\" class=\"img-icon\" alt=\"sello recinto de Aguadilla, colores azul, amarillo y blanco, imagenes barco, a\u00f1o 1972\" src=\"https:\/\/www.upr.edu\/ac\/wp-content\/uploads\/sites\/1\/2015\/07\/aguadilla-sello.png\"\/>\n<\/div><\/div><\/div><\/div><\/div> <!-- aio-icon-box --><\/a><\/div> <!-- aio-icon-component -->[vc_column_text]<\/p>\n<p style=\"text-align: center;\"><a href=\"https:\/\/www.uprag.edu\/\" target=\"_blank\" rel=\"noopener noreferrer\"><b>UPR en Aguadilla<\/b><\/a><\/p>\n<p style=\"text-align: center;\"><a href=\"http:\/\/uprag.edu\/index.php\/formularios-documentos-salud-seguridad\" target=\"_blank\" rel=\"noopener noreferrer\">Plan de Emergencia<\/a><\/p>\n<p style=\"text-align: center;\">PO Box 250160<br \/>\nAguadilla, PR 00604-0160<br \/>\nCuadro: (787) 890-2681<\/p>\n<p>[\/vc_column_text][\/vc_column][vc_column width=\u00bb1\/3&#8243;]<div class=\"aio-icon-component    style_2\"><a class=\"aio-icon-box-link\" href=\"http:\/\/www.upra.edu\/\" target=\"_blank\" rel=\"noopener\" ><div id=\"Info-box-wrap-9136\" class=\"aio-icon-box top-icon\" style=\"\"  ><div class=\"aio-icon-top\"><div class=\"ult-just-icon-wrapper  \"><div class=\"align-icon\" style=\"text-align:center;\">\n<div class=\"aio-icon-img \" style=\"font-size:150px;display:inline-block;\" >\n\t<img decoding=\"async\" class=\"img-icon\" alt=\"sello Recinto Arecibo colores verde azul rojo , imagenes corona toore faro a\u00f1o 1967 y lampara saber\" src=\"https:\/\/www.upr.edu\/ac\/wp-content\/uploads\/sites\/1\/2015\/07\/arecibo-sello.png\"\/>\n<\/div><\/div><\/div><\/div><\/div> <!-- aio-icon-box --><\/a><\/div> <!-- aio-icon-component -->[vc_column_text]<\/p>\n<p style=\"text-align: center;\"><b><a href=\"http:\/\/www.upra.edu\" target=\"_blank\" rel=\"noopener noreferrer\">UPR en Arecibo<\/a><\/b><\/p>\n<p style=\"text-align: center;\"><a href=\"http:\/\/www.upra.edu\/saludyseguridad\/emergencias.html\" target=\"_blank\" rel=\"noopener noreferrer\">Plan Emergencia<\/a><\/p>\n<p style=\"text-align: center;\">PO Box 4010<br \/>\nArecibo, PR 00613-4010<br \/>\nCuadro: (787) 815-0000<\/p>\n<p>[\/vc_column_text][\/vc_column][vc_column][vc_empty_space height=\u00bb60px\u00bb][\/vc_column][\/vc_row][vc_row][vc_column width=\u00bb1\/3&#8243;]<div class=\"aio-icon-component    style_2\"><a class=\"aio-icon-box-link\" href=\"http:\/\/www.uprb.edu\" target=\"_blank\" rel=\"noopener\" ><div id=\"Info-box-wrap-4956\" class=\"aio-icon-box top-icon\" style=\"\"  ><div class=\"aio-icon-top\"><div class=\"ult-just-icon-wrapper  \"><div class=\"align-icon\" style=\"text-align:center;\">\n<div class=\"aio-icon-img \" style=\"font-size:150px;display:inline-block;\" >\n\t<img decoding=\"async\" class=\"img-icon\" alt=\"sello Recinto Bayam\u00f3n, colores marron, rojo, azul, claro letras negras, imagenes cruz escaleras, l\u00e1mpara saber, edificio banderas\" src=\"https:\/\/www.upr.edu\/ac\/wp-content\/uploads\/sites\/1\/2015\/07\/bayamon-sello.png\"\/>\n<\/div><\/div><\/div><\/div><\/div> <!-- aio-icon-box --><\/a><\/div> <!-- aio-icon-component -->[vc_column_text]<\/p>\n<p style=\"text-align: center;\"><b><a href=\"http:\/\/www.uprb.edu\" target=\"_blank\" rel=\"noopener noreferrer\">UPR en Bayam\u00f3n<\/a><\/b><\/p>\n<p style=\"text-align: center;\"><a href=\"https:\/\/drive.google.com\/a\/upr.edu\/ac\/file\/d\/0BxqQPOIORW1-T19tdWRwdy1IVk5DY2ExT2VlLU0wR2ZXLXo4\/view\" target=\"_blank\" rel=\"noopener noreferrer\">Plan de Emergencia<\/a><\/p>\n<p style=\"text-align: center;\">170 Carr. 174\u00a0Parque Industrial Minillas<br \/>\nBayam\u00f3n, PR 00959<br \/>\nCuadro: (787) 993-0000<\/p>\n<p>[\/vc_column_text][\/vc_column][vc_column width=\u00bb1\/3&#8243;]<div class=\"aio-icon-component    style_2\"><a class=\"aio-icon-box-link\" href=\"http:\/\/www.uprc.edu\/\" target=\"_blank\" rel=\"noopener\" ><div id=\"Info-box-wrap-7355\" class=\"aio-icon-box top-icon\" style=\"\"  ><div class=\"aio-icon-top\"><div class=\"ult-just-icon-wrapper  \"><div class=\"align-icon\" style=\"text-align:center;\">\n<div class=\"aio-icon-img \" style=\"font-size:150px;display:inline-block;\" >\n\t<img decoding=\"async\" class=\"img-icon\" alt=\"sello Recinto Carolina, colores blanco rojo azul marino, letras azules, im\u00e1genes libro, globo terr\u00e1queo\" src=\"https:\/\/www.upr.edu\/ac\/wp-content\/uploads\/sites\/1\/2015\/07\/carolina-sello.png\"\/>\n<\/div><\/div><\/div><\/div><\/div> <!-- aio-icon-box --><\/a><\/div> <!-- aio-icon-component -->[vc_column_text]<\/p>\n<p style=\"text-align: center;\"><b><a href=\"https:\/\/www.uprc.edu\/index.php\/estadisticas\">UPR en Carolina<\/a><\/b><\/p>\n<p style=\"text-align: center;\"><a href=\"https:\/\/uprc.edu\/images\/Documentos\/OPASSO\/PlanEmergenciaUPRCarolina.pdf\" target=\"_blank\" rel=\"noopener noreferrer\">Plan de Emergencia<\/a><\/p>\n<p style=\"text-align: center;\">PO Box\u00a0 4800<br \/>\nCarolina, PR \u00a000984-4800<br \/>\nCuadro: (787) 257-0000<\/p>\n<p>[\/vc_column_text][\/vc_column][vc_column width=\u00bb1\/3&#8243;]<div class=\"aio-icon-component    style_2\"><a class=\"aio-icon-box-link\" href=\"http:\/\/www.cayey.upr.edu\/ac\/main\/\" target=\"_blank\" rel=\"noopener\" ><div id=\"Info-box-wrap-4665\" class=\"aio-icon-box top-icon\" style=\"\"  ><div class=\"aio-icon-top\"><div class=\"ult-just-icon-wrapper  \"><div class=\"align-icon\" style=\"text-align:center;\">\n<div class=\"aio-icon-img \" style=\"font-size:150px;display:inline-block;\" >\n\t<img decoding=\"async\" class=\"img-icon\" alt=\"sello Recinto de Cayey, colores blanco azul verde rojo letras negras, a\u00f1o 1967, im\u00e1genes monta\u00f1as\" src=\"https:\/\/www.upr.edu\/ac\/wp-content\/uploads\/sites\/1\/2015\/07\/cayey-sello.png\"\/>\n<\/div><\/div><\/div><\/div><\/div> <!-- aio-icon-box --><\/a><\/div> <!-- aio-icon-component -->[vc_column_text]<\/p>\n<p style=\"text-align: center;\"><b><a href=\"https:\/\/cayey.upr.edu\/ac\/derecho-del-estudiante-a-saber-student-right-to-know\/\">UPR en Cayey<\/a><\/b><\/p>\n<p style=\"text-align: center;\"><a href=\"https:\/\/www.upr.edu\/ac\/cayey\/mdocs-posts\/poe_plan_basico\/\" target=\"_blank\" rel=\"noopener noreferrer\">Plan de Emergencia<\/a><\/p>\n<p style=\"text-align: center;\">Ave. Antonio R. Barcel\u00f3<br \/>\nCayey, PR 00736<br \/>\nCuadro: (787) 738-2161<\/p>\n<p>[\/vc_column_text][\/vc_column][\/vc_row][vc_row][vc_column][vc_empty_space height=\u00bb60px\u00bb][\/vc_column][\/vc_row][vc_row][vc_column width=\u00bb1\/3&#8243;]<div class=\"aio-icon-component    style_2\"><a class=\"aio-icon-box-link\" href=\"http:\/\/www.uprh.edu\" target=\"_blank\" rel=\"noopener\" ><div id=\"Info-box-wrap-8742\" class=\"aio-icon-box top-icon\" style=\"\"  ><div class=\"aio-icon-top\"><div class=\"ult-just-icon-wrapper  \"><div class=\"align-icon\" style=\"text-align:center;\">\n<div class=\"aio-icon-img \" style=\"font-size:162px;display:inline-block;\" >\n\t<img decoding=\"async\" class=\"img-icon\" alt=\"Logo UPR-Humacao\" src=\"https:\/\/www.upr.edu\/ac\/wp-content\/uploads\/sites\/1\/2015\/07\/UPRH.jpg\"\/>\n<\/div><\/div><\/div><\/div><\/div> <!-- aio-icon-box --><\/a><\/div> <!-- aio-icon-component -->[vc_column_text]<\/p>\n<p style=\"text-align: center;\"><a href=\"http:\/\/www.uprh.edu\" target=\"_blank\" rel=\"noopener noreferrer\"><b>UPR en\u00a0Humacao<\/b><\/a><\/p>\n<p style=\"text-align: center;\"><a href=\"http:\/\/www.uprh.edu\/oficinas\/ssocupacional\/PlanesProcedimientos.htm\" target=\"_blank\" rel=\"noopener noreferrer\">Plan de Emergencia<\/a><\/p>\n<p style=\"text-align: center;\">Ave. Jos\u00e9 E. Aguiar Aramburu<br \/>\nHumacao, PR 00791<br \/>\nCuadro: (787) 850-0000<\/p>\n<p>[\/vc_column_text][\/vc_column][vc_column width=\u00bb1\/3&#8243;]<div class=\"aio-icon-component    style_2\"><a class=\"aio-icon-box-link\" href=\"http:\/\/www.uprp.edu\/\" target=\"_blank\" rel=\"noopener\" ><div id=\"Info-box-wrap-8247\" class=\"aio-icon-box top-icon\" style=\"\"  ><div class=\"aio-icon-top\"><div class=\"ult-just-icon-wrapper  \"><div class=\"align-icon\" style=\"text-align:center;\">\n<div class=\"aio-icon-img \" style=\"font-size:150px;display:inline-block;\" >\n\t<img decoding=\"async\" class=\"img-icon\" alt=\"sello Recinto Ponce, colores azul rojo negro, imagenes loen, liramide torre hojas laurel\" src=\"https:\/\/www.upr.edu\/ac\/wp-content\/uploads\/sites\/1\/2015\/07\/ponce-sello.png\"\/>\n<\/div><\/div><\/div><\/div><\/div> <!-- aio-icon-box --><\/a><\/div> <!-- aio-icon-component -->[vc_column_text]<\/p>\n<p style=\"text-align: center;\"><strong><a href=\"https:\/\/www.upr.edu\/ac\/ponce\/articulos\/rectoria\/opei\/srtk\/\" target=\"_blank\" rel=\"noopener noreferrer\">UPR Ponce<\/a><\/strong><\/p>\n<p style=\"text-align: center;\">Plan de Emergencia<\/p>\n<p style=\"text-align: center;\">PO Box 7186<br \/>\nPonce, PR 00732-7186<br \/>\nCuadro: (787) 844-8181<\/p>\n<p>[\/vc_column_text][\/vc_column][vc_column width=\u00bb1\/3&#8243;]<div class=\"aio-icon-component    style_2\"><a class=\"aio-icon-box-link\" href=\"http:\/\/www.uprutuado.edu\/\" target=\"_blank\" rel=\"noopener\" ><div id=\"Info-box-wrap-1504\" class=\"aio-icon-box top-icon\" style=\"\"  ><div class=\"aio-icon-top\"><div class=\"ult-just-icon-wrapper  \"><div class=\"align-icon\" style=\"text-align:center;\">\n<div class=\"aio-icon-img \" style=\"font-size:150px;display:inline-block;\" >\n\t<img decoding=\"async\" class=\"img-icon\" alt=\"Oficina de Admisiones &#8211; \u00cdndices Generales de Solicitud\" src=\"https:\/\/www.upr.edu\/ac\/wp-content\/uploads\/sites\/1\/2015\/10\/utuado-sello.png\"\/>\n<\/div><\/div><\/div><\/div><\/div> <!-- aio-icon-box --><\/a><\/div> <!-- aio-icon-component -->[vc_column_text]<\/p>\n<p style=\"text-align: center;\"><b><a href=\"http:\/\/www.uprutuado.edu\/\" target=\"_blank\" rel=\"noopener noreferrer\">UPR en Utado<\/a><\/b><\/p>\n<p style=\"text-align: center;\"><a href=\"http:\/\/www.uprutuado.edu\/sites\/default\/files\/documents\/seguridad\/Plan_Operacional_de_Emergencias_2013.pdf\" target=\"_blank\" rel=\"noopener noreferrer\">Plan de Emergencia<\/a><\/p>\n<p style=\"text-align: center;\">PO Box 2500<br \/>\nUtuado, PR \u00a000641-2500<br \/>\nCuadro: (787) 894-2828<\/p>\n<p>[\/vc_column_text][\/vc_column][\/vc_row]<\/p>\n<\/div>","protected":false},"excerpt":{"rendered":"<p>[vc_row][vc_column width=\u00bb1\/3&#8243;][vc_column_text] Administraci\u00f3n Central Plan de Emergencia Jard\u00edn Bot\u00e1nico Sur Rio Piedras, \u00a0PR Cuadro: (787) 250-0000 [\/vc_column_text][\/vc_column][vc_column width=\u00bb1\/3&#8243;][vc_column_text] UPR en R\u00edo Piedras Plan de Emergencia PO Box 21907 San Juan, PR\u00a0 00931-1907 Cuadro: (787) 764-0000 [\/vc_column_text][\/vc_column][vc_column width=\u00bb1\/3&#8243;][vc_column_text] UPR en Mayag\u00fcez Plan de Emergencia PO Box 9000 Mayag\u00fcez, PR\u00a0 00681-9021 Cuadro: (787) 832-4040 [\/vc_column_text][\/vc_column][vc_column][vc_empty_space height=\u00bb60px\u00bb][\/vc_column][\/vc_row][vc_row][vc_column width=\u00bb1\/3&#8243;][vc_column_text]&hellip;<\/p>\n","protected":false},"author":12,"featured_media":0,"parent":0,"menu_order":3,"comment_status":"closed","ping_status":"closed","template":"","meta":{"_themeisle_gutenberg_block_has_review":false,"footnotes":""},"class_list":["post-8037","page","type-page","status-publish","hentry","description-off"],"_links":{"self":[{"href":"https:\/\/www.upr.edu\/ac\/wp-json\/wp\/v2\/pages\/8037","targetHints":{"allow":["GET"]}}],"collection":[{"href":"https:\/\/www.upr.edu\/ac\/wp-json\/wp\/v2\/pages"}],"about":[{"href":"https:\/\/www.upr.edu\/ac\/wp-json\/wp\/v2\/types\/page"}],"author":[{"embeddable":true,"href":"https:\/\/www.upr.edu\/ac\/wp-json\/wp\/v2\/users\/12"}],"replies":[{"embeddable":true,"href":"https:\/\/www.upr.edu\/ac\/wp-json\/wp\/v2\/comments?post=8037"}],"version-history":[{"count":13,"href":"https:\/\/www.upr.edu\/ac\/wp-json\/wp\/v2\/pages\/8037\/revisions"}],"predecessor-version":[{"id":16783,"href":"https:\/\/www.upr.edu\/ac\/wp-json\/wp\/v2\/pages\/8037\/revisions\/16783"}],"wp:attachment":[{"href":"https:\/\/www.upr.edu\/ac\/wp-json\/wp\/v2\/media?parent=8037"}],"curies":[{"name":"wp","href":"https:\/\/api.w.org\/{rel}","templated":true}]}}