{"id":6246,"date":"2015-10-01T18:37:44","date_gmt":"2015-10-01T22:37:44","guid":{"rendered":"https:\/\/www.upr.edu\/?page_id=6246"},"modified":"2025-10-17T10:50:44","modified_gmt":"2025-10-17T14:50:44","slug":"vicepresidencia-en-asuntos-estudiantiles-becas","status":"publish","type":"page","link":"https:\/\/www.upr.edu\/ac\/vicepresidencias\/vicepresindencia-de-asuntos-estudiantiles\/vicepresidencia-en-asuntos-estudiantiles-becas\/","title":{"rendered":"VPAE &#8211; Becas Institucionales Subgraduadas y Graduadas"},"content":{"rendered":"<div class=\"wpb-content-wrapper\" id=\"wpb-content-root\"><p>[vc_row][vc_column][vc_tta_tabs][vc_tta_section title=\u00bbFondo Dotal\u00bb tab_id=\u00bbfondo-dotal\u00bb][vc_row_inner][vc_column_inner][vc_column_text]<\/p>\n<p style=\"text-align: justify;\">El Fondo Dotal de Ia Universidad de Puerto Rico tiene como objetivo respaldar las actividades acad\u00e9micas y de investigaci\u00f3n y creaci\u00f3n de la Universidad de Puerto Rico, para <strong>estudiantes sub graduados y graduados<\/strong>, asegurando Ia estabilidad fiscal de Ia instituci\u00f3n para generaciones futuras. El Fondo se constituye de aportaciones de entidades p\u00fablicas o privadas, exalumnos, sobrantes presupuestarios, asignaciones legislativas, el producto de Ia venta de propiedades de Ia Universidad de Puerto Rico o de cualquier otra entidad o persona natural o jur\u00eddica que desee aportar al crecimiento del fondo. El principal de los fondos depositados se mantiene intacto y se invierte a perpetuidad, solamente se utilizan los r\u00e9ditos o ingresos que estos generen, y para los prop\u00f3sitos estipulados por el fondo, los donantes o legatarios.<\/p>\n<p>&nbsp;<\/p>\n<p>Es con gran entusiasmo que informamos Ia apertura de las siguientes convocatorias de ayudas econ\u00f3micas del Fondo Dotal de Ia Universidad de Puerto Rico para el a\u00f1o acad\u00e9mico 2023-2024. <span style=\"color: #000000;\"><strong>La fecha l\u00edmite para solicitar a las becas ser\u00e1 el 15 de diciembre de 2023<\/strong>.<\/span>[\/vc_column_text][vc_empty_space][\/vc_column_inner][\/vc_row_inner][vc_row_inner][vc_column_inner width=\u00bb1\/2&#8243;][vc_column_text css=\u00bb\u00bb]<\/p>\n<ul>\n<li style=\"list-style-type: none;\">\n<ul>\n<li>Beca Fondo Dotal General (Estudios Subgraduados Irrestricto)\n<ul>\n<li><a href=\"https:\/\/www.upr.edu\/ac\/wp-content\/uploads\/sites\/1\/2024\/09\/Convocatoria-Fondo-Dotal-General-2024-2025-Subgraduados.pdf\">Convocatoria<\/a><\/li>\n<\/ul>\n<\/li>\n<\/ul>\n<\/li>\n<\/ul>\n<p>&nbsp;<\/p>\n<ul>\n<li style=\"list-style-type: none;\">\n<ul>\n<li>Beca Fondo Dotal General (Estudios Graduados Irrestricto)\n<ul>\n<li><a href=\"https:\/\/www.upr.edu\/ac\/wp-content\/uploads\/sites\/1\/2024\/09\/Convocatoria-Fondo-Dotal-General-2024-2025-Graduados.pdf\">Convocatoria<\/a><\/li>\n<\/ul>\n<\/li>\n<\/ul>\n<\/li>\n<\/ul>\n<p>&nbsp;<\/p>\n<ul>\n<li style=\"list-style-type: none;\">\n<ul>\n<li>Beca Sixto Moreira (Estudiantes Subgraduados y Graduados)\n<ul>\n<li><a href=\"https:\/\/www.upr.edu\/ac\/wp-content\/uploads\/sites\/1\/2024\/09\/Convocatoria-Beca-Sixto-Moreira-2024-2025-Subgraduados-y-Graduados.pdf\">Convocatoria<\/a><\/li>\n<\/ul>\n<\/li>\n<\/ul>\n<\/li>\n<\/ul>\n<p>&nbsp;<\/p>\n<ul>\n<li style=\"list-style-type: none;\">\n<ul>\n<li>Beca Rosa E. Axtmayer\u00a0 (Estudiantes\u00a0 Subgraduados\u00a0 y Graduados)\n<ul>\n<li><a href=\"https:\/\/www.upr.edu\/ac\/wp-content\/uploads\/sites\/1\/2024\/09\/Convocatoria-Beca-Rosa-E.-Axtmayer-2024-2025.pdf\">Convocatoria<\/a><\/li>\n<\/ul>\n<\/li>\n<\/ul>\n<p>&nbsp;<\/p>\n<ul>\n<li>Beca Jos\u00e9 Tr\u00edas Monge (Graduado)\n<ul>\n<li><a href=\"https:\/\/www.upr.edu\/ac\/wp-content\/uploads\/sites\/1\/2024\/09\/Convocatoria-Beca-Jose-Trias-Monge-2024-2025.pdf\">Convocatoria<\/a><\/li>\n<\/ul>\n<\/li>\n<\/ul>\n<\/li>\n<\/ul>\n<p>[\/vc_column_text][\/vc_column_inner][vc_column_inner width=\u00bb1\/2&#8243;][vc_single_image image=\u00bb29217&#8243; img_size=\u00bb150&#215;108&#8243; alignment=\u00bbcenter\u00bb onclick=\u00bbcustom_link\u00bb css_animation=\u00bbfadeIn\u00bb link=\u00bbhttps:\/\/apps.powerapps.com\/play\/e\/default-0dfa5dc0-036f-4615-99e4-94af822f2b84\/a\/cf41625f-278b-4077-a2cb-d39c70456f67?tenantId=0dfa5dc0-036f-4615-99e4-94af822f2b84&amp;hint=b92ea3af-12bc-45f2-9df7-a1a66196d13c&amp;sourcetime=1696265866920&#8243;][vc_column_text]Nota:<\/p>\n<p>La aplicaci\u00f3n requiere que el estudiante entre sus credenciales &#8211; Son las mismas que su correo electr\u00f3nico institucional.<\/p>\n<p>Tambi\u00e9n puede ser que la aplicaci\u00f3n pida permiso para utilizar alg\u00fan componente como \u00abSharePoint\u00bb.\u00a0 De ser as\u00ed, dele al enlace \u00abFix sign in\u00bb y luego al bot\u00f3n de \u00abAllow\u00bb.<\/p>\n<p>Si tienen problema de acceso puede contactar a:<\/p>\n<p>Jos\u00e9 A. Mu\u00f1oz<br \/>\njose.munoz17@upr.edu\/ac<br \/>\n787-250-0000, ext. 5419[\/vc_column_text][\/vc_column_inner][\/vc_row_inner][vc_row_inner][vc_column_inner][vc_empty_space][vc_column_text]<span style=\"color: #000000;\">No se aceptar\u00e1n solicitudes luego de la fecha l\u00edmite ni a trav\u00e9s de otros medios.<\/span><\/p>\n<p>Circular a la Comunidad Universitaria[\/vc_column_text][vc_empty_space][\/vc_column_inner][\/vc_row_inner][\/vc_tta_section][vc_tta_section title=\u00bbBeca Santander CEAL\u00bb tab_id=\u00bbbeca-santander-ceal\u00bb][vc_column_text]Beca Santander del Centro de Estudios de Am\u00e9rica Latina (CEAL)<\/p>\n<p>El Programa de Becas de la UAM para estudiantes de <strong>Grado (Bachillerato)<\/strong>\u00a0persigue fortalecer la movilidad e intercambio hacia la construcci\u00f3n del espacio iberoamericano del conocimiento socialmente responsable.<\/p>\n<p>&nbsp;<\/p>\n<p><strong>Beca Santander Estudiantes de grado<\/strong><\/p>\n<p>El estudiante debe completar e incluir con la solicitud los siguientes documentos:<\/p>\n<ul>\n<li>Copia del pasaporte vigente (la fecha de expiraci\u00f3n del mismo debe ser m\u00ednimo en diciembre de 2024 o m\u00e1s adelante).<\/li>\n<li>Copia del programa oficial de estudios del \u00faltimo per\u00edodo lectivo (matr\u00edcula)<\/li>\n<li>Certificaci\u00f3n de la Oficina de Registradur\u00eda de tu recinto donde indique: el promedio, el n\u00famero de cr\u00e9ditos en progreso y el a\u00f1o de estudio<\/li>\n<li>Certificaci\u00f3n de la Oficina de Asistencia Econ\u00f3mica de tu recinto donde indique: tunecesidad econ\u00f3mica<\/li>\n<li>Resum\u00e9 acad\u00e9mico (1 p\u00e1gina)<\/li>\n<\/ul>\n<p>&nbsp;<\/p>\n<p>Requisitos M\u00ednimos<\/p>\n<ul>\n<li>Ser estudiante de segundo a\u00f1o en adelante<\/li>\n<li>Tener una carga acad\u00e9mica de 12 cr\u00e9ditos o m\u00e1s<\/li>\n<li>Promedio general de 3.50 o m\u00e1s<\/li>\n<li>Pasaporte vigente al momento de solicitar (esta beca es para estudios en el segundo semestre 2023-2024)<\/li>\n<\/ul>\n<p>&nbsp;<\/p>\n<p>UPR hace una preselecci\u00f3n de los solicitantes y UAM hace la selecci\u00f3n final.<\/p>\n<p>Los ganadores deber\u00e1n asumir el pago del costo total de la matr\u00edcula en su recinto de origen. Se adjunta documento de la UAM con informaci\u00f3n adicional.<\/p>\n<p>Se considera<\/p>\n<ul>\n<li>Promedio<\/li>\n<li>A\u00f1o de Estudio<\/li>\n<li>Resum\u00e9 Acad\u00e9mico<\/li>\n<\/ul>\n<p>&nbsp;<\/p>\n<p><a href=\"https:\/\/www.upr.edu\/ac\/wp-content\/uploads\/sites\/1\/2023\/08\/Convocatoria-Beca-CEAL-2023-2024.pdf\">Convocatoria 2023-2024<\/a><\/p>\n<p>La fecha l\u00edmite para radicar la solicitud y documentaci\u00f3n requerida es el <span style=\"color: #ff0000;\"><strong>22 de septiembre de 2023<\/strong><\/span>.<\/p>\n<p>Para solicitar llene el siguiente <a href=\"https:\/\/forms.office.com\/Pages\/ResponsePage.aspx?id=wF36DW8DFUaZ5JSvgi8rhLyLlVFx6fdKlfJQIcGeI3JURVNST1NFTlU1MTU4NUQ4RjJHUThMWExSTy4u&amp;lang=es\">formulario electr\u00f3nico<\/a>.<br \/>\nNote que para poder acceder y llenar este formulario, necesitar\u00e1 entrar sus credenciales de su email institucional,<\/p>\n<p><strong>No se podr\u00e1 someter solicitudes despu\u00e9s de la fecha l\u00edmite.<\/strong><\/p>\n<p>Para el Acuerdo de Estudios presione <a href=\"https:\/\/www.upr.edu\/ac\/wp-content\/uploads\/sites\/1\/2023\/08\/Acuerdo-de-Estudios-Beca-CEAL2023-2024.pdf\">aqu\u00ed.<\/a> (Este documento s\u00f3lo lo llenan los estudiantes seleccionados)<\/p>\n<p>Para informaci\u00f3n adicional, (pronto enlace aqu\u00ed).<\/p>\n<p>&nbsp;<\/p>\n<p><strong>Nota:\u00a0Seg\u00fan el Convenio creado por la Universidad de Puerto Rico (UPR) y la Universidad Aut\u00f3noma de Madrid (UAM) para el programa de Beca Banco Santander (CEAL), los estudiantes que son becados por Banco Santander no pagar\u00e1n costos de matr\u00edcula en la universidad receptora, pero si pagar\u00e1n matr\u00edcula en la universidad de origen.<\/strong>[\/vc_column_text][\/vc_tta_section][vc_tta_section title=\u00bbPol\u00edtica Institucional para Otorgar Ayudas Econ\u00f3micas\u00bb tab_id=\u00bbpolitica-institucional-para-otorgar-ayudas-economicas\u00bb][vc_column_text]La Junta de Gobierno de la Universidad de Puerto Rico aprob\u00f3 la Pol\u00edtica Institucional Sobre La Otorgaci\u00f3n De Ayudas Econ\u00f3micas Para Estudiantes Con Distinciones Acad\u00e9micas En La Universidad De Puerto Rico, Certificaci\u00f3n 4 (2019-2020) de la Junta de Gobierno, enmendada por la <a href=\"http:\/\/www.vcertifica.upr.edu\/ac\/PDF\/CERTIFICACION\/2019-2020\/47%202019-2020.pdf\">Certificaci\u00f3n 47 (2019-2020) de la Junta de Gobierno<\/a> y la <a href=\"http:\/\/www.vcertifica.upr.edu\/ac\/PDF\/CERTIFICACION\/2019-2020\/75%202019-2020.pdf\">Certificaci\u00f3n 75 (2019-2020) de la Junta de Gobierno<\/a>.<\/p>\n<p>&nbsp;<\/p>\n<p>Con esta Pol\u00edtica, la UPR se compromete a garantizar una administraci\u00f3n equitativa, \u00f3ptima y responsable fiscalmente en la concesi\u00f3n de ayudas econ\u00f3micas, mediante el establecimiento de los par\u00e1metros necesarios para asegurar su aplicaci\u00f3n uniforme a trav\u00e9s del sistema universitario, a base de resultados y cumplimiento efectivo de los objetivos para los cuales se concede.<\/p>\n<p>&nbsp;<\/p>\n<p>El otorgamiento de ayudas econ\u00f3micas a nuestros estudiantes representa el reconocimiento al m\u00e9rito de quienes promueven la excelencia acad\u00e9mica e investigativa, considerando su necesidad econ\u00f3mica. \u00a0Adem\u00e1s, esta ayuda reconoce el esfuerzo y dedicaci\u00f3n de los estudiantes atletas y miembros de agrupaciones art\u00edsticas que representan a nuestra Universidad. \u00a0De igual forma, la Pol\u00edtica estimula el reclutamiento, desarrollo y retenci\u00f3n de estudiantes, para el cumplimiento de su misi\u00f3n.<\/p>\n<p>&nbsp;<\/p>\n<p>Se reconocen las siguientes categor\u00edas elegibles para ayuda econ\u00f3mica:<\/p>\n<ol>\n<li>Estudiantes elegibles a matr\u00edcula de honor<\/li>\n<li>Empleados<\/li>\n<li>Hijos y c\u00f3nyuges dependientes de empleados<\/li>\n<li>Representantes Estudiantiles ante la Junta Universitaria<\/li>\n<li>Representantes Estudiantiles ante la Junta de Gobierno<\/li>\n<li>Atletas<\/li>\n<li>Conjuntos musicales y de teatro (bandas, coros, cantores, tunas)<\/li>\n<\/ol>\n<p>&nbsp;<\/p>\n<p>Para la concesi\u00f3n de ayuda econ\u00f3mica que contempla esta Pol\u00edtica, todo estudiante, subgraduado y graduado, deber\u00e1 completar la solicitud para concesi\u00f3n de ayudas econ\u00f3micas federales (FAFSA) del Departamento de Educaci\u00f3n Federal, independientemente de su situaci\u00f3n econ\u00f3mica.[\/vc_column_text][\/vc_tta_section][vc_tta_section title=\u00bbFondo Especial de Becas de la UPR\u00bb tab_id=\u00bbfondo-especial-de-becas-upr\u00bb][vc_column_text]<\/p>\n<p style=\"text-align: justify;\">Las Becas del Fondo Especial otorgan asistencia econ\u00f3mica de hasta mil d\u00f3lares ($1,000) por beneficiario por a\u00f1o acad\u00e9mico, otorgada seg\u00fan dispuesto en el Reglamento presentado en la <a href=\"https:\/\/drive.google.com\/file\/d\/1L5aVRAfTHONoQ-xBygVUOiUOnNLD0xVA\/view?usp=sharing\">Certificaci\u00f3n 49 (2018-2019)<\/a> de la Junta de Gobierno de la UPR. Esta otorgaci\u00f3n no podr\u00e1 exceder la necesidad econ\u00f3mica determinada del estudiante, al ser combinada a otras ayudas econ\u00f3micas que \u00e9ste reciba, incluyendo el pr\u00e9stamo estudiantil.<\/p>\n<p>&nbsp;<\/p>\n<p style=\"text-align: justify;\">El Fondo Especial es asignado y aprobado por la Asamblea Legislativa de Puerto Rico que dispone la trasferencia de un tres por ciento (3%) de los ingresos netos proyectados de la Loter\u00eda Tradicional atribuibles al mes anterior, en virtud del Art\u00edculo 14 (d) de la Ley N\u00famero 10.<\/p>\n<p>&nbsp;<\/p>\n<p style=\"text-align: justify;\">Los estudiantes que son elegibles por el <em>Expected Family Contribution<\/em> (EFC), seg\u00fan definido por la FAFSA, no tendr\u00e1n que llenar una solicitud, ya que la beca se otorgar\u00e1 por programaci\u00f3n, basado en necesidad econ\u00f3mica, hasta que se agoten los fondos disponibles. Seg\u00fan la Certificaci\u00f3n 49, este EFC no puede ser mayor de 5486.<\/p>\n<p>&nbsp;<\/p>\n<p style=\"text-align: justify;\">Seg\u00fan la Certificaci\u00f3n 49 (2018-2019), luego de realizadas las otorgaciones de Beca a los estudiantes de acuerdo a las cantidades en el Art\u00edculo XI hubiere alg\u00fan sobrante, este podr\u00e1 ser utilizado para beneficiar estudiantes con casos especiales seg\u00fan se dispone a continuaci\u00f3n:<\/p>\n<ul>\n<li>Disminuci\u00f3n o cambio sustancial en el ingreso familiar como consecuencia de muerte, incapacidad o cesant\u00eda del empleo de alg\u00fan miembro del grupo familiar que aportaba al ingreso familiar del candidato solicitante; otras situaciones que establezcan disminuci\u00f3n o cambio sustancial en el ingreso familiar.<\/li>\n<li>Dos (2) o m\u00e1s miembros del grupo familiar o dependientes cursando estudios universitarios en una unidad del sistema universitario de la Universidad de Puerto Rico.<\/li>\n<li>Estudiantes que no cualifican para la Beca PELL o que cumplen con alguno de los siguientes criterios: liderato, prestaci\u00f3n de servicios a la comunidad, elaboraci\u00f3n de propuestas o ensayos que promuevan el desarrollo comunitario, creatividad y grado de innovaci\u00f3n de las propuestas, reconocimientos obtenidos en \u00e1reas de estudio, entre otros, cuyo ingreso familiar no excede de cien mil ($100,000.00) anuales.<\/li>\n<\/ul>\n<p>&nbsp;<\/p>\n<p>Para los casos especiales, el estudiante tiene que llenar el <a href=\"https:\/\/drive.google.com\/file\/d\/1192jfFVhSK7HJXY9ysWsWwgARigu0GAT\/view?usp=sharing\">Anejo A<\/a>.<\/p>\n<p>Para verificar la fecha l\u00edmite para entregar el Anejo A, debe orientarse en la Oficina de Asistencia Econ\u00f3mica de su recinto o unidad .<\/p>\n<p>&nbsp;<\/p>\n<p>Estas becas se otorgan a nivel de los recintos y unidades.[\/vc_column_text][\/vc_tta_section][\/vc_tta_tabs][\/vc_column][\/vc_row]<\/p>\n<\/div>","protected":false},"excerpt":{"rendered":"<p>[vc_row][vc_column][vc_tta_tabs][vc_tta_section title=\u00bbFondo Dotal\u00bb tab_id=\u00bbfondo-dotal\u00bb][vc_row_inner][vc_column_inner][vc_column_text] El Fondo Dotal de Ia Universidad de Puerto Rico tiene como objetivo respaldar las actividades acad\u00e9micas y de investigaci\u00f3n y creaci\u00f3n de la Universidad de Puerto Rico, para estudiantes sub graduados y graduados, asegurando Ia estabilidad fiscal de Ia instituci\u00f3n para generaciones futuras. El Fondo se constituye de aportaciones de entidades&hellip;<\/p>\n","protected":false},"author":12,"featured_media":0,"parent":805,"menu_order":75,"comment_status":"closed","ping_status":"closed","template":"","meta":{"_themeisle_gutenberg_block_has_review":false,"footnotes":""},"class_list":["post-6246","page","type-page","status-publish","hentry","description-off"],"_links":{"self":[{"href":"https:\/\/www.upr.edu\/ac\/wp-json\/wp\/v2\/pages\/6246","targetHints":{"allow":["GET"]}}],"collection":[{"href":"https:\/\/www.upr.edu\/ac\/wp-json\/wp\/v2\/pages"}],"about":[{"href":"https:\/\/www.upr.edu\/ac\/wp-json\/wp\/v2\/types\/page"}],"author":[{"embeddable":true,"href":"https:\/\/www.upr.edu\/ac\/wp-json\/wp\/v2\/users\/12"}],"replies":[{"embeddable":true,"href":"https:\/\/www.upr.edu\/ac\/wp-json\/wp\/v2\/comments?post=6246"}],"version-history":[{"count":205,"href":"https:\/\/www.upr.edu\/ac\/wp-json\/wp\/v2\/pages\/6246\/revisions"}],"predecessor-version":[{"id":41467,"href":"https:\/\/www.upr.edu\/ac\/wp-json\/wp\/v2\/pages\/6246\/revisions\/41467"}],"up":[{"embeddable":true,"href":"https:\/\/www.upr.edu\/ac\/wp-json\/wp\/v2\/pages\/805"}],"wp:attachment":[{"href":"https:\/\/www.upr.edu\/ac\/wp-json\/wp\/v2\/media?parent=6246"}],"curies":[{"name":"wp","href":"https:\/\/api.w.org\/{rel}","templated":true}]}}