{"id":5487,"date":"2016-12-21T10:13:05","date_gmt":"2016-12-21T14:13:05","guid":{"rendered":"https:\/\/www.upr.edu\/?page_id=5487"},"modified":"2022-08-01T14:18:24","modified_gmt":"2022-08-01T18:18:24","slug":"oficina-de-servicios-administrativos","status":"publish","type":"page","link":"https:\/\/www.upr.edu\/ac\/oficinas-adscritas\/oficina-de-servicios-administrativos\/","title":{"rendered":"Oficina de Servicios Administrativos"},"content":{"rendered":"<div class=\"wpb-content-wrapper\" id=\"wpb-content-root\"><p>[vc_row][vc_column][vc_single_image image=\u00bb17988&#8243; img_size=\u00bbfull\u00bb alignment=\u00bbcenter\u00bb][\/vc_column][\/vc_row][vc_row][vc_column width=\u00bb3\/4&#8243;][vc_empty_space][vc_tta_tabs][vc_tta_section title=\u00bbMisi\u00f3n y Visi\u00f3n\u00bb tab_id=\u00bbmision-vision\u00bb][vc_empty_space][vc_column_text]<b>Misi\u00f3n<\/b><\/p>\n<p><span style=\"font-weight: 400;\">Dirigir, planificar, coordinar y evaluar todas las actividades y procesos de la Oficina de Servicios Administrativos, incluyendo la administraci\u00f3n de las Divisiones de Servicios Generales, Seguridad y Vigilancia, Propiedad y Administraci\u00f3n de Documentos Pasivos.<\/span><\/p>\n<p><b>Visi\u00f3n<\/b><\/p>\n<p><span style=\"font-weight: 400;\">Asistir al Presidente de la Universidad de Puerto Rico, en la formulaci\u00f3n de la pol\u00edtica dirigida al mantenimiento de las instalaciones, \u00e1reas verdes y operacionales de la Administraci\u00f3n Central.<\/span>[\/vc_column_text][\/vc_tta_section][vc_tta_section title=\u00bbContacto\u00bb tab_id=\u00bbcontacto\u00bb][vc_empty_space][vc_row_inner][vc_column_inner width=\u00bb1\/2&#8243;][vc_column_text]<strong>Personal<\/strong><\/p>\n<p>&nbsp;<\/p>\n<p>Director<\/p>\n<p>Extensi\u00f3n 4432<\/p>\n<p><span style=\"font-weight: 400;\">\u00a0 \u00a0 \u00a0 \u00a0 \u00a0 \u00a0 \u00a0 \u00a0 \u00a0 \u00a0 \u00a0 \u00a0 \u00a0 \u00a0 \u00a0 \u00a0 \u00a0 \u00a0 \u00a0 \u00a0 \u00a0 \u00a0 \u00a0 \u00a0<\/span>[\/vc_column_text][vc_empty_space][vc_column_text]<\/p>\n<h4>Horario<\/h4>\n<div class=\"wpb_text_column wpb_content_element \"><\/div>\n<div class=\"wpb_text_column wpb_content_element \">\n<div class=\"wpb_wrapper\">\n<div>Lunes a Viernes<\/div>\n<ul>\n<li>7:30AM a 12:00M<\/li>\n<li>1:00PM a 4:00PM<\/li>\n<\/ul>\n<\/div>\n<\/div>\n<p>[\/vc_column_text][vc_empty_space height=\u00bb50px\u00bb][vc_column_text]<\/p>\n<div class=\"wpb_text_column wpb_content_element \">\n<div class=\"wpb_wrapper\">\n<h4><\/h4>\n<h4>Direcci\u00f3n Postal<\/h4>\n<\/div>\n<\/div>\n<div class=\"wpb_text_column wpb_content_element \">\n<div class=\"wpb_wrapper\">\n<div>Administraci\u00f3n Central<\/div>\n<div>\n<p>Universidad de Puerto Rico<\/p>\n<p>Oficina de Servicios Administrativos<\/p>\n<p>PO Box 364984<\/p>\n<p>San Juan PR 00936-4984<\/p>\n<\/div>\n<\/div>\n<\/div>\n<p>[\/vc_column_text][\/vc_column_inner][vc_column_inner width=\u00bb1\/2&#8243;][vc_column_text]<\/p>\n<p>&nbsp;<\/p>\n<p>Lavinia Villafa\u00f1e<\/p>\n<p>Asistente de\u00a0Administraci\u00f3n IV<\/p>\n<p>Extensi\u00f3n\u00a04438\u00a0<strong>\u00a0<\/strong><\/p>\n<p><a href=\"mailto:lavinia.villafane@upr.edu\/ac\">lavinia.villafane@upr.edu\/ac<\/a><span style=\"font-weight: 400;\">\u00a0 \u00a0 \u00a0 \u00a0 \u00a0 \u00a0 \u00a0 \u00a0 \u00a0 \u00a0 \u00a0 \u00a0 \u00a0 \u00a0 \u00a0 \u00a0 \u00a0 \u00a0 \u00a0 \u00a0 \u00a0 \u00a0 \u00a0 \u00a0<\/span>[\/vc_column_text][vc_empty_space height=\u00bb15px\u00bb][vc_column_text]<\/p>\n<h4>Tel\u00e9fono<\/h4>\n<div class=\"wpb_text_column wpb_content_element \"><strong>Cuadro<\/strong> (787)250-0000<\/div>\n<div class=\"wpb_text_column wpb_content_element \"><strong>Directo<\/strong> (787) 764-5338<\/div>\n<div class=\"wpb_text_column wpb_content_element \"><strong>Fax <\/strong>(787) 522-4662<\/div>\n<p>[\/vc_column_text][vc_empty_space height=\u00bb40px\u00bb][vc_column_text]<\/p>\n<div class=\"wpb_text_column wpb_content_element \">\n<div class=\"wpb_wrapper\">\n<h4>Direcci\u00f3n F\u00edsica<\/h4>\n<\/div>\n<\/div>\n<div class=\"wpb_text_column wpb_content_element \">\n<div class=\"wpb_wrapper\">\n<div class=\"wpb_text_column wpb_content_element \">\n<div class=\"wpb_wrapper\">\n<p>Oficina de Servicios Administrativos<\/p>\n<p>S\u00f3tano<\/p>\n<p>Edificio Administraci\u00f3n Central<\/p>\n<\/div>\n<\/div>\n<div class=\"wpb_text_column wpb_content_element \">\n<div class=\"wpb_wrapper\">\n<div>Jard\u00edn Bot\u00e1nico Sur<\/div>\n<div><\/div>\n<div><\/div>\n<div><\/div>\n<\/div>\n<\/div>\n<\/div>\n<\/div>\n<p>[\/vc_column_text][\/vc_column_inner][\/vc_row_inner][vc_row_inner][vc_column_inner][vc_gmaps link=\u00bb#E-8_JTNDaWZyYW1lJTIwc3R5bGUlM0QlMjJib3JkZXIlM0ElMjAwJTNCJTIyJTIwc3JjJTNEJTIyaHR0cHMlM0ElMkYlMkZ3d3cuZ29vZ2xlLmNvbSUyRm1hcHMlMkZlbWJlZCUzRnBiJTNEJTIxMW0xNCUyMTFtOCUyMTFtMyUyMTFkMzc4Ni4xMTE0MzA5NDc1NDQlMjEyZC02Ni4wNTU1NDIlMjEzZDE4LjM4Nzc3OTAwMDAwMDAwMiUyMTNtMiUyMTFpMTAyNCUyMTJpNzY4JTIxNGYxMy4xJTIxM20zJTIxMW0yJTIxMXMweDhjMDM2ODdhZjZlYmI0YzMlMjUzQTB4OThkNWRlMGY5MjI2ZDg1MiUyMTJzSmFyZCUyNUMzJTI1QURuJTJCQm90JTI1QzMlMjVBMW5pY28lMkJkZSUyQmxhJTJCVVBSJTIxNWUwJTIxM20yJTIxMXNlbiUyMTJzcHIlMjE0djE0MjczNzQxNDM4NDklMjIlMjB3aWR0aCUzRCUyMjQwMCUyMiUyMGhlaWdodCUzRCUyMjMwMCUyMiUyMGZyYW1lYm9yZGVyJTNEJTIyMCUyMiUzRSUzQyUyRmlmcmFtZSUzRQ==\u00bb][\/vc_column_inner][\/vc_row_inner][\/vc_tta_section][vc_tta_section title=\u00bbOrganigrama\u00bb tab_id=\u00bborganigrama\u00bb][vc_empty_space][vc_single_image image=\u00bb14411&#8243; img_size=\u00bbfull\u00bb][\/vc_tta_section][vc_tta_section title=\u00bbReglamento\u00bb tab_id=\u00bbReglamento\u00bb][vc_empty_space][vc_column_text]<a href=\"https:\/\/drive.google.com\/file\/d\/0BypQ7DYvTrDCY3dHLWRPd0lTbGM\/view\" target=\"_blank\" rel=\"noopener\">PROCEDIMIENTO PARA NOTIFICACI\u00d3N SOBRE P\u00c9RDIDA DE\u00a0PROPIEDAD O IRREGULARIDADES EN EL MANEJO DE BIENES Y\u00a0FONDOS P\u00daBLICOS DE LA ADMINISTRACI\u00d3N CENTRAL DE LA UNIVERSIDAD DE PUERTO RICO<\/a>[\/vc_column_text][\/vc_tta_section][vc_tta_section title=\u00bbFormularios de Solicitud\u00bb tab_id=\u00bbformularios\u00bb]<div class=\"aio-icon-component    style_2\"><a class=\"aio-icon-box-link\" href=\"https:\/\/www.upr.edu\/ac\/wp-content\/uploads\/sites\/1\/2022\/08\/Nueva-Solicitud-de-Tarjeta-de-Identificacion-ACUPR.pdf\" title=\"Solicitud de Tarjetas de Identificaci\u00f3n - Administraci\u00f3n Central\" ><div id=\"Info-box-wrap-8975\" class=\"aio-icon-box default-icon\" style=\"\"  ><div class=\"aio-icon-default\"><div class=\"ult-just-icon-wrapper  \"><div class=\"align-icon\" style=\"text-align:center;\">\n<div class=\"aio-icon none \" data-animation=\"fadeInUp\" data-animation-delay=\"03\" style=\"color:#333;font-size:32px;display:inline-block;\">\n\t<i class=\"Defaults-file-pdf-o\"><\/i>\n<\/div><\/div><\/div><\/div><div class=\"aio-icon-header\" ><h3 class=\"aio-icon-title ult-responsive\"  data-ultimate-target='#Info-box-wrap-8975 .aio-icon-title'  data-responsive-json-new='{\"font-size\":\"\",\"line-height\":\"\"}'  style=\"\">Solicitud de Tarjetas de Identificaci\u00f3n - Administraci\u00f3n Central<\/h3><\/div> <!-- header --><\/div> <!-- aio-icon-box --><\/a><\/div> <!-- aio-icon-component -->[\/vc_tta_section][\/vc_tta_tabs][\/vc_column][vc_column width=\u00bb1\/4&#8243;][vc_empty_space][vc_empty_space][vc_widget_sidebar sidebar_id=\u00bbsidebar_26&#8243;][\/vc_column][\/vc_row][vc_row][vc_column][\/vc_column][\/vc_row]<\/p>\n<\/div>","protected":false},"excerpt":{"rendered":"<p>[vc_row][vc_column][vc_single_image image=\u00bb17988&#8243; img_size=\u00bbfull\u00bb alignment=\u00bbcenter\u00bb][\/vc_column][\/vc_row][vc_row][vc_column width=\u00bb3\/4&#8243;][vc_empty_space][vc_tta_tabs][vc_tta_section title=\u00bbMisi\u00f3n y Visi\u00f3n\u00bb tab_id=\u00bbmision-vision\u00bb][vc_empty_space][vc_column_text]Misi\u00f3n Dirigir, planificar, coordinar y evaluar todas las actividades y procesos de la Oficina de Servicios Administrativos, incluyendo la administraci\u00f3n de las Divisiones de Servicios Generales, Seguridad y Vigilancia, Propiedad y Administraci\u00f3n de Documentos Pasivos. Visi\u00f3n Asistir al Presidente de la Universidad de Puerto Rico, en la&hellip;<\/p>\n","protected":false},"author":14,"featured_media":0,"parent":276,"menu_order":8,"comment_status":"closed","ping_status":"closed","template":"","meta":{"_themeisle_gutenberg_block_has_review":false,"footnotes":""},"class_list":["post-5487","page","type-page","status-publish","hentry","description-off"],"_links":{"self":[{"href":"https:\/\/www.upr.edu\/ac\/wp-json\/wp\/v2\/pages\/5487","targetHints":{"allow":["GET"]}}],"collection":[{"href":"https:\/\/www.upr.edu\/ac\/wp-json\/wp\/v2\/pages"}],"about":[{"href":"https:\/\/www.upr.edu\/ac\/wp-json\/wp\/v2\/types\/page"}],"author":[{"embeddable":true,"href":"https:\/\/www.upr.edu\/ac\/wp-json\/wp\/v2\/users\/14"}],"replies":[{"embeddable":true,"href":"https:\/\/www.upr.edu\/ac\/wp-json\/wp\/v2\/comments?post=5487"}],"version-history":[{"count":51,"href":"https:\/\/www.upr.edu\/ac\/wp-json\/wp\/v2\/pages\/5487\/revisions"}],"predecessor-version":[{"id":37363,"href":"https:\/\/www.upr.edu\/ac\/wp-json\/wp\/v2\/pages\/5487\/revisions\/37363"}],"up":[{"embeddable":true,"href":"https:\/\/www.upr.edu\/ac\/wp-json\/wp\/v2\/pages\/276"}],"wp:attachment":[{"href":"https:\/\/www.upr.edu\/ac\/wp-json\/wp\/v2\/media?parent=5487"}],"curies":[{"name":"wp","href":"https:\/\/api.w.org\/{rel}","templated":true}]}}