{"id":5477,"date":"2016-12-22T09:24:02","date_gmt":"2016-12-22T13:24:02","guid":{"rendered":"https:\/\/www.upr.edu\/?page_id=5477"},"modified":"2023-05-09T15:50:59","modified_gmt":"2023-05-09T19:50:59","slug":"oficina-de-servicios-administrativos-division-de-propiedad","status":"publish","type":"page","link":"https:\/\/www.upr.edu\/ac\/oficinas-adscritas\/oficina-de-servicios-administrativos\/oficina-de-servicios-administrativos-division-de-propiedad-2\/oficina-de-servicios-administrativos-division-de-propiedad\/","title":{"rendered":"Oficina de Servicios Administrativos \u2013 Divisi\u00f3n de Propiedad"},"content":{"rendered":"<div class=\"wpb-content-wrapper\" id=\"wpb-content-root\"><p>[vc_row][vc_column width=\u00bb3\/4&#8243;][vc_tta_tabs][vc_tta_section i_icon_fontawesome=\u00bbfas fa-eye\u00bb add_icon=\u00bbtrue\u00bb title=\u00bbMisi\u00f3n y Visi\u00f3n\u00bb tab_id=\u00bbmision-vision\u00bb][vc_column_text]<span style=\"font-weight: 400;\">Misi\u00f3n<\/span><\/p>\n<p><span style=\"font-weight: 400;\">Preservar y mantener un control adecuado de la propiedad adscrita a la Administraci\u00f3n Central de la Universidad de Puerto Rico. \u00a0Esto, en virtud del Reglamento para el control de la Propiedad Mueble de la UPR, Certificaci\u00f3n, N\u00fam. 062, Serie 1994-1995, de la entonces Junta de S\u00edndicos.<\/span><\/p>\n<p>&nbsp;<\/p>\n<p><span style=\"font-weight: 400;\">Visi\u00f3n<\/span><\/p>\n<p><span style=\"font-weight: 400;\">Ejercer y garantizar el control efectivo de la propiedad mueble adscrita a la Administraci\u00f3n Central, promoviendo m\u00e9todos eficientes para su utilizaci\u00f3n.<\/span>[\/vc_column_text][\/vc_tta_section][vc_tta_section i_icon_fontawesome=\u00bbfas fa-info-circle\u00bb add_icon=\u00bbtrue\u00bb title=\u00bbInformaci\u00f3n de Contacto\u00bb tab_id=\u00bbinformacion-contacto\u00bb][vc_empty_space][vc_row_inner][vc_column_inner][vc_column_text]<\/p>\n<h4 style=\"text-align: left;\">Personal<\/h4>\n<p>[\/vc_column_text][vc_column_text]<\/p>\n<div style=\"text-align: justify;\">\n<p><span style=\"font-weight: 400;\">Jorge de Jes\u00fas<\/span><\/p>\n<p><span style=\"font-weight: 400;\">Encargado de la Propiedad<\/span><\/p>\n<p><a href=\"mailto:jorge.dejesus2@upr.edu\/ac\"><span style=\"font-weight: 400;\">jorge.dejesus2@upr.edu\/ac<\/span><\/a><\/p>\n<\/div>\n<p>[\/vc_column_text][vc_empty_space][vc_empty_space][\/vc_column_inner][\/vc_row_inner][vc_row_inner][vc_column_inner width=\u00bb1\/2&#8243;][vc_column_text]<\/p>\n<h4 style=\"text-align: left;\">Horario<\/h4>\n<p>[\/vc_column_text][vc_column_text]<\/p>\n<div style=\"text-align: justify;\"><\/div>\n<div style=\"text-align: justify;\">Lunes a viernes<\/div>\n<ul>\n<li>8:00AM a 12:00M<\/li>\n<li>1:00PM a 4:30PM<\/li>\n<\/ul>\n<p>[\/vc_column_text][vc_empty_space height=\u00bb40px\u00bb][vc_column_text]<\/p>\n<div style=\"text-align: left;\">\n<div class=\"wpb_text_column wpb_content_element \">\n<div class=\"wpb_wrapper\">\n<h4>Direcci\u00f3n Postal<\/h4>\n<\/div>\n<\/div>\n<div class=\"wpb_text_column wpb_content_element \">\n<div class=\"wpb_wrapper\">\n<div>Administraci\u00f3n Central<\/div>\n<div>\n<p>Universidad de Puerto Rico<\/p>\n<p>Oficina de Servicios Administrativos<\/p>\n<p>PO Box 364984<\/p>\n<p>San Juan PR 00936-4984<\/p>\n<\/div>\n<\/div>\n<\/div>\n<\/div>\n<p>[\/vc_column_text][\/vc_column_inner][vc_column_inner width=\u00bb1\/2&#8243;][vc_column_text]<\/p>\n<h4 style=\"text-align: left;\">Tel\u00e9fono<\/h4>\n<p>[\/vc_column_text][vc_column_text]<strong>Cuadro<\/strong> (787)250-0000, x\u00a0<span style=\"font-weight: 400;\">4006<\/span><\/p>\n<p><strong>Fax <\/strong>(787) 522-7080[\/vc_column_text][vc_empty_space height=\u00bb40px\u00bb][vc_column_text]<\/p>\n<div style=\"text-align: left;\">\n<h4 style=\"text-align: left;\">Direcci\u00f3n F\u00edsica<\/h4>\n<\/div>\n<div style=\"text-align: left;\">S\u00f3tano<\/div>\n<div style=\"text-align: left;\">Edificio Administraci\u00f3n Central<\/div>\n<div style=\"text-align: left;\">Jard\u00edn Bot\u00e1nico Sur<\/div>\n<p>[\/vc_column_text][\/vc_column_inner][\/vc_row_inner][\/vc_tta_section][vc_tta_section i_icon_fontawesome=\u00bbfas fa-file-signature\u00bb add_icon=\u00bbtrue\u00bb title=\u00bbFormularios\u00bb tab_id=\u00bbformularios\u00bb][vc_column_text]<\/p>\n<ul>\n<li><a href=\"https:\/\/www.upr.edu\/ac\/wp-content\/uploads\/sites\/1\/2023\/05\/01-OSAPR1_Inventario_propiedad_mueble_2016.pdf\" target=\"_blank\" rel=\"noopener\">Inventario propiedad mueble (OSA.PR1)<\/a><\/li>\n<li><a href=\"https:\/\/www.upr.edu\/ac\/wp-content\/uploads\/sites\/1\/2023\/05\/02-M-255-Designacion-Enlace-de-Propiedad-Llenable.pdf\" target=\"_blank\" rel=\"noopener\">Designaci\u00f3n enlace de propiedad mueble\u00a0 (OSA.PR2)<\/a><\/li>\n<li><a href=\"https:\/\/www.upr.edu\/ac\/wp-content\/uploads\/sites\/1\/2023\/05\/03-Modelo-268-Transferencia-Interna-Equipo-Mueble-Enmendado-Llenable.pdf\" target=\"_blank\" rel=\"noopener\">Informe de transferencia interna de propiedad mueble\u00a0 (OSA.PR3)<\/a><\/li>\n<li><a href=\"https:\/\/www.upr.edu\/ac\/wp-content\/uploads\/sites\/1\/2023\/05\/04-MODELO-252-NOT.-PROP.-DAM.-DES.-ILEG.-APRO.-4-MAY-15-Llenable.pdf\" target=\"_blank\" rel=\"noopener\">Informe de Propiedad de la UPR hurtada o desaparecida\u00a0 (OSA.PR4)<\/a><\/li>\n<li><a href=\"https:\/\/www.upr.edu\/ac\/wp-content\/uploads\/sites\/1\/2023\/05\/05-OSAPR5_Recibo-Prestamo-de-Equipo-revisado-2016.pdf\" target=\"_blank\" rel=\"noopener\">Recibo Pr\u00e9stamo de Equipo\u00a0 (OSA.PR5)<\/a><\/li>\n<li><a href=\"https:\/\/www.upr.edu\/ac\/wp-content\/uploads\/sites\/1\/2023\/05\/06-OSAPR6_Sol_AutCert_DestEquipoInservible_NElectonino_NoReciclable_2016.pdf\" target=\"_blank\" rel=\"noopener\">Solicitud Autorizacion y Certificacion sobre destruccion de equipo inservible no electronico reciclable (OSA.PR6)<\/a><\/li>\n<li><a href=\"https:\/\/www.upr.edu\/ac\/wp-content\/uploads\/sites\/1\/2023\/05\/07-OSAPR7_Sol_Aut_Prestamo_Propiedad_Mueble_2016.pdf\" target=\"_blank\" rel=\"noopener\">Solicitud y Autorizaci\u00f3n de Pr\u00e9stamo de \u00a0propiedad mueble\u00a0 (OSA.PR7)<\/a><\/li>\n<li><a href=\"https:\/\/www.upr.edu\/ac\/wp-content\/uploads\/sites\/1\/2023\/05\/08-OSAPR8_RelProp_NoCorr_Subunidad_Inv_2016.pdf\" target=\"_blank\" rel=\"noopener\">Relaci\u00f3n de propiedad que no corresponde a su sub-unidad de inventario\u00a0 (OSA.PR8)<\/a><\/li>\n<li><a href=\"https:\/\/www.upr.edu\/ac\/wp-content\/uploads\/sites\/1\/2023\/05\/09-Modelo-324-Recibo-de-Propiedad-Llenable.pdf\">Recibo de Propiedad &#8211; Modelo 324<\/a><\/li>\n<li><a href=\"https:\/\/www.upr.edu\/ac\/wp-content\/uploads\/sites\/1\/2023\/05\/10-Modelo-367-Sol.-y-Aut.-para-uso-oficial-de-propiedad-universitaria-fuera-de-la-AC-Llenable.pdf\">Solicitud y Autorizaci\u00f3n para Uso Oficial de Propiedad Universitaria Fuera de la Administraci\u00f3n Central &#8211; Modelo 367<\/a><\/li>\n<\/ul>\n<p>&nbsp;<\/p>\n<div class=\"wpb_text_column wpb_content_element \">\n<div class=\"wpb_wrapper\">\n<p>Para leer estos documentos en formato PDF necesitar\u00e1 el programado Adobe Acrobat Reader. Puede acceder la siguiente imagen para obtenerlo.<\/p>\n<\/div>\n<\/div>\n<div class=\"wpb_single_image wpb_content_element vc_align_left\">\n<figure class=\"wpb_wrapper vc_figure\"><a href=\"https:\/\/get.adobe.com\/es\/reader\/\"><img loading=\"lazy\" decoding=\"async\" class=\"alignnone wp-image-1875 size-full\" src=\"https:\/\/www.upr.edu\/ac\/wp-content\/uploads\/sites\/1\/2014\/07\/get_adobe_reader.gif\" alt=\"Imagen para obtener la herramienta adobe acrobat reader\" width=\"112\" height=\"33\" \/><\/a><\/figure>\n<\/div>\n<p>[\/vc_column_text][\/vc_tta_section][vc_tta_section i_icon_fontawesome=\u00bbfas fa-book\u00bb add_icon=\u00bbtrue\u00bb title=\u00bbReglamento\u00bb tab_id=\u00bbreglamentos\u00bb][vc_column_text]<a href=\"http:\/\/www.vcertifica.upr.edu\/ac\/PDF\/CERTIFICACION\/1994-1995\/62%201994-1995.pdf\" target=\"_blank\" rel=\"noopener\">CERTIFICACI\u00d3N N\u00daMERO 062 1994-95\u00a0<\/a>&#8211;\u00a0Reglamento para el control de la Propiedad<\/p>\n<p><a href=\"http:\/\/www.vcertifica.upr.edu\/ac\/PDF\/CERTIFICACION\/2014-2015\/167%202014-2015.pdf\" target=\"_blank\" rel=\"noopener\">CERTIFICACI\u00d3N N\u00daMERO 167 2014-2015<\/a>\u00a0&#8211; Enmienda al\u00a0 Reglamento para el control de la Propiedad<\/p>\n<p>&nbsp;<\/p>\n<div class=\"wpb_text_column wpb_content_element \">\n<div class=\"wpb_wrapper\">\n<p>Para leer estos documentos en formato PDF necesitar\u00e1 el programado Adobe Acrobat Reader. Puede acceder la siguiente imagen para obtenerlo.<\/p>\n<\/div>\n<\/div>\n<div class=\"wpb_single_image wpb_content_element vc_align_left\">\n<figure class=\"wpb_wrapper vc_figure\"><a href=\"https:\/\/get.adobe.com\/es\/reader\/\"><img loading=\"lazy\" decoding=\"async\" class=\"alignnone wp-image-1875 size-full\" src=\"https:\/\/www.upr.edu\/ac\/wp-content\/uploads\/sites\/1\/2014\/07\/get_adobe_reader.gif\" alt=\"Imagen para obtener la herramienta adobe acrobat reader\" width=\"112\" height=\"33\" \/><\/a><\/figure>\n<\/div>\n<p>[\/vc_column_text][\/vc_tta_section][\/vc_tta_tabs][\/vc_column][vc_column width=\u00bb1\/4&#8243;][vc_empty_space][vc_empty_space][vc_widget_sidebar sidebar_id=\u00bbsidebar_26&#8243;][\/vc_column][\/vc_row]<\/p>\n<\/div>","protected":false},"excerpt":{"rendered":"<p>[vc_row][vc_column width=\u00bb3\/4&#8243;][vc_tta_tabs][vc_tta_section i_icon_fontawesome=\u00bbfas fa-eye\u00bb add_icon=\u00bbtrue\u00bb title=\u00bbMisi\u00f3n y Visi\u00f3n\u00bb tab_id=\u00bbmision-vision\u00bb][vc_column_text]Misi\u00f3n Preservar y mantener un control adecuado de la propiedad adscrita a la Administraci\u00f3n Central de la Universidad de Puerto Rico. \u00a0Esto, en virtud del Reglamento para el control de la Propiedad Mueble de la UPR, Certificaci\u00f3n, N\u00fam. 062, Serie 1994-1995, de la entonces Junta de S\u00edndicos.&hellip;<\/p>\n","protected":false},"author":93,"featured_media":0,"parent":17886,"menu_order":0,"comment_status":"closed","ping_status":"closed","template":"","meta":{"_themeisle_gutenberg_block_has_review":false,"footnotes":""},"class_list":["post-5477","page","type-page","status-publish","hentry","description-off"],"_links":{"self":[{"href":"https:\/\/www.upr.edu\/ac\/wp-json\/wp\/v2\/pages\/5477","targetHints":{"allow":["GET"]}}],"collection":[{"href":"https:\/\/www.upr.edu\/ac\/wp-json\/wp\/v2\/pages"}],"about":[{"href":"https:\/\/www.upr.edu\/ac\/wp-json\/wp\/v2\/types\/page"}],"author":[{"embeddable":true,"href":"https:\/\/www.upr.edu\/ac\/wp-json\/wp\/v2\/users\/93"}],"replies":[{"embeddable":true,"href":"https:\/\/www.upr.edu\/ac\/wp-json\/wp\/v2\/comments?post=5477"}],"version-history":[{"count":56,"href":"https:\/\/www.upr.edu\/ac\/wp-json\/wp\/v2\/pages\/5477\/revisions"}],"predecessor-version":[{"id":39622,"href":"https:\/\/www.upr.edu\/ac\/wp-json\/wp\/v2\/pages\/5477\/revisions\/39622"}],"up":[{"embeddable":true,"href":"https:\/\/www.upr.edu\/ac\/wp-json\/wp\/v2\/pages\/17886"}],"wp:attachment":[{"href":"https:\/\/www.upr.edu\/ac\/wp-json\/wp\/v2\/media?parent=5477"}],"curies":[{"name":"wp","href":"https:\/\/api.w.org\/{rel}","templated":true}]}}