{"id":4957,"date":"2015-08-27T11:45:46","date_gmt":"2015-08-27T15:45:46","guid":{"rendered":"https:\/\/www.upr.edu\/?page_id=4957"},"modified":"2025-08-19T13:41:41","modified_gmt":"2025-08-19T17:41:41","slug":"comunicaciones-quienes-somos","status":"publish","type":"page","link":"https:\/\/www.upr.edu\/ac\/comunicaciones\/comunicaciones-quienes-somos\/","title":{"rendered":"Comunicaciones &#8211; Qui\u00e9nes somos"},"content":{"rendered":"<div class=\"wpb-content-wrapper\" id=\"wpb-content-root\"><p>[vc_row][vc_column width=\u00bb4\/6&#8243;][vc_column_text]<\/p>\n<p style=\"text-align: justify\">La funci\u00f3n principal de la Oficina de Comunicaciones de la Universidad de Puerto Rico (UPR) es velar por la imagen institucional. Adem\u00e1s, sirve de enlace con los Medios y como facilitador para divulgar los logros de profesores, investigadores y estudiantes.<\/p>\n<p style=\"text-align: justify\">Como parte de sus funciones destacan, adem\u00e1s, recopilar y distribuir las noticias m\u00e1s relevantes relacionadas con la universidad, y tiene a su cargo el manejo de las redes sociales como v\u00ednculos de gran relevancia con nuestra comunidad universitaria y el resto del Pa\u00eds.<\/p>\n<p style=\"text-align: justify\">La redacci\u00f3n de comunicados de prensa, mensajes y otros documentos, tambi\u00e9n es responsabilidad de esta oficina que, adem\u00e1s, coordina conferencias de prensa y otros eventos de divulgaci\u00f3n importantes para informar sobre logros y alcances del trabajo que se realiza en la UPR. Tiene la encomienda de dise\u00f1ar folletos, op\u00fasculos, invitaciones y otro material gr\u00e1fico.<\/p>\n<p style=\"text-align: justify\">Esta oficina tambi\u00e9n dise\u00f1a, ejecuta y divulga planes, programas, mecanismos y acciones de comunicaci\u00f3n interna y externa, y colabora con todas las unidades acad\u00e9micas y administrativas en la promoci\u00f3n de los programas y servicios que ofrece la UPR.<\/p>\n<p style=\"text-align: justify\">Es custodia del archivo digital fotogr\u00e1fico y documental de los eventos que se llevan a cabo en la Universidad.<\/p>\n<p style=\"text-align: justify\">Junto a un grupo de excelentes profesionales, trabajamos con un alto sentido de compromiso, reconociendo que la Universidad de Puerto Rico es centro de la investigaci\u00f3n y el proyecto social m\u00e1s importante del Pa\u00eds.<\/p>\n<p>[\/vc_column_text][\/vc_column][vc_column width=\u00bb2\/6&#8243;][vc_column_text css=\u00bb\u00bb][vc_row][vc_column width=\u00bb1\/1&#8243;][vc_column_text]<\/p>\n<div style=\"line-height: 200%;\">\n<div><\/div>\n<\/div>\n<div style=\"line-height: 200%;\">\n<div style=\"line-height: 200%;\"><\/div>\n<div style=\"line-height: 200%;\">\n<div style=\"line-height: 200%;\"><\/div>\n<\/div>\n<\/div>\n<p style=\"text-align: justify;\"><strong><strong><span style=\"color: #f28c20;\">GRUPO DE TRABAJO<\/span><\/strong><\/strong><\/p>\n<div style=\"line-height: 200%;\">\n<div style=\"line-height: 200%;\"><b>Vacante<\/b><\/div>\n<div style=\"line-height: 200%;\"><span style=\"color: #f28c20;\">Directora<\/span><\/div>\n<\/div>\n<div>&#8211;<\/div>\n<div><\/div>\n<div><\/div>\n<div>\n<hr>\n<\/div>\n<div style=\"line-height: 200%;\">\n<div><\/div>\n<\/div>\n<div>\n<div>\n<div><\/div>\n<div><b>Vacante<\/b><\/div>\n<div><span style=\"color: #f28c20;\">Oficial de Prensa<\/span><\/div>\n<\/div>\n<div style=\"line-height: 200%;\">_<\/div>\n<\/div>\n<div><\/div>\n<div style=\"line-height: 200%;\">\n<div style=\"line-height: 200%;\">\n<div style=\"line-height: 200%;\">\n<div style=\"line-height: 200%;\">\n<hr>\n<\/div>\n<div style=\"line-height: 200%;\">\n<div style=\"line-height: 200%;\">\n<div><\/div>\n<div style=\"line-height: 200%;\">\n<div style=\"line-height: 200%;\">\n<div style=\"line-height: 200%;\"><b>Carmen Jarvis Brookes<\/b><\/div>\n<div style=\"line-height: 200%;\"><span style=\"color: #f28c20;\">Oficial Ejecutivo<\/span><\/div>\n<div style=\"line-height: 200%;\">carmen.jarvisbrookes@upr.edu\/ac<\/div>\n<\/div>\n<\/div>\n<\/div>\n<\/div>\n<\/div>\n<\/div>\n<\/div>\n<div style=\"line-height: 200%;\">\n<div>\n<div style=\"line-height: 200%;\">\n<div><\/div>\n<\/div>\n<div style=\"line-height: 200%;\">\n<div style=\"line-height: 200%;\">\n<hr>\n<\/div>\n<div style=\"line-height: 200%;\">\n<div style=\"line-height: 200%;\"><\/div>\n<\/div>\n<\/div>\n<\/div>\n<div style=\"line-height: 200%;\">\n<div style=\"line-height: 200%;\">\n<div style=\"line-height: 200%;\"><b>Nelson Vargas Vega<\/b><\/div>\n<div style=\"line-height: 200%;\"><span style=\"color: #f28c20;\">Dise\u00f1ador Gr\u00e1fico<\/span><\/div>\n<div style=\"line-height: 200%;\">nelson.vargas2@upr.edu\/ac<\/div>\n<\/div>\n<\/div>\n<div>\n<div style=\"line-height: 200%;\">\n<div><\/div>\n<\/div>\n<div style=\"line-height: 200%;\">\n<div style=\"line-height: 200%;\">\n<hr>\n<\/div>\n<div style=\"line-height: 200%;\">\n<div style=\"line-height: 200%;\"><\/div>\n<\/div>\n<\/div>\n<\/div>\n<div style=\"line-height: 200%;\"><\/div>\n<\/div>\n<div><\/div>\n<div style=\"line-height: 200%;\">\n<p>Directo: 787.754.1219<\/p>\n<\/div>\n<p><span style=\"color: #000000;\">Tel\u00e9fono: 787.250.0000 <\/span><\/p>\n<p><span style=\"color: #000000;\">Ext. 2400, 2401, 3070<\/span><\/p>\n<p><span style=\"color: #000000;\"><em>Email<\/em>: comunicaciones.ac@upr.edu\/ac<\/span>[\/vc_column_text][\/vc_column][\/vc_row]<\/p>\n<\/div>","protected":false},"excerpt":{"rendered":"<p>[vc_row][vc_column width=\u00bb4\/6&#8243;][vc_column_text] La funci\u00f3n principal de la Oficina de Comunicaciones de la Universidad de Puerto Rico (UPR) es velar por la imagen institucional. Adem\u00e1s, sirve de enlace con los Medios y como facilitador para divulgar los logros de profesores, investigadores y estudiantes. Como parte de sus funciones destacan, adem\u00e1s, recopilar y distribuir las noticias m\u00e1s&hellip;<\/p>\n","protected":false},"author":12,"featured_media":0,"parent":1238,"menu_order":58,"comment_status":"closed","ping_status":"closed","template":"","meta":{"_themeisle_gutenberg_block_has_review":false,"footnotes":""},"class_list":["post-4957","page","type-page","status-publish","hentry","description-off"],"_links":{"self":[{"href":"https:\/\/www.upr.edu\/ac\/wp-json\/wp\/v2\/pages\/4957","targetHints":{"allow":["GET"]}}],"collection":[{"href":"https:\/\/www.upr.edu\/ac\/wp-json\/wp\/v2\/pages"}],"about":[{"href":"https:\/\/www.upr.edu\/ac\/wp-json\/wp\/v2\/types\/page"}],"author":[{"embeddable":true,"href":"https:\/\/www.upr.edu\/ac\/wp-json\/wp\/v2\/users\/12"}],"replies":[{"embeddable":true,"href":"https:\/\/www.upr.edu\/ac\/wp-json\/wp\/v2\/comments?post=4957"}],"version-history":[{"count":52,"href":"https:\/\/www.upr.edu\/ac\/wp-json\/wp\/v2\/pages\/4957\/revisions"}],"predecessor-version":[{"id":41575,"href":"https:\/\/www.upr.edu\/ac\/wp-json\/wp\/v2\/pages\/4957\/revisions\/41575"}],"up":[{"embeddable":true,"href":"https:\/\/www.upr.edu\/ac\/wp-json\/wp\/v2\/pages\/1238"}],"wp:attachment":[{"href":"https:\/\/www.upr.edu\/ac\/wp-json\/wp\/v2\/media?parent=4957"}],"curies":[{"name":"wp","href":"https:\/\/api.w.org\/{rel}","templated":true}]}}