{"id":2498,"date":"2015-07-29T11:28:24","date_gmt":"2015-07-29T15:28:24","guid":{"rendered":"http:\/\/136.145.11.14\/?page_id=2498"},"modified":"2022-08-08T15:01:26","modified_gmt":"2022-08-08T19:01:26","slug":"vicepresidencia-de-asuntos-estudiantiles-politicas-institucionales","status":"publish","type":"page","link":"https:\/\/www.upr.edu\/ac\/vicepresidencias\/vicepresindencia-de-asuntos-estudiantiles\/vicepresidencia-de-asuntos-estudiantiles-politicas-institucionales\/","title":{"rendered":"Vicepresidencia en Asuntos Estudiantiles &#8211; Pol\u00edticas Institucionales y Datos"},"content":{"rendered":"<div class=\"wpb-content-wrapper\" id=\"wpb-content-root\"><p>[vc_row][vc_column][vc_tabs][vc_tab title=\u00bbPol\u00edticas\u00bb tab_id=\u00bb9f600e0d-9c9e-1&#8243;]<div class=\"aio-icon-component    style_2\"><div id=\"Info-box-wrap-3485\" class=\"aio-icon-box left-icon\" style=\"\"  ><div class=\"aio-icon-left\"><div class=\"ult-just-icon-wrapper  \"><div class=\"align-icon\" style=\"text-align:center;\">\n<div class=\"aio-icon-img \" style=\"font-size:150px;display:inline-block;\" >\n\t<img decoding=\"async\" class=\"img-icon\" alt=\"Vicepresidencia en Asuntos Estudiantiles &#8211; Pol\u00edticas Institucionales\" src=\"https:\/\/www.upr.edu\/ac\/wp-content\/uploads\/sites\/1\/2015\/07\/Copy-of-Cloud-1-1.png\"\/>\n<\/div><\/div><\/div><\/div><div class=\"aio-ibd-block\"><div class=\"aio-icon-description ult-responsive\"  data-ultimate-target='#Info-box-wrap-3485 .aio-icon-description'  data-responsive-json-new='{\"font-size\":\"\",\"line-height\":\"\"}'  style=\"\"><b>Vicepresidencia en Asuntos Estudiantiles<\/b><\/p>\n<ul>\n<li><a href=\"http:\/\/www.vcertifica.upr.edu\/ac\/PDF\/CERTIFICACION\/2016-2017\/70%202016-2017.pdf\">Reglamento General de Estudiantes<\/a><\/li>\n<li><a href=\"https:\/\/www.upr.edu\/ac\/mdocs-posts\/medidas-para-elevar-tasas-de-acceso-retencion-y-graduacion-en-upr-2\/\">Medidas para elevar tasas de acceso, retenci\u00f3n y graduaci\u00f3n en la UPR<\/a><\/li>\n<li><a href=\"https:\/\/www.upr.edu\/ac\/mdocs-posts\/politica-sobre-la-procuraduria-estudiantil\/\" target=\"_blank\" rel=\"noopener noreferrer\">Pol\u00edtica de la Universidad de Puerto Rico sobre la Procuradur\u00eda Estudiantil<\/a><\/li>\n<li><a href=\"https:\/\/www.upr.edu\/ac\/mdocs-posts\/reglamento-de-las-justas-atleticas-de-la-upr\/\" target=\"_blank\" rel=\"noopener noreferrer\">Reglamento de las justas atl\u00e9ticas de la Universidad de Puerto Rico<\/a><\/li>\n<li><a href=\"https:\/\/www.upr.edu\/ac\/mdocs-posts\/politica-sobre-los-servicios-de-desarrollo-profesional-y-colocaciones-estudiantes-upr\/\" target=\"_blank\" rel=\"noopener noreferrer\">Pol\u00edtica sobre los servicios de desarrollo profesional y colocaciones a estudiantes de la UPR<\/a><\/li>\n<li><a href=\"http:\/\/www.vcertifica.upr.edu\/ac\/PDF\/CERTIFICACION\/2019-2020\/75%202019-2020.pdf\">Pol\u00edtica Institucional Sobre la Otorgaci\u00f3n de Ayudas Econ\u00f3micas con Distinciones Acad\u00e9micas en la UPR<\/a><\/li>\n<li><a href=\"https:\/\/www.upr.edu\/ac\/mdocs-posts\/reglamento-medidas-proteccion-estudiantes-activados-fuerzas-armadas-eeuu-y-guardia-nacional\/\" target=\"_blank\" rel=\"noopener noreferrer\">Reglamento Medidas Proteccion Estudiantes Activados Fuerzas Armadas EEUU y Guardia Nacional<\/a><\/li>\n<li><a href=\"https:\/\/www.upr.edu\/ac\/mdocs-posts\/codigo-de-conducta-estudiantil\/\" target=\"_blank\" rel=\"noopener noreferrer\">C\u00f3digo de Conducta Estudiantil<\/a><\/li>\n<li><a href=\"https:\/\/www.upr.edu\/ac\/mdocs-posts\/estudiantes-servicio-militar-activo-2\/\" target=\"_blank\" rel=\"noopener noreferrer\">Circular Estudiantes Servicio Militar Activo<\/a><\/li>\n<\/ul>\n<p><\/div> <!-- description --><\/div> <!-- aio-ibd-block --><\/div> <!-- aio-icon-box --><\/div> <!-- aio-icon-component --><div class=\"aio-icon-component    style_2\"><div id=\"Info-box-wrap-4296\" class=\"aio-icon-box left-icon\" style=\"\"  ><div class=\"aio-icon-left\"><div class=\"ult-just-icon-wrapper  \"><div class=\"align-icon\" style=\"text-align:center;\">\n<div class=\"aio-icon-img \" style=\"font-size:150px;display:inline-block;\" >\n\t<img decoding=\"async\" class=\"img-icon\" alt=\"Vicepresidencia en Asuntos Estudiantiles &#8211; Pol\u00edticas Institucionales\" src=\"https:\/\/www.upr.edu\/ac\/wp-content\/uploads\/sites\/1\/2015\/07\/Admisiones.gif\"\/>\n<\/div><\/div><\/div><\/div><div class=\"aio-ibd-block\"><div class=\"aio-icon-description ult-responsive\"  data-ultimate-target='#Info-box-wrap-4296 .aio-icon-description'  data-responsive-json-new='{\"font-size\":\"\",\"line-height\":\"\"}'  style=\"\"><b>Admisiones<\/b><\/p>\n<ul>\n<li><a href=\"https:\/\/www.upr.edu\/ac\/mdocs-posts\/politica-y-normas-de-admision-a-la-universidad-de-puerto-rico-para-subgraduados\/\">Pol\u00edtica y normas de admisi\u00f3n a la Universidad de Puerto Rico para subgraduados<\/a><\/li>\n<li><a href=\"https:\/\/www.upr.edu\/ac\/mdocs-posts\/politica-de-admision-diferida-para-estudiantes-graduados\/\">Pol\u00edtica de admisi\u00f3n diferida para estudiantes graduados<\/a><\/li>\n<li><a href=\"https:\/\/www.upr.edu\/ac\/mdocs-posts\/acuerdo-colaborativo-entre-la-universidad-de-puerto-rico-y-el-departamento-de-correccion-y-rehabilitacion-para-facilitar-el-acceso-de-confinados-y-confinadas-de-maxima-seguridad-a-estudios-de-educacio\/\">Acuerdo colaborativo entre la Universidad de Puerto Rico y el Departamento de Correcci\u00f3n y Rehabilitaci\u00f3n para facilitar el acceso de confinados y confinadas de m\u00e1xima seguridad a estudios de educaci\u00f3n superior<\/a><\/li>\n<li><a href=\"https:\/\/www.upr.edu\/ac\/mdocs-posts\/plan-piloto-que-establezca-que-el-cobro-de-la-cuota-de-la-solicitud-de-admision-a-la-universidad-de-puerto-rico-se-incluya-en-la-matricula-de-los-estudiantes-admitidos-3\/\">Plan piloto que establezca que el cobro de la cuota de la solicitud de admisi\u00f3n a la Universidad de Puerto Rico se incluya en la matr\u00edcula de los estudiantes admitidos<\/a><\/li>\n<li><a href=\"https:\/\/www.upr.edu\/ac\/mdocs-posts\/procedimiento-para-la-implantacion-dela-ley-250-de-2012-en-la-universidad-de-puerto-rico\/\">Procedimiento para la implantaci\u00f3n de la ley 250 de 2012 en la Universidad de Puerto Rico<\/a><\/li>\n<\/ul>\n<p><\/div> <!-- description --><\/div> <!-- aio-ibd-block --><\/div> <!-- aio-icon-box --><\/div> <!-- aio-icon-component --><div class=\"aio-icon-component    style_2\"><div id=\"Info-box-wrap-8250\" class=\"aio-icon-box left-icon\" style=\"\"  ><div class=\"aio-icon-left\"><div class=\"ult-just-icon-wrapper  \"><div class=\"align-icon\" style=\"text-align:center;\">\n<div class=\"aio-icon-img \" style=\"font-size:150px;display:inline-block;\" >\n\t<img decoding=\"async\" class=\"img-icon\" alt=\"Vicepresidencia en Asuntos Estudiantiles &#8211; Pol\u00edticas Institucionales\" src=\"https:\/\/www.upr.edu\/ac\/wp-content\/uploads\/sites\/1\/2015\/07\/fafsa.png\"\/>\n<\/div><\/div><\/div><\/div><div class=\"aio-ibd-block\"><div class=\"aio-icon-description ult-responsive\"  data-ultimate-target='#Info-box-wrap-8250 .aio-icon-description'  data-responsive-json-new='{\"font-size\":\"\",\"line-height\":\"\"}'  style=\"\"><b>Asistencia Econ\u00f3mica<\/b><\/p>\n<ul>\n<li><a href=\"https:\/\/apicertificaciones.upr.edu\/ac\/file\/download\/23521\" target=\"_blank\" rel=\"noopener noreferrer\">Pol\u00edtica y normas de elegibilidad acad\u00e9mica para la participaci\u00f3n de ayudas econ\u00f3micas de la UPR<\/a><\/li>\n<li><a href=\"https:\/\/apicertificaciones.upr.edu\/ac\/file\/download\/23689\" target=\"_blank\" rel=\"noopener noreferrer\">Politica sobre cargos de matr\u00edcula en la Universidad de Puerto Rico<\/a><\/li>\n<li><a href=\"https:\/\/www.upr.edu\/ac\/mdocs-posts\/revision-del-metodo-y-condiciones-para-establecer-los-cargos-de-matricula-en-la-universidad-de-puerto-rico\/\" target=\"_blank\" rel=\"noopener noreferrer\">Revisi\u00f3n del m\u00e9todo y condiciones para establecer los cargos de matr\u00edcula en la Universidad de Puerto Rico<\/a><\/li>\n<\/ul>\n<p><\/div> <!-- description --><\/div> <!-- aio-ibd-block --><\/div> <!-- aio-icon-box --><\/div> <!-- aio-icon-component --><div class=\"aio-icon-component    style_2\"><div id=\"Info-box-wrap-7703\" class=\"aio-icon-box left-icon\" style=\"\"  ><div class=\"aio-icon-left\"><div class=\"ult-just-icon-wrapper  \"><div class=\"align-icon\" style=\"text-align:center;\">\n<div class=\"aio-icon-img \" style=\"font-size:150px;display:inline-block;\" >\n\t<img decoding=\"async\" class=\"img-icon\" alt=\"Vicepresidencia en Asuntos Estudiantiles &#8211; Pol\u00edticas Institucionales\" src=\"https:\/\/www.upr.edu\/ac\/wp-content\/uploads\/sites\/1\/2015\/07\/sustanciascontroladas.png\"\/>\n<\/div><\/div><\/div><\/div><div class=\"aio-ibd-block\"><div class=\"aio-icon-description ult-responsive\"  data-ultimate-target='#Info-box-wrap-7703 .aio-icon-description'  data-responsive-json-new='{\"font-size\":\"\",\"line-height\":\"\"}'  style=\"\"><strong>Calidad de vida<\/strong><\/p>\n<ul>\n<li><span style=\"font-weight: 400;\"><a href=\"https:\/\/www.upr.edu\/ac\/wp-content\/uploads\/sites\/1\/2022\/08\/CERTIFICACION-NUMERO-32-1999-2000-POLITICA-DE-LA-UPR-SOBRE-USO-ILICITO-DE-DROGAS-SUSTANCIAS-CONTROLADAS-Y-ABUSO-DE-ALCOHOL.pdf\">Pol\u00edtica de la Universidad de Puerto Rico sobre el uso il\u00edcito de drogas, sustancias controladas y abuso de alcohol<\/a><\/span><\/li>\n<li><span style=\"font-weight: 400;\"><a href=\"https:\/\/www.upr.edu\/ac\/wp-content\/uploads\/sites\/1\/2022\/08\/Cert-N033-1999-2000-Reglamento-de-la-UPR-sobre-el-Uso-de-Sustancias.pdf\">Reglamento sobre sobre Uso Il\u00edcito de Drogas, Sustancias Controladas y Abuso de Alcohol.<\/a><\/span><\/li>\n<li><span style=\"font-weight: 400;\"><a href=\"https:\/\/www.upr.edu\/ac\/mdocs-posts\/politica-de-la-universidad-de-puerto-rico-sobre-el-uso-ilicito-de-drogas-sustancias-controladas-y-abuso-de-alcohol-enmienda\/\">Pol\u00edtica de la Universidad de Puerto Rico sobre el uso il\u00edcito de drogas, sustancias controladas y abuso de alcohol (enmienda)<\/a><\/span><\/li>\n<\/ul>\n<p><\/div> <!-- description --><\/div> <!-- aio-ibd-block --><\/div> <!-- aio-icon-box --><\/div> <!-- aio-icon-component --><div class=\"aio-icon-component    style_2\"><div id=\"Info-box-wrap-6006\" class=\"aio-icon-box left-icon\" style=\"\"  ><div class=\"aio-icon-left\"><div class=\"ult-just-icon-wrapper  \"><div class=\"align-icon\" style=\"text-align:center;\">\n<div class=\"aio-icon-img \" style=\"font-size:150px;display:inline-block;\" >\n\t<img decoding=\"async\" class=\"img-icon\" alt=\"Vicepresidencia en Asuntos Estudiantiles &#8211; Pol\u00edticas Institucionales\" src=\"https:\/\/www.upr.edu\/ac\/wp-content\/uploads\/sites\/1\/2015\/07\/hostigamienot-sexual.png\"\/>\n<\/div><\/div><\/div><\/div><div class=\"aio-ibd-block\"><div class=\"aio-icon-description ult-responsive\"  data-ultimate-target='#Info-box-wrap-6006 .aio-icon-description'  data-responsive-json-new='{\"font-size\":\"\",\"line-height\":\"\"}'  style=\"\"><strong>Hostigamiento sexual<\/strong><\/p>\n<ul>\n<li><a href=\"https:\/\/www.upr.edu\/ac\/mdocs-posts\/politica-institucional-contra-hostigamiento-sexual-en-la-universidad-de-puerto-rico-enmienda\/\" target=\"_blank\" rel=\"noopener noreferrer\">Pol\u00edtica institucional contra el hostigamiento sexual en la Universidad de Puerto Rico (enmienda)<\/a><\/li>\n<\/ul>\n<p><\/div> <!-- description --><\/div> <!-- aio-ibd-block --><\/div> <!-- aio-icon-box --><\/div> <!-- aio-icon-component -->[\/vc_tab][vc_tab title=\u00bbDatos\u00bb tab_id=\u00bbd6fe3f57-18af-3&#8243;][vc_column_text]Presione <a href=\"https:\/\/www.upr.edu\/ac\/vicepresidencias\/vicepresidencia-de-asuntos-academicos\/investigacion-institucional\/#datos\">aqu\u00ed<\/a> para acceder a los <a href=\"https:\/\/www.upr.edu\/ac\/vicepresidencias\/vicepresidencia-de-asuntos-academicos\/investigacion-institucional\/#datos\">Datos Institucionales<\/a>.[\/vc_column_text][\/vc_tab][\/vc_tabs][\/vc_column][\/vc_row][vc_row][vc_column][vc_column_text][\/vc_column_text][\/vc_column][\/vc_row]<\/p>\n<\/div>","protected":false},"excerpt":{"rendered":"<p>[vc_row][vc_column][vc_tabs][vc_tab title=\u00bbPol\u00edticas\u00bb tab_id=\u00bb9f600e0d-9c9e-1&#8243;][\/vc_tab][vc_tab title=\u00bbDatos\u00bb tab_id=\u00bbd6fe3f57-18af-3&#8243;][vc_column_text]Presione aqu\u00ed para acceder a los Datos Institucionales.[\/vc_column_text][\/vc_tab][\/vc_tabs][\/vc_column][\/vc_row][vc_row][vc_column][vc_column_text][\/vc_column_text][\/vc_column][\/vc_row]<\/p>\n","protected":false},"author":12,"featured_media":0,"parent":805,"menu_order":75,"comment_status":"closed","ping_status":"closed","template":"","meta":{"_themeisle_gutenberg_block_has_review":false,"footnotes":""},"class_list":["post-2498","page","type-page","status-publish","hentry","description-off"],"_links":{"self":[{"href":"https:\/\/www.upr.edu\/ac\/wp-json\/wp\/v2\/pages\/2498","targetHints":{"allow":["GET"]}}],"collection":[{"href":"https:\/\/www.upr.edu\/ac\/wp-json\/wp\/v2\/pages"}],"about":[{"href":"https:\/\/www.upr.edu\/ac\/wp-json\/wp\/v2\/types\/page"}],"author":[{"embeddable":true,"href":"https:\/\/www.upr.edu\/ac\/wp-json\/wp\/v2\/users\/12"}],"replies":[{"embeddable":true,"href":"https:\/\/www.upr.edu\/ac\/wp-json\/wp\/v2\/comments?post=2498"}],"version-history":[{"count":57,"href":"https:\/\/www.upr.edu\/ac\/wp-json\/wp\/v2\/pages\/2498\/revisions"}],"predecessor-version":[{"id":37433,"href":"https:\/\/www.upr.edu\/ac\/wp-json\/wp\/v2\/pages\/2498\/revisions\/37433"}],"up":[{"embeddable":true,"href":"https:\/\/www.upr.edu\/ac\/wp-json\/wp\/v2\/pages\/805"}],"wp:attachment":[{"href":"https:\/\/www.upr.edu\/ac\/wp-json\/wp\/v2\/media?parent=2498"}],"curies":[{"name":"wp","href":"https:\/\/api.w.org\/{rel}","templated":true}]}}