{"id":17935,"date":"2017-08-09T11:28:21","date_gmt":"2017-08-09T15:28:21","guid":{"rendered":"https:\/\/www.upr.edu\/?page_id=17935"},"modified":"2026-02-04T14:07:52","modified_gmt":"2026-02-04T18:07:52","slug":"oficina-de-servicios-administrativos-servicios-generales","status":"publish","type":"page","link":"https:\/\/www.upr.edu\/ac\/oficina-de-servicios-administrativos-servicios-generales\/","title":{"rendered":"Oficina de Servicios Administrativos &#8211; Servicios Generales"},"content":{"rendered":"<div class=\"wpb-content-wrapper\" id=\"wpb-content-root\"><p>[vc_row][vc_column][vc_single_image image=\u00bb17850&#8243; img_size=\u00bbfull\u00bb][vc_empty_space][\/vc_column][\/vc_row][vc_row][vc_column width=\u00bb3\/4&#8243;][vc_tta_tabs][vc_tta_section title=\u00bbMisi\u00f3n y Visi\u00f3n\u00bb tab_id=\u00bb1502299314188-29ec825a-8b4d\u00bb][vc_empty_space][vc_column_text]<b>Misi\u00f3n <\/b><\/p>\n<p>Evaluar, planificar y coordinar la prestaci\u00f3n de servicios directos de mantenimiento y conservaci\u00f3n de la Planta F\u00edsica, Mensajer\u00eda, Transportaci\u00f3n, Cuadro Telef\u00f3nico, Recibo y Entrega, Taller de Mec\u00e1nica, correo, entre otros servicios provistos en la Administraci\u00f3n Central.<\/p>\n<p>&nbsp;<\/p>\n<p><b>Visi\u00f3n<\/b><\/p>\n<p>Asistir al Director de la Oficina de Servicios Administrativos en la coordinaci\u00f3n de los servicios operacionales en la Administraci\u00f3n Central y unidades adscritas tanto en el Jard\u00edn Bot\u00e1nico Norte y Sur.[\/vc_column_text][\/vc_tta_section][vc_tta_section title=\u00bbContacto\u00bb tab_id=\u00bb1502299569355-3ac4807a-a09e\u00bb][vc_empty_space][vc_row_inner][vc_column_inner][vc_column_text]Horario de Servicio \u00a0 \u00a0 \u00a0\u00a0Lunes a Viernes, 8:00AM \u2013 4:30PM[\/vc_column_text][\/vc_column_inner][\/vc_row_inner][vc_row_inner][vc_column_inner width=\u00bb1\/2&#8243;][vc_empty_space][vc_column_text]<\/p>\n<h4>Personal<\/h4>\n<p><i class=\"fa fa-book fa-fw\"><\/i><strong>Administraci\u00f3n<\/strong><\/p>\n<p style=\"padding-left: 60px;\"><span style=\"font-weight: 400;\">Myriam D. Mart\u00ednez<\/span><\/p>\n<p style=\"padding-left: 60px;\"><span style=\"font-weight: 400;\">Directora<\/span><\/p>\n<p style=\"padding-left: 60px;\"><span style=\"font-weight: 400;\">Extensi\u00f3n 4411<\/span><\/p>\n<p style=\"padding-left: 60px;\"><a href=\"mailto:miriam.martinez3@upr.edu\/ac\"><span style=\"font-weight: 400;\">miriam.martinez3@upr.edu\/ac<\/span> <\/a><\/p>\n<p style=\"padding-left: 60px;\">Grecia Delgado<\/p>\n<p style=\"padding-left: 60px;\">Oficial de Informaci\u00f3n<\/p>\n<p style=\"padding-left: 60px;\">Extensi\u00f3n\u00a04400<\/p>\n<p style=\"padding-left: 60px;\"><a href=\"mailto:grecia.delgado1@upr.edu\/ac\">grecia.delgado1@upr.edu\/ac<\/a><\/p>\n<h4><\/h4>\n<p>&nbsp;<\/p>\n<p>&nbsp;<\/p>\n<p><i class=\"fa fa-car fa-fw\"><\/i><b> Secci\u00f3n de Servicios<\/b><\/p>\n<p style=\"padding-left: 60px;\">Ana M. Nieves<\/p>\n<p style=\"padding-left: 60px;\">Asistente de Administraci\u00f3n IV<\/p>\n<p style=\"padding-left: 60px;\">Extensi\u00f3n\u00a04497<\/p>\n<p style=\"padding-left: 60px;\"><a href=\"mailto:ana.nieves1@upr.edu\/ac\">ana.nieves1@upr.edu\/ac<\/a><\/p>\n<p style=\"padding-left: 60px;\">Omar S\u00e1nchez<\/p>\n<p style=\"padding-left: 60px;\">Oficinista Postal II<\/p>\n<p style=\"padding-left: 60px;\">Extensi\u00f3n\u00a04047<\/p>\n<p style=\"padding-left: 60px;\"><a href=\"mailto:omar.sanchez4@upr.edu\/ac\">omar.sanchez4@upr.edu\/ac<\/a><\/p>\n<p>[\/vc_column_text][\/vc_column_inner][vc_column_inner width=\u00bb1\/2&#8243;][vc_empty_space height=\u00bb52px\u00bb][vc_column_text]<b><a href=\"https:\/\/www.upr.edu\/ac\/wp-content\/uploads\/sites\/1\/2015\/09\/icon-sg-mant.jpg\"><img loading=\"lazy\" decoding=\"async\" class=\"alignnone wp-image-14376 size-full\" src=\"https:\/\/www.upr.edu\/ac\/wp-content\/uploads\/sites\/1\/2015\/09\/icon-sg-mant.jpg\" alt=\"icono se servicios generales mantenimiento\" width=\"27\" height=\"34\" \/><\/a>Mantenimiento y Planta F\u00edsica<\/b><\/p>\n<p style=\"padding-left: 60px;\">Nelson V\u00e1zquez<\/p>\n<p style=\"padding-left: 60px;\">Supervisor de Operaciones y Mantenimento<\/p>\n<p style=\"padding-left: 60px;\">Extensi\u00f3n\u00a04406<\/p>\n<p style=\"padding-left: 60px;\"><a href=\"mailto:nelson.vazquez2@upr.edu\/ac\">nelson.vazquez2@upr.edu\/ac<\/a><\/p>\n<p style=\"padding-left: 60px;\">Wilma Torres<\/p>\n<p style=\"padding-left: 60px;\">Asistente de Administraci\u00f3n III<\/p>\n<p style=\"padding-left: 60px;\">Extensi\u00f3n 2305<\/p>\n<p style=\"padding-left: 60px;\"><a href=\"mailto:wilma.torres3@upr.edu\/ac\">wilma.torres3@upr.edu\/ac<\/a><\/p>\n<p>&nbsp;<\/p>\n<h4><i class=\"fa fa-phone fa-lg\"><\/i> Cuadro Telef\u00f3nico<\/h4>\n<p style=\"padding-left: 60px;\">Extensi\u00f3n 2304<\/p>\n<p>[\/vc_column_text][\/vc_column_inner][\/vc_row_inner][\/vc_tta_section][vc_tta_section title=\u00bbDirecci\u00f3n\u00bb tab_id=\u00bb1502299570470-2967640b-2285&#8243;][vc_empty_space][vc_row_inner][vc_column_inner width=\u00bb1\/2&#8243;][vc_column_text]<\/p>\n<div class=\"wpb_text_column wpb_content_element \">\n<div class=\"wpb_wrapper\">\n<h4>Direcci\u00f3n Postal<\/h4>\n<\/div>\n<\/div>\n<div class=\"wpb_text_column wpb_content_element \">\n<div class=\"wpb_wrapper\">\n<div>Administraci\u00f3n Central<\/div>\n<div>\n<p>Universidad de Puerto Rico<\/p>\n<p>Oficina de Servicios Administrativos<\/p>\n<p>PO Box 364984<\/p>\n<p>San Juan PR 00936-4984<\/p>\n<\/div>\n<\/div>\n<\/div>\n<p>[\/vc_column_text][\/vc_column_inner][vc_column_inner width=\u00bb1\/2&#8243;][vc_column_text]<\/p>\n<div class=\"wpb_text_column wpb_content_element \">\n<div class=\"wpb_wrapper\">\n<div class=\"wpb_text_column wpb_content_element \">\n<div class=\"wpb_wrapper\">\n<h4>Direcci\u00f3n\u00a0F\u00edsica<\/h4>\n<\/div>\n<\/div>\n<div class=\"wpb_text_column wpb_content_element \">\n<div class=\"wpb_wrapper\">\n<div>Oficina de Servicios Administrativos<\/div>\n<\/div>\n<\/div>\n<\/div>\n<\/div>\n<div class=\"wpb_text_column wpb_content_element \">\n<div class=\"wpb_wrapper\">\n<div class=\"wpb_text_column wpb_content_element \">\n<div class=\"wpb_wrapper\">\n<div>S\u00f3tano<\/div>\n<div>Edificio Administraci\u00f3n Central<\/div>\n<div>Jard\u00edn Bot\u00e1nico Sur<\/div>\n<\/div>\n<\/div>\n<\/div>\n<\/div>\n<p>[\/vc_column_text][\/vc_column_inner][\/vc_row_inner][vc_row_inner][vc_column_inner][vc_gmaps link=\u00bb#E-8_JTNDaWZyYW1lJTIwc3JjJTNEJTIyaHR0cHMlM0ElMkYlMkZ3d3cuZ29vZ2xlLmNvbSUyRm1hcHMlMkZlbWJlZCUzRnBiJTNEJTIxMW0xOCUyMTFtMTIlMjExbTMlMjExZDk0Ni41MTMxODY1Njk3ODI0JTIxMmQtNjYuMDU2NzUwNTk4OTAyMiUyMTNkMTguMzkwNDUwMzkzMTU2NTclMjEybTMlMjExZjAlMjEyZjAlMjEzZjAlMjEzbTIlMjExaTEwMjQlMjEyaTc2OCUyMTRmMTMuMSUyMTNtMyUyMTFtMiUyMTFzMHgwJTI1M0EweGZjYzA0NmNiMGM2MzhiODQlMjEyc1VQUiUyQkFkbWluaXN0cmFjaSUyNUMzJTI1QjNuJTJCQ2VudHJhbCUyMTVlMCUyMTNtMiUyMTFzZW4lMjEyc3ByJTIxNHYxNDgyNDA3NTA1Mzc4JTIyJTIwd2lkdGglM0QlMjI2MDAlMjIlMjBoZWlnaHQlM0QlMjI0NTAlMjIlMjBmcmFtZWJvcmRlciUzRCUyMjAlMjIlMjBzdHlsZSUzRCUyMmJvcmRlciUzQTAlMjIlMjBhbGxvd2Z1bGxzY3JlZW4lM0UlM0MlMkZpZnJhbWUlM0U=\u00bb][\/vc_column_inner][\/vc_row_inner][\/vc_tta_section][vc_tta_section title=\u00bbServicios\u00bb tab_id=\u00bb1502299572203-154a3fee-3053&#8243;][vc_empty_space][vc_column_text]<b><a href=\"https:\/\/www.upr.edu\/ac\/wp-content\/uploads\/sites\/1\/2015\/09\/icon-sg-mant.jpg\"><img loading=\"lazy\" decoding=\"async\" class=\"alignnone wp-image-14376 size-full\" src=\"https:\/\/www.upr.edu\/ac\/wp-content\/uploads\/sites\/1\/2015\/09\/icon-sg-mant.jpg\" alt=\"icono se servicios generales mantenimiento\" width=\"27\" height=\"34\" \/><\/a>Servicios de limpieza y mantenimiento, ornato y \u00e1reas verdes en las siguientes instalaciones universitarias<\/b><\/p>\n<p style=\"padding-left: 30px;\"><span style=\"font-weight: 400;\">Edificio Administraci\u00f3n Central y unidades adscritas<\/span><\/p>\n<p style=\"padding-left: 30px;\"><span style=\"font-weight: 400;\">Residencia Manrique Cabrera<\/span><\/p>\n<p style=\"padding-left: 30px;\"><span style=\"font-weight: 400;\">Residencia oficial del Presidente de la Universidad de Puerto Rico<\/span><\/p>\n<p style=\"padding-left: 30px;\"><span style=\"font-weight: 400;\">Atelier del Artista Residente<\/span><\/p>\n<p style=\"padding-left: 30px;\"><span style=\"font-weight: 400;\">Edificio de la Editorial Universitaria \u2013 Jard\u00edn Bot\u00e1nico Norte <\/span><\/p>\n<p style=\"padding-left: 30px;\"><span style=\"font-weight: 400;\">Centro de Desarrollo Preescolar \u2013 Jard\u00edn Bot\u00e1nico Norte<\/span><\/p>\n<p style=\"padding-left: 30px;\"><span style=\"font-weight: 400;\">Programa de Asistencia Tecnol\u00f3gica \u2013 Jard\u00edn Bot\u00e1nico Norte<\/span><\/p>\n<p>&nbsp;<\/p>\n<p><i class=\"fa fa-car\"><\/i><b> Servicios de Trasportaci\u00f3n, Mensajer\u00eda y Correo<\/b><\/p>\n<p style=\"padding-left: 30px;\"><span style=\"font-weight: 400;\">Proveer servicios de transportaci\u00f3n a funcionarios universitarios, visitantes entre otros. \u00a0Asimismo realizar la distribuci\u00f3n entrega y recogido de correspondencia general, paquetes y comunicaciones certificadas que se tramitan a trav\u00e9s del Correo General. \u00a0Ofrecemos asistencia a las oficinas adscritas a la Administraci\u00f3n Central, adem\u00e1s en la entrega de documentos a nivel de las agencias e instrumentalidades del Gobierno Central.<\/span><\/p>\n<p>&nbsp;<\/p>\n<p><i class=\"fa fa-phone\"><\/i><b> Cuadro telef\u00f3nico <\/b><br \/>\n<i class=\"fa fa-handshake-o\"><\/i><\/p>\n<p style=\"padding-left: 30px;\"><span style=\"font-weight: 400;\">Coordinar todos los servicios relacionados con la reparaci\u00f3n de l\u00edneas (directos y extensiones), programaci\u00f3n y configuraci\u00f3n desde el componente telef\u00f3nico hacia los usuarios entre otros servicios.<\/span><\/p>\n<p><i class=\"fa fa-envelope-o fa-fw\"><\/i><b> Recibo y Entrega<\/b><\/p>\n<p style=\"padding-left: 30px;\"><span style=\"font-weight: 400;\">Responsable de la prestaci\u00f3n de los servicios de recibo de materiales, equipos y servicios no personales, as\u00ed como la entrega y distribuci\u00f3n de los mismos a las diferentes oficinas adscritas al Jard\u00edn Bot\u00e1nico Norte y Sur.<\/span><\/p>\n<p>[\/vc_column_text][\/vc_tta_section][vc_tta_section title=\u00bbFormularios\u00bb tab_id=\u00bb1502299314227-f7b98ef2-9d4e\u00bb][vc_empty_space][vc_column_text css=\u00bb\u00bb]<a href=\"https:\/\/drive.google.com\/a\/upr.edu\/ac\/file\/d\/0BypQ7DYvTrDCODlrbVpWemR0QkU\/view?usp=sharing\" target=\"_blank\" rel=\"noopener\">Solicitud de servicios de transportaci\u00f3n (OSA.SG2)<\/a><\/p>\n<p><a href=\"https:\/\/drive.google.com\/a\/upr.edu\/ac\/file\/d\/0BypQ7DYvTrDCcWVacnlTRUM1Ums\/view?usp=sharing\" target=\"_blank\" rel=\"noopener\">Registro Notificar Manejo Negligente \u00a0Veh\u00edculo de Motor Oficial (OSA.SG7)<\/a><\/p>\n<p><a href=\"https:\/\/drive.google.com\/a\/upr.edu\/ac\/file\/d\/0BypQ7DYvTrDCanhPNEdGV3M4elU\/view?usp=sharing\" target=\"_blank\" rel=\"noopener\">Solicitud de servicio en estructuras, edificios o instalaciones f\u00edsicas (OSA.SG8)<\/a><\/p>\n<p><a href=\"https:\/\/www.upr.edu\/ac\/wp-content\/uploads\/sites\/1\/2026\/02\/SOLICITUD-Y-AUTORIZACION-PARA-USO-DE-VEHICULO-PRIVADO-REV.-13-JUNIO-22.pdf\" target=\"_blank\" rel=\"noopener\">Solicitud y Autorizaci\u00f3n para uso de Veh\u00edculo Privado Para Uso del(la) Funcionario(s) o Empleado(a) Solicitante<\/a><\/p>\n<p>&nbsp;<\/p>\n<p>&nbsp;<\/p>\n<p>&nbsp;<\/p>\n<p>&nbsp;<\/p>\n<div class=\"wpb_text_column wpb_content_element \">\n<div class=\"wpb_wrapper\">\n<p>Para leer estos documentos en formato PDF necesitar\u00e1 el programado Adobe Acrobat Reader. Puede acceder la siguiente imagen para obtenerlo.<\/p>\n<\/div>\n<\/div>\n<div class=\"wpb_single_image wpb_content_element vc_align_left\">\n<figure class=\"wpb_wrapper vc_figure\"><a href=\"https:\/\/get.adobe.com\/es\/reader\/\"><img loading=\"lazy\" decoding=\"async\" class=\"alignnone wp-image-16535\" src=\"https:\/\/www.upr.edu\/ac\/wp-content\/uploads\/sites\/1\/2017\/03\/getadobe-acrobat-reader-offline-installer-300x83.jpg\" alt=\"Get Adobe Acrobat Reader\" width=\"120\" height=\"33\" srcset=\"https:\/\/www.upr.edu\/ac\/wp-content\/uploads\/sites\/1\/2017\/03\/getadobe-acrobat-reader-offline-installer-300x83.jpg 300w, https:\/\/www.upr.edu\/ac\/wp-content\/uploads\/sites\/1\/2017\/03\/getadobe-acrobat-reader-offline-installer-768x212.jpg 768w, https:\/\/www.upr.edu\/ac\/wp-content\/uploads\/sites\/1\/2017\/03\/getadobe-acrobat-reader-offline-installer-1024x283.jpg 1024w, https:\/\/www.upr.edu\/ac\/wp-content\/uploads\/sites\/1\/2017\/03\/getadobe-acrobat-reader-offline-installer.jpg 1064w\" sizes=\"auto, (max-width: 120px) 100vw, 120px\" \/><\/a><\/figure>\n<\/div>\n<p>[\/vc_column_text][\/vc_tta_section][vc_tta_section title=\u00bbReglamento\u00bb tab_id=\u00bb1502299657614-c1bebd4b-0402&#8243;][vc_empty_space][vc_column_text]<a href=\"http:\/\/www.vcertifica.upr.edu\/ac\/PDF\/CERTIFICACION\/2014-2015\/35%202014-2015.pdf\" target=\"_blank\" rel=\"noopener\">CERTIFICACI\u00d3N N\u00daMERO 35 2014-2015<\/a>&#8211;\u00a0REGLAMENTO PARA VEH\u00cdCULOS Y OTROS MEDIOS DE TRANSPORTACI\u00d3N PROPIEDAD DE LA UNIVERSIDAD DE PUERTO RICO<\/p>\n<p>&nbsp;<\/p>\n<div class=\"wpb_text_column wpb_content_element \">\n<div class=\"wpb_wrapper\">\n<p>&nbsp;<\/p>\n<p>Para leer estos documentos en formato PDF necesitar\u00e1 el programado Adobe Acrobat Reader. Puede acceder la siguiente imagen para obtenerlo.<\/p>\n<\/div>\n<\/div>\n<div class=\"wpb_single_image wpb_content_element vc_align_left\">\n<figure class=\"wpb_wrapper vc_figure\"><a href=\"https:\/\/get.adobe.com\/es\/reader\/\"><img loading=\"lazy\" decoding=\"async\" class=\"alignnone wp-image-16535\" src=\"https:\/\/www.upr.edu\/ac\/wp-content\/uploads\/sites\/1\/2017\/03\/getadobe-acrobat-reader-offline-installer-300x83.jpg\" alt=\"Get Adobe Acrobat Reader\" width=\"120\" height=\"33\" srcset=\"https:\/\/www.upr.edu\/ac\/wp-content\/uploads\/sites\/1\/2017\/03\/getadobe-acrobat-reader-offline-installer-300x83.jpg 300w, https:\/\/www.upr.edu\/ac\/wp-content\/uploads\/sites\/1\/2017\/03\/getadobe-acrobat-reader-offline-installer-768x212.jpg 768w, https:\/\/www.upr.edu\/ac\/wp-content\/uploads\/sites\/1\/2017\/03\/getadobe-acrobat-reader-offline-installer-1024x283.jpg 1024w, https:\/\/www.upr.edu\/ac\/wp-content\/uploads\/sites\/1\/2017\/03\/getadobe-acrobat-reader-offline-installer.jpg 1064w\" sizes=\"auto, (max-width: 120px) 100vw, 120px\" \/><\/a><\/figure>\n<\/div>\n<p>[\/vc_column_text][\/vc_tta_section][\/vc_tta_tabs][\/vc_column][vc_column width=\u00bb1\/4&#8243;][vc_empty_space][vc_widget_sidebar sidebar_id=\u00bbsidebar_26&#8243;][\/vc_column][\/vc_row]<\/p>\n<\/div>","protected":false},"excerpt":{"rendered":"<p>[vc_row][vc_column][vc_single_image image=\u00bb17850&#8243; img_size=\u00bbfull\u00bb][vc_empty_space][\/vc_column][\/vc_row][vc_row][vc_column width=\u00bb3\/4&#8243;][vc_tta_tabs][vc_tta_section title=\u00bbMisi\u00f3n y Visi\u00f3n\u00bb tab_id=\u00bb1502299314188-29ec825a-8b4d\u00bb][vc_empty_space][vc_column_text]Misi\u00f3n Evaluar, planificar y coordinar la prestaci\u00f3n de servicios directos de mantenimiento y conservaci\u00f3n de la Planta F\u00edsica, Mensajer\u00eda, Transportaci\u00f3n, Cuadro Telef\u00f3nico, Recibo y Entrega, Taller de Mec\u00e1nica, correo, entre otros servicios provistos en la Administraci\u00f3n Central. &nbsp; Visi\u00f3n Asistir al Director de la Oficina de Servicios Administrativos&hellip;<\/p>\n","protected":false},"author":12,"featured_media":0,"parent":0,"menu_order":0,"comment_status":"closed","ping_status":"closed","template":"","meta":{"_themeisle_gutenberg_block_has_review":false,"footnotes":""},"class_list":["post-17935","page","type-page","status-publish","hentry","description-off"],"_links":{"self":[{"href":"https:\/\/www.upr.edu\/ac\/wp-json\/wp\/v2\/pages\/17935","targetHints":{"allow":["GET"]}}],"collection":[{"href":"https:\/\/www.upr.edu\/ac\/wp-json\/wp\/v2\/pages"}],"about":[{"href":"https:\/\/www.upr.edu\/ac\/wp-json\/wp\/v2\/types\/page"}],"author":[{"embeddable":true,"href":"https:\/\/www.upr.edu\/ac\/wp-json\/wp\/v2\/users\/12"}],"replies":[{"embeddable":true,"href":"https:\/\/www.upr.edu\/ac\/wp-json\/wp\/v2\/comments?post=17935"}],"version-history":[{"count":24,"href":"https:\/\/www.upr.edu\/ac\/wp-json\/wp\/v2\/pages\/17935\/revisions"}],"predecessor-version":[{"id":41672,"href":"https:\/\/www.upr.edu\/ac\/wp-json\/wp\/v2\/pages\/17935\/revisions\/41672"}],"wp:attachment":[{"href":"https:\/\/www.upr.edu\/ac\/wp-json\/wp\/v2\/media?parent=17935"}],"curies":[{"name":"wp","href":"https:\/\/api.w.org\/{rel}","templated":true}]}}