{"id":13977,"date":"2016-12-22T09:24:18","date_gmt":"2016-12-22T13:24:18","guid":{"rendered":"https:\/\/www.upr.edu\/?page_id=13977"},"modified":"2019-10-01T10:00:04","modified_gmt":"2019-10-01T14:00:04","slug":"oficina-de-servicios-administrativos-division-de-seguridad-y-vigilancia","status":"publish","type":"page","link":"https:\/\/www.upr.edu\/ac\/oficinas-adscritas\/oficina-de-servicios-administrativos\/oficina-de-servicios-administrativos-division-de-seguridad-y-vigilancia-2\/oficina-de-servicios-administrativos-division-de-seguridad-y-vigilancia\/","title":{"rendered":"Oficina de Servicios Administrativos \u2013 Divisi\u00f3n de Seguridad y Vigilancia"},"content":{"rendered":"<div class=\"wpb-content-wrapper\" id=\"wpb-content-root\"><p>[vc_row][vc_column width=\u00bb3\/4&#8243;][vc_tta_tabs][vc_tta_section title=\u00bbContacto\u00bb tab_id=\u00bb1482410610922-849a9264-73c9&#8243;][vc_empty_space][vc_row_inner][vc_column_inner width=\u00bb1\/2&#8243;][vc_column_text]<\/p>\n<h4>Personal<\/h4>\n<p><span style=\"font-weight: 400;\">Abraham Rodr\u00edguez<\/span><\/p>\n<p><span style=\"font-weight: 400;\">Director Auxiliar<\/span><\/p>\n<p><span style=\"font-weight: 400;\">Extensi\u00f3n\u00a0<\/span><span style=\"font-weight: 400;\">2065<\/span><\/p>\n<p><a href=\"mailto:abraham.rodriguez6@upr.edu\/ac\"><span style=\"font-weight: 400;\">abraham.rodriguez6@upr.edu\/ac<\/span><\/a><\/p>\n<p>&nbsp;<\/p>\n<h4>Tel\u00e9fonos<\/h4>\n<div class=\"wpb_text_column wpb_content_element \">\n<div class=\"wpb_wrapper\">\n<p>(787) 250-0000<\/p>\n<p>(787) 764-7972<\/p>\n<\/div>\n<\/div>\n<p>[\/vc_column_text][vc_empty_space][vc_column_text]<\/p>\n<div class=\"wpb_text_column wpb_content_element \">\n<div class=\"wpb_wrapper\">\n<h4>Direcci\u00f3n Postal<\/h4>\n<\/div>\n<\/div>\n<div class=\"wpb_text_column wpb_content_element \">\n<div class=\"wpb_wrapper\">\n<div>Administraci\u00f3n Central<\/div>\n<div>\n<p>Universidad de Puerto Rico<\/p>\n<p>Oficina de Servicios Administrativos<\/p>\n<p>PO Box 364984<\/p>\n<p>San Juan PR 00936-4984<\/p>\n<\/div>\n<\/div>\n<\/div>\n<p>[\/vc_column_text][\/vc_column_inner][vc_column_inner width=\u00bb1\/2&#8243;][vc_empty_space][vc_column_text]<\/p>\n<h4><\/h4>\n<h4><\/h4>\n<p><span style=\"font-weight: 400;\">Rosa del C. Mart\u00ednez<\/span><\/p>\n<p><span style=\"font-weight: 400;\">Asistente de Administraci\u00f3n IV <\/span><\/p>\n<p><span style=\"font-weight: 400;\">Extensi\u00f3n <\/span><span style=\"font-weight: 400;\">2073<\/span><\/p>\n<p><a href=\"mailto:rosa.martinez8@upr.edu\/ac\"><span style=\"font-weight: 400;\">rosa.martinez8@upr.edu\/ac<\/span><\/a><\/p>\n<p>&nbsp;<\/p>\n<div class=\"wpb_text_column wpb_content_element \"><\/div>\n<p>[\/vc_column_text][vc_column_text]<\/p>\n<div class=\"wpb_text_column wpb_content_element \">\n<div class=\"wpb_wrapper\">\n<h4>Horario<\/h4>\n<\/div>\n<\/div>\n<div class=\"wpb_text_column wpb_content_element \">\n<div class=\"wpb_wrapper\">\n<div><\/div>\n<div>Lunes a Viernes<\/div>\n<ul>\n<li>8:00AM a \u00a04:30PM<\/li>\n<\/ul>\n<\/div>\n<\/div>\n<p>[\/vc_column_text][vc_empty_space][vc_column_text]<\/p>\n<div class=\"wpb_text_column wpb_content_element \">\n<div class=\"wpb_wrapper\">\n<div>\n<h4>Direcci\u00f3n F\u00edsica<\/h4>\n<\/div>\n<div>S\u00f3tano<\/div>\n<div>Edificio Administraci\u00f3n Central<\/div>\n<div>Jard\u00edn Bot\u00e1nico Sur<\/div>\n<\/div>\n<\/div>\n<p>[\/vc_column_text][\/vc_column_inner][\/vc_row_inner][\/vc_tta_section][vc_tta_section title=\u00bbFormularios y Documentos\u00bb tab_id=\u00bb1482410682260-70d8cf37-7e8e\u00bb][vc_empty_space][vc_column_text]<a href=\"https:\/\/drive.google.com\/a\/upr.edu\/ac\/file\/d\/0BypQ7DYvTrDCNXdFcWdKcE8tOVk\/view?usp=sharing\" target=\"_blank\" rel=\"noopener noreferrer\">Normas y Procedimientos Para la Seguridad y Vigilancia\u00a0en los Terrenos del Jard\u00edn Bot\u00e1nico<\/a><\/p>\n<p><a href=\"https:\/\/drive.google.com\/a\/upr.edu\/ac\/file\/d\/0BypQ7DYvTrDCWmVtZ2k0dDIwcFk\/view?usp=sharing\" target=\"_blank\" rel=\"noopener noreferrer\">Solicitud de Servicios de Permiso de Estacionamiento (OSA.SV01)<\/a><\/p>\n<p>&nbsp;<\/p>\n<div class=\"wpb_text_column wpb_content_element \">\n<div class=\"wpb_wrapper\">\n<p>Para leer estos documentos en formato PDF necesitar\u00e1 el programado Adobe Acrobat Reader. Puede acceder la siguiente imagen para obtenerlo.<\/p>\n<\/div>\n<\/div>\n<div class=\"wpb_single_image wpb_content_element vc_align_left\">\n<figure class=\"wpb_wrapper vc_figure\"><a href=\"https:\/\/get.adobe.com\/es\/reader\/\"><img loading=\"lazy\" decoding=\"async\" class=\"alignnone wp-image-16535\" src=\"https:\/\/www.upr.edu\/ac\/wp-content\/uploads\/sites\/1\/2017\/03\/getadobe-acrobat-reader-offline-installer-300x83.jpg\" alt=\"Get Adobe Acrobat Reader\" width=\"120\" height=\"33\" srcset=\"https:\/\/www.upr.edu\/ac\/wp-content\/uploads\/sites\/1\/2017\/03\/getadobe-acrobat-reader-offline-installer-300x83.jpg 300w, https:\/\/www.upr.edu\/ac\/wp-content\/uploads\/sites\/1\/2017\/03\/getadobe-acrobat-reader-offline-installer-768x212.jpg 768w, https:\/\/www.upr.edu\/ac\/wp-content\/uploads\/sites\/1\/2017\/03\/getadobe-acrobat-reader-offline-installer-1024x283.jpg 1024w, https:\/\/www.upr.edu\/ac\/wp-content\/uploads\/sites\/1\/2017\/03\/getadobe-acrobat-reader-offline-installer.jpg 1064w\" sizes=\"auto, (max-width: 120px) 100vw, 120px\" \/><\/a><\/figure>\n<\/div>\n<p>[\/vc_column_text][\/vc_tta_section][\/vc_tta_tabs][\/vc_column][vc_column width=\u00bb1\/4&#8243;][vc_empty_space][vc_empty_space][vc_widget_sidebar sidebar_id=\u00bbsidebar_26&#8243;][\/vc_column][\/vc_row]<\/p>\n<\/div>","protected":false},"excerpt":{"rendered":"<p>[vc_row][vc_column width=\u00bb3\/4&#8243;][vc_tta_tabs][vc_tta_section title=\u00bbContacto\u00bb tab_id=\u00bb1482410610922-849a9264-73c9&#8243;][vc_empty_space][vc_row_inner][vc_column_inner width=\u00bb1\/2&#8243;][vc_column_text] Personal Abraham Rodr\u00edguez Director Auxiliar Extensi\u00f3n\u00a02065 abraham.rodriguez6@upr.edu\/ac &nbsp; Tel\u00e9fonos (787) 250-0000 (787) 764-7972 [\/vc_column_text][vc_empty_space][vc_column_text] Direcci\u00f3n Postal Administraci\u00f3n Central Universidad de Puerto Rico Oficina de Servicios Administrativos PO Box 364984 San Juan PR 00936-4984 [\/vc_column_text][\/vc_column_inner][vc_column_inner width=\u00bb1\/2&#8243;][vc_empty_space][vc_column_text] Rosa del C. Mart\u00ednez Asistente de Administraci\u00f3n IV Extensi\u00f3n 2073 rosa.martinez8@upr.edu\/ac &nbsp; [\/vc_column_text][vc_column_text] Horario Lunes&hellip;<\/p>\n","protected":false},"author":12,"featured_media":0,"parent":17887,"menu_order":0,"comment_status":"closed","ping_status":"closed","template":"","meta":{"_themeisle_gutenberg_block_has_review":false,"footnotes":""},"class_list":["post-13977","page","type-page","status-publish","hentry","description-off"],"_links":{"self":[{"href":"https:\/\/www.upr.edu\/ac\/wp-json\/wp\/v2\/pages\/13977","targetHints":{"allow":["GET"]}}],"collection":[{"href":"https:\/\/www.upr.edu\/ac\/wp-json\/wp\/v2\/pages"}],"about":[{"href":"https:\/\/www.upr.edu\/ac\/wp-json\/wp\/v2\/types\/page"}],"author":[{"embeddable":true,"href":"https:\/\/www.upr.edu\/ac\/wp-json\/wp\/v2\/users\/12"}],"replies":[{"embeddable":true,"href":"https:\/\/www.upr.edu\/ac\/wp-json\/wp\/v2\/comments?post=13977"}],"version-history":[{"count":15,"href":"https:\/\/www.upr.edu\/ac\/wp-json\/wp\/v2\/pages\/13977\/revisions"}],"predecessor-version":[{"id":24244,"href":"https:\/\/www.upr.edu\/ac\/wp-json\/wp\/v2\/pages\/13977\/revisions\/24244"}],"up":[{"embeddable":true,"href":"https:\/\/www.upr.edu\/ac\/wp-json\/wp\/v2\/pages\/17887"}],"wp:attachment":[{"href":"https:\/\/www.upr.edu\/ac\/wp-json\/wp\/v2\/media?parent=13977"}],"curies":[{"name":"wp","href":"https:\/\/api.w.org\/{rel}","templated":true}]}}