{"id":1266,"date":"2015-06-25T13:04:26","date_gmt":"2015-06-25T17:04:26","guid":{"rendered":"http:\/\/136.145.11.14\/vicepresidencias\/vicepresidencia-de-asuntos-academicos\/investigacion-institucional\/"},"modified":"2023-08-22T09:10:05","modified_gmt":"2023-08-22T13:10:05","slug":"investigacion-institucional","status":"publish","type":"page","link":"https:\/\/www.upr.edu\/ac\/vicepresidencias\/vicepresidencia-de-asuntos-academicos\/investigacion-institucional\/","title":{"rendered":"Vicepresidencia en Asuntos Acad\u00e9micos e Investigaci\u00f3n &#8211; Investigaci\u00f3n Institucional"},"content":{"rendered":"<div class=\"wpb-content-wrapper\" id=\"wpb-content-root\"><p>[vc_row][vc_column][\/vc_column][\/vc_row][vc_row][vc_column][vc_empty_space][vc_tta_tabs][vc_tta_section title=\u00bbInvestigaci\u00f3n Institucional\u00bb tab_id=\u00bbinvestigacion-institucional\u00bb][vc_empty_space][vc_column_text]La Pol\u00edtica de la Universidad de Puerto Rico sobre Investigaci\u00f3n Institucional (Certificaci\u00f3n N\u00fam. 108 1998-1999, Junta de S\u00edndicos) establece la definici\u00f3n, objetivo y funciones de la investigaci\u00f3n institucional. El documento define de investigaci\u00f3n institucional como \u201c<em>la suma total de todas las actividades dirigidas a describir el espectro pleno de los procesos (educativos, investigaci\u00f3n y desarrollo, servicio y administraci\u00f3n) que ocurren dentro de un colegio o universidad. <\/em><em>La investigaci\u00f3n institucional examina estas funciones en su definici\u00f3n m\u00e1s amplia y establece las estrategias para recopilaci\u00f3n de datos y an\u00e1lisis en apoyo al proceso de toma de decisiones en la Instituci\u00f3n.<\/em><em>\u201d<\/em> El prop\u00f3sito fundamental es establecer una base racional de informaci\u00f3n y conocimiento para los procesos de planificaci\u00f3n, toma de decisiones y adjudicaci\u00f3n de recursos al servicio de los gerentes acad\u00e9micos y administrativos del Sistema de la Universidad de Puerto Rico.<\/p>\n<div id=\"div_banner_y_cabezal_contenidos\">\n<div style=\"text-align: justify;\">\n<p>&nbsp;<\/p>\n<p>La Investigaci\u00f3n Institucional es parte esencial de la planificaci\u00f3n y el aval\u00fao institucional porque recopila, valida y analiza los datos de los procesos acad\u00e9micos, administrativos y estudiantiles, de manera sistem\u00e1tica.\u00a0 Estos datos se convierten en informaci\u00f3n para proveer el insumo de necesario sobre el estado actual de estos procesos. Es por esto que la investigaci\u00f3n institucional se integra de forma sin\u00e9rgica con la planificaci\u00f3n estrat\u00e9gica y el aval\u00fao, fortaleciendo la toma de decisiones hacia la efectividad institucional<\/p>\n<p>&nbsp;<\/p>\n<p>Entre los asuntos las funciones de investigaci\u00f3n institucional, se encuentran:<\/p>\n<ul>\n<li>Desarrollar las m\u00e9tricas e indicadores representativos de los aspectos acad\u00e9micos, administrativos, estudiantiles, de investigaci\u00f3n y servicio que provean la inteligencia e informaci\u00f3n necesaria para la planificaci\u00f3n estrat\u00e9gica y la adjudicaci\u00f3n de recursos.<\/li>\n<li>Mantener un proceso continuo y sistem\u00e1tico de recopilaci\u00f3n de datos e informaci\u00f3n que describa con precisi\u00f3n la actividad acad\u00e9mica y administrativa de las unidades y de la Instituci\u00f3n.<\/li>\n<\/ul>\n<ul>\n<li>Proveer la base de conocimiento y asesor\u00eda para apoyar la toma de decisiones y los procesos de rendici\u00f3n de cuentas (\u00abaccountability\u00bb) a la gerencia universitaria.<\/li>\n<li>Recopilar y proveer y divulgar datos estad\u00edsticos e informaci\u00f3n que respondan de manera \u00e1gil y confiable a los requerimientos de informaci\u00f3n por parte del Sistema a las agencias estatales y federales<strong><span style=\"text-decoration: line-through;\">. <\/span><\/strong><\/li>\n<\/ul>\n<ul>\n<li>Identificar est\u00e1ndares que permitan la comparaci\u00f3n (\u201cbenchmarking\u201d) de las mejores pr\u00e1cticas acad\u00e9micas y administrativas.<\/li>\n<li>Proveer la informaci\u00f3n y conocimiento para articular y optimizar los recursos con el prop\u00f3sito de mejorar la eficiencia y efectividad institucional mediante el dise\u00f1o y elaboraci\u00f3n de estudios institucionales.<\/li>\n<\/ul>\n<p>&nbsp;<\/p>\n<p>A fin de poder responder proactivamente a las necesidades de la Instituci\u00f3n, los investigadores institucionales contribuyen, por lo general en \u00e1reas, tales como:<\/p>\n<ul>\n<li>Elaboraci\u00f3n de planes estrat\u00e9gicos y operacionales<\/li>\n<li>Gerencia de matr\u00edcula \/ asuntos estudiantiles<\/li>\n<li>Colaboraci\u00f3n en procesos de acreditaci\u00f3n y licenciamiento<\/li>\n<li>Aval\u00fao institucional y del aprendizaje de los estudiantes<\/li>\n<li>Diversos asuntos acad\u00e9micos (facultad, propuestas de desarrollo acad\u00e9mico, entre otras)<\/li>\n<\/ul>\n<p>&nbsp;<\/p>\n<p>A nivel de la VPAA, la unidad de investigaci\u00f3n institucional se encarga de coordinar un sistema (o base racional) de informaci\u00f3n y conocimiento para apoyar los procesos de planificaci\u00f3n, aval\u00fao de resultados, adjudicaci\u00f3n de recursos y toma de decisiones. \u00a0Este responde a las necesidades de informaci\u00f3n de la Presidencia y sus dependencias, los cuerpos de rectores y las unidades del Sistema de la Universidad de Puerto Rico.<\/p>\n<p>&nbsp;<\/p>\n<p>Adem\u00e1s, la VPAA recopila, produce datos, analiza y divulga diversas estad\u00edsticas del Sistema, entre las que se encuentran: matr\u00edcula, grados conferidos y otros datos que trazan un perfil claro de la instituci\u00f3n. Por otro lado, el aval\u00fao provee las bases para describir el contexto institucional -interno y externo- y trazar la efectividad, as\u00ed como las perspectivas para promover el mejoramiento continuo y sostenido de todo el Sistema Universitario de la UPR.<\/p>\n<p>&nbsp;<\/p>\n<p>Contamos con un acervo de datos que sostiene la investigaci\u00f3n institucional, el aval\u00fao de la efectividad institucional, la planificaci\u00f3n acad\u00e9mica, entre otras \u00e1reas. Entre los informes estad\u00edsticos preparados por la VPAA en colaboraci\u00f3n con las unidades est\u00e1n: Datos de Matr\u00edcula, Grados Otorgados, Tasas de Retenci\u00f3n, Tasas de Graduaci\u00f3n, y Personal Docente y No-Docente, entre otros.<\/p>\n<\/div>\n<\/div>\n<p>[\/vc_column_text][\/vc_tta_section][vc_tta_section title=\u00bbUnidades UPR\u00bb tab_id=\u00bbunidades-upr\u00bb][vc_empty_space][vc_column_text]<strong>Enlaces de investigaci\u00f3n institucional y estad\u00edsticas por unidad <\/strong>[\/vc_column_text][vc_empty_space][vc_row_inner][vc_column_inner width=\u00bb1\/3&#8243;][vc_column_text]<a href=\"http:\/\/opep.uprrp.edu\/datosestadisticos.html\"><img loading=\"lazy\" decoding=\"async\" class=\"alignnone wp-image-7175 size-full aligncenter\" src=\"https:\/\/www.upr.edu\/ac\/wp-content\/uploads\/sites\/1\/2015\/10\/rrp-sello-100x100.png\" alt=\"logo upr rio piedras\" width=\"100\" height=\"100\" \/><\/a><\/p>\n<p style=\"text-align: center;\"><a href=\"http:\/\/opep.uprrp.edu\/datosestadisticos.html\" target=\"_blank\" rel=\"noopener noreferrer\">Recinto Univeristario de R\u00edo Piedras<\/a><\/p>\n<p>[\/vc_column_text][vc_empty_space][\/vc_column_inner][vc_column_inner width=\u00bb1\/3&#8243;][vc_column_text]<img loading=\"lazy\" decoding=\"async\" class=\"wp-image-7126 aligncenter\" src=\"https:\/\/www.upr.edu\/ac\/wp-content\/uploads\/sites\/1\/2015\/10\/rum-sello-150x150.png\" alt=\"Logo UPR-Mayag\u00fcez\" width=\"102\" height=\"102\" srcset=\"https:\/\/www.upr.edu\/ac\/wp-content\/uploads\/sites\/1\/2015\/10\/rum-sello-150x150.png 150w, https:\/\/www.upr.edu\/ac\/wp-content\/uploads\/sites\/1\/2015\/10\/rum-sello.png 289w\" sizes=\"auto, (max-width: 102px) 100vw, 102px\" \/><\/p>\n<p style=\"text-align: center;\"><a href=\"http:\/\/oiip.uprm.edu\/dtos-estadisticos\/\" target=\"_blank\" rel=\"noopener noreferrer\">Recinto Universitario de Mayaguez\u00a0<\/a><\/p>\n<p>[\/vc_column_text][\/vc_column_inner][vc_column_inner width=\u00bb1\/3&#8243;][vc_column_text]<a href=\"http:\/\/web.rcm.upr.edu\/ac\/oiar\/home.htm\"><img loading=\"lazy\" decoding=\"async\" class=\"wp-image-7125 size-full aligncenter\" src=\"https:\/\/www.upr.edu\/ac\/wp-content\/uploads\/sites\/1\/2015\/10\/rcm-sello-100x100.png\" alt=\"Logo UPR-Ciencias M\u00e9dicas\" width=\"100\" height=\"100\" \/><\/a><\/p>\n<p style=\"text-align: center;\"><a href=\"https:\/\/daa.rcm.upr.edu\/ac\/institutional-effectiveness\/\" target=\"_blank\" rel=\"noopener noreferrer\">Recinto de Ciencias Medicas<\/a><\/p>\n<p>[\/vc_column_text][\/vc_column_inner][\/vc_row_inner][vc_row_inner][vc_column_inner width=\u00bb1\/3&#8243;][vc_column_text]<a href=\"https:\/\/www.uprag.edu\/index.php\/estadisticas\" target=\"_blank\" rel=\"noopener noreferrer\"><img loading=\"lazy\" decoding=\"async\" class=\"wp-image-2524 aligncenter\" src=\"https:\/\/www.upr.edu\/ac\/wp-content\/uploads\/sites\/1\/2015\/07\/aguadilla-sello-150x150.png\" alt=\"Logo recinto de Aguadilla\" width=\"103\" height=\"103\" srcset=\"https:\/\/www.upr.edu\/ac\/wp-content\/uploads\/sites\/1\/2015\/07\/aguadilla-sello-150x150.png 150w, https:\/\/www.upr.edu\/ac\/wp-content\/uploads\/sites\/1\/2015\/07\/aguadilla-sello.png 289w\" sizes=\"auto, (max-width: 103px) 100vw, 103px\" \/><\/a><\/p>\n<p style=\"text-align: center;\"><a href=\"https:\/\/www.uprag.edu\/index.php\/estadisticas\" target=\"_blank\" rel=\"noopener noreferrer\">UPR Aguadilla<\/a><\/p>\n<p>[\/vc_column_text][vc_empty_space][\/vc_column_inner][vc_column_inner width=\u00bb1\/3&#8243;][vc_column_text]<img loading=\"lazy\" decoding=\"async\" class=\"wp-image-2525 aligncenter\" src=\"https:\/\/www.upr.edu\/ac\/wp-content\/uploads\/sites\/1\/2015\/07\/arecibo-sello-150x150.png\" alt=\"logo Recinto Arecibo\" width=\"109\" height=\"109\" srcset=\"https:\/\/www.upr.edu\/ac\/wp-content\/uploads\/sites\/1\/2015\/07\/arecibo-sello-150x150.png 150w, https:\/\/www.upr.edu\/ac\/wp-content\/uploads\/sites\/1\/2015\/07\/arecibo-sello.png 290w\" sizes=\"auto, (max-width: 109px) 100vw, 109px\" \/><\/p>\n<p style=\"text-align: center;\"><a href=\"http:\/\/upra.edu\/opei\/estadisticas.html\" target=\"_blank\" rel=\"noopener noreferrer\">UPR Arecibo\u00a0<\/a><\/p>\n<p>[\/vc_column_text][\/vc_column_inner][vc_column_inner width=\u00bb1\/3&#8243;][vc_column_text]<a href=\"https:\/\/www.uprb.edu\/sample-page\/rectoria\/planificacion-y-estudios-institucionales-opei\/\" target=\"_blank\" rel=\"noopener noreferrer\"><img loading=\"lazy\" decoding=\"async\" class=\"wp-image-2526 aligncenter\" src=\"https:\/\/www.upr.edu\/ac\/wp-content\/uploads\/sites\/1\/2015\/07\/bayamon-sello-150x150.png\" alt=\"sello Recinto Bayam\u00f3n\" width=\"116\" height=\"116\" srcset=\"https:\/\/www.upr.edu\/ac\/wp-content\/uploads\/sites\/1\/2015\/07\/bayamon-sello-150x150.png 150w, https:\/\/www.upr.edu\/ac\/wp-content\/uploads\/sites\/1\/2015\/07\/bayamon-sello.png 289w\" sizes=\"auto, (max-width: 116px) 100vw, 116px\" \/><\/a><\/p>\n<p style=\"text-align: center;\"><a href=\"https:\/\/www.uprb.edu\/sample-page\/rectoria\/planificacion-y-estudios-institucionales-opei\/\" target=\"_blank\" rel=\"noopener noreferrer\">UPR Bayam\u00f3n<\/a><\/p>\n<p>[\/vc_column_text][\/vc_column_inner][\/vc_row_inner][vc_row_inner][vc_column_inner width=\u00bb1\/3&#8243;][vc_column_text]<a href=\"https:\/\/www.uprag.edu\/index.php\/estadisticas\" target=\"_blank\" rel=\"noopener noreferrer\"><img loading=\"lazy\" decoding=\"async\" class=\"wp-image-2528 aligncenter\" src=\"https:\/\/www.upr.edu\/ac\/wp-content\/uploads\/sites\/1\/2015\/07\/cayey-sello-150x150.png\" alt=\"sello Recinto de Cayey\" width=\"113\" height=\"113\" srcset=\"https:\/\/www.upr.edu\/ac\/wp-content\/uploads\/sites\/1\/2015\/07\/cayey-sello-150x150.png 150w, https:\/\/www.upr.edu\/ac\/wp-content\/uploads\/sites\/1\/2015\/07\/cayey-sello.png 289w\" sizes=\"auto, (max-width: 113px) 100vw, 113px\" \/><\/a><\/p>\n<p style=\"text-align: center;\"><a href=\"https:\/\/cayey.upr.edu\/ac\/rectoria\/oficina-de-planificacion-avaluo-e-investigacion-institucional-opaii\/\" target=\"_blank\" rel=\"noopener noreferrer\">UPR Cayey\u00a0<\/a><\/p>\n<p>[\/vc_column_text][vc_empty_space][\/vc_column_inner][vc_column_inner width=\u00bb1\/3&#8243;][vc_column_text]<a href=\"http:\/\/upra.edu\/opei\/estadisticas.html\" target=\"_blank\" rel=\"noopener noreferrer\"><img loading=\"lazy\" decoding=\"async\" class=\"wp-image-2527 aligncenter\" src=\"https:\/\/www.upr.edu\/ac\/wp-content\/uploads\/sites\/1\/2015\/07\/carolina-sello-150x150.png\" alt=\"sello Recinto Carolina\" width=\"107\" height=\"107\" srcset=\"https:\/\/www.upr.edu\/ac\/wp-content\/uploads\/sites\/1\/2015\/07\/carolina-sello-150x150.png 150w, https:\/\/www.upr.edu\/ac\/wp-content\/uploads\/sites\/1\/2015\/07\/carolina-sello.png 289w\" sizes=\"auto, (max-width: 107px) 100vw, 107px\" \/><\/a><\/p>\n<p style=\"text-align: center;\"><a href=\"https:\/\/uprc.edu\/estadisticas-opei\/\" target=\"_blank\" rel=\"noopener noreferrer\">UPR Carolina<\/a><\/p>\n<p>[\/vc_column_text][\/vc_column_inner][vc_column_inner width=\u00bb1\/3&#8243;][vc_column_text]<a href=\"https:\/\/www.upr.edu\/ac\/humacao\/opaii\/\"><img loading=\"lazy\" decoding=\"async\" class=\"wp-image-2523 aligncenter\" src=\"https:\/\/www.upr.edu\/ac\/wp-content\/uploads\/sites\/1\/2015\/07\/UPRH-300x281.jpg\" alt=\"sello Recinto Humacao\" width=\"111\" height=\"104\" srcset=\"https:\/\/www.upr.edu\/ac\/wp-content\/uploads\/sites\/1\/2015\/07\/UPRH-300x281.jpg 300w, https:\/\/www.upr.edu\/ac\/wp-content\/uploads\/sites\/1\/2015\/07\/UPRH.jpg 720w\" sizes=\"auto, (max-width: 111px) 100vw, 111px\" \/><\/a><\/p>\n<p style=\"text-align: center;\"><a href=\"https:\/\/www.upr.edu\/ac\/humacao\/opaii\" target=\"_blank\" rel=\"noopener noreferrer\">UPR Humacao<\/a><\/p>\n<p>[\/vc_column_text][\/vc_column_inner][\/vc_row_inner][vc_row_inner][vc_column_inner width=\u00bb1\/3&#8243;][vc_column_text]<a href=\"https:\/\/www.uprag.edu\/index.php\/estadisticas\" target=\"_blank\" rel=\"noopener noreferrer\"><img loading=\"lazy\" decoding=\"async\" class=\"wp-image-2529 aligncenter\" src=\"https:\/\/www.upr.edu\/ac\/wp-content\/uploads\/sites\/1\/2015\/07\/ponce-sello-150x150.png\" alt=\"sello UPR-Ponce\" width=\"110\" height=\"110\" srcset=\"https:\/\/www.upr.edu\/ac\/wp-content\/uploads\/sites\/1\/2015\/07\/ponce-sello-150x150.png 150w, https:\/\/www.upr.edu\/ac\/wp-content\/uploads\/sites\/1\/2015\/07\/ponce-sello.png 289w\" sizes=\"auto, (max-width: 110px) 100vw, 110px\" \/><\/a><\/p>\n<p style=\"text-align: center;\"><a href=\"http:\/\/www.uprp.edu\/index.php?option=com_content&amp;view=article&amp;id=161&amp;Itemid=129&amp;LinkId=184\" target=\"_blank\" rel=\"noopener noreferrer\">UPR Ponce\u00a0<\/a><\/p>\n<p>[\/vc_column_text][vc_empty_space][\/vc_column_inner][vc_column_inner width=\u00bb1\/3&#8243;][vc_column_text]<a href=\"http:\/\/www.uprutuado.edu\/rectoria\/opei\/estadisticas\" target=\"_blank\" rel=\"noopener noreferrer\"><img loading=\"lazy\" decoding=\"async\" class=\"wp-image-2533 aligncenter\" src=\"https:\/\/www.upr.edu\/ac\/wp-content\/uploads\/sites\/1\/2015\/07\/utuado-sello-150x150.png\" alt=\"sello UPR Utuado\" width=\"107\" height=\"107\" srcset=\"https:\/\/www.upr.edu\/ac\/wp-content\/uploads\/sites\/1\/2015\/07\/utuado-sello-150x150.png 150w, https:\/\/www.upr.edu\/ac\/wp-content\/uploads\/sites\/1\/2015\/07\/utuado-sello.png 289w\" sizes=\"auto, (max-width: 107px) 100vw, 107px\" \/><\/a><\/p>\n<p style=\"text-align: center;\"><a href=\"http:\/\/www.uprutuado.edu\/rectoria\/opei\/estadisticas\" target=\"_blank\" rel=\"noopener noreferrer\">UPR Utuado<\/a><\/p>\n<p>[\/vc_column_text][\/vc_column_inner][vc_column_inner width=\u00bb1\/3&#8243;][\/vc_column_inner][\/vc_row_inner][vc_empty_space][vc_column_text]Para mas informaci\u00f3n , puede visitar el portal de la Asociaci\u00f3n de Investigaci\u00f3n Institucional (<em>Association for Institutional Research<\/em>) en: <a href=\"http:\/\/www.airweb.org\/\">http:\/\/www.airweb.org\/<\/a>[\/vc_column_text][\/vc_tta_section][vc_tta_section title=\u00bbDatos\u00bb tab_id=\u00bbdatos\u00bb][vc_empty_space][vc_empty_space][vc_row_inner][vc_column_inner][vc_column_text]Matr\u00edcula Total<\/p>\n<p style=\"padding-left: 30px;\">Total por Programa Acad\u00e9mico<\/p>\n<p style=\"padding-left: 60px;\"><a href=\"https:\/\/www.upr.edu\/ac\/mdocs-posts\/matricula-total-por-programa-acadmemico\/\" target=\"_blank\" rel=\"noopener noreferrer\">2018-19<\/a>\u00a0(Primer Semestre)<\/p>\n<p style=\"padding-left: 60px;\"><a href=\"https:\/\/www.upr.edu\/ac\/wp-content\/uploads\/sites\/1\/2020\/09\/MAT_TOTAL_PROGRAMA_ACADEMICO_2019-20-Primer_Semestre.pdf\" target=\"_blank\" rel=\"noopener noreferrer\">2019-20<\/a>\u00a0(Primer Semestre)<\/p>\n<p style=\"padding-left: 60px;\"><a href=\"https:\/\/www.upr.edu\/ac\/wp-content\/uploads\/sites\/1\/2020\/10\/MATRICULA_TOTAL_PRIM_SEMESTRE_2020-2021.pdf\" target=\"_blank\" rel=\"noopener noreferrer\">2020-21<\/a>\u00a0(Primer Semestre)<\/p>\n<p>&nbsp;<\/p>\n<p style=\"padding-left: 30px;\">Total por G\u00e9nero<\/p>\n<p style=\"padding-left: 60px;\"><a href=\"https:\/\/www.upr.edu\/ac\/mdocs-posts\/matricula-por-genero-2001-2018\/\" target=\"_blank\" rel=\"noopener noreferrer\">2000-01 al 2018-19<\/a><\/p>\n<p style=\"padding-left: 60px;\"><a href=\"https:\/\/www.upr.edu\/ac\/wp-content\/uploads\/sites\/1\/2020\/10\/MATRICULA_TOTAL_POR_GENERO_2000-01_AL_2020-21_PRM_SEM.pdf\" target=\"_blank\" rel=\"noopener noreferrer\">2020- 2021<\/a><\/p>\n<p>&nbsp;<\/p>\n<p style=\"padding-left: 30px;\">Subgraduada, Graduada por Regular, Irregular y Equivalente a Regular<\/p>\n<p style=\"padding-left: 60px;\"><a href=\"https:\/\/drive.google.com\/open?id=0BypQ7DYvTrDCU2dsU0JJcWpCRnM\" target=\"_blank\" rel=\"noopener noreferrer\">2006-07 al 2011- 2012<\/a><\/p>\n<p style=\"padding-left: 60px;\"><a href=\"https:\/\/drive.google.com\/open?id=0BypQ7DYvTrDCYk1aUDBnbTRkeDQ\" target=\"_blank\" rel=\"noopener noreferrer\">2013- 2014<\/a><\/p>\n<p style=\"padding-left: 60px;\"><a href=\"https:\/\/www.upr.edu\/ac\/wp-content\/uploads\/sites\/1\/2020\/10\/MAT_TOTAL_REG_IRREGEQ-REG_2019-2020.pdf\" target=\"_blank\" rel=\"noopener noreferrer\">2019- 2020<\/a><\/p>\n<p style=\"padding-left: 60px;\"><a href=\"https:\/\/www.upr.edu\/ac\/wp-content\/uploads\/sites\/1\/2020\/10\/MATRICULA_TOTAL_PRIM_SEMESTRE_2020-2021.pdf\" target=\"_blank\" rel=\"noopener noreferrer\">2020-21<\/a><\/p>\n<p>&nbsp;<\/p>\n<p style=\"padding-left: 30px;\">Por G\u00e9nero; Subgraduada, Graduada por Regular, Irregular y Equivalente Regular y Nuevo Ingreso<\/p>\n<p style=\"padding-left: 60px;\"><a href=\"https:\/\/drive.google.com\/open?id=0BypQ7DYvTrDCWGt0OFF6NmIycnc\" target=\"_blank\" rel=\"noopener noreferrer\">\u00a02014-15<\/a><\/p>\n<p style=\"padding-left: 60px;\"><a href=\"https:\/\/drive.google.com\/open?id=0BypQ7DYvTrDCWlRTdnZTT2hibms\" target=\"_blank\" rel=\"noopener noreferrer\">2015-16<\/a><\/p>\n<p style=\"padding-left: 60px;\"><a href=\"https:\/\/drive.google.com\/open?id=0BypQ7DYvTrDCM3ByRjdXeXBSRG8\" target=\"_blank\" rel=\"noopener noreferrer\">2016-17<\/a><\/p>\n<p style=\"padding-left: 60px;\"><a href=\"https:\/\/www.upr.edu\/ac\/mdocs-posts\/matricula-total-por-genero-2018-19\/\" target=\"_blank\" rel=\"noopener noreferrer\">2018-19 (Primer Semestre)<\/a><\/p>\n<p style=\"padding-left: 60px;\"><a href=\"https:\/\/www.upr.edu\/ac\/wp-content\/uploads\/sites\/1\/2020\/10\/MAT_TOTAL_REG_IRREGEQ-REG_2019-2020.pdf\" target=\"_blank\" rel=\"noopener noreferrer\">2019- 2020<\/a><\/p>\n<p style=\"padding-left: 60px;\"><a href=\"https:\/\/www.upr.edu\/ac\/wp-content\/uploads\/sites\/1\/2020\/10\/MATRICULA_TOTAL_PRIM_SEMESTRE_2020-2021.pdf\" target=\"_blank\" rel=\"noopener noreferrer\">2020-21<\/a><\/p>\n<p style=\"padding-left: 30px;\">Grados por Unidad, G\u00e9nero y Tipo de Programa Acad\u00e9mico<\/p>\n<p style=\"padding-left: 60px;\"><a href=\"https:\/\/www.upr.edu\/ac\/mdocs-posts\/grados-genero-tipo\/\" target=\"_blank\" rel=\"noopener noreferrer\">2017-18<\/a><\/p>\n<p style=\"padding-left: 60px;\"><a href=\"https:\/\/www.upr.edu\/ac\/wp-content\/uploads\/sites\/1\/2020\/09\/Grados_conferidos_2018-2019.pdf\" target=\"_blank\" rel=\"noopener noreferrer\">2018-19<\/a><\/p>\n<p style=\"padding-left: 60px;\"><a href=\"https:\/\/www.upr.edu\/ac\/wp-content\/uploads\/sites\/1\/2020\/10\/GRADOS_CONFERIDOS_POR_TIPO_DE_PROGRAMA2019-2020.pdf\" target=\"_blank\" rel=\"noopener noreferrer\">2019-20<\/a><\/p>\n<p>[\/vc_column_text][\/vc_column_inner][\/vc_row_inner][vc_row_inner][vc_column_inner width=\u00bb1\/2&#8243;][vc_empty_space][vc_column_text]Distribuci\u00f3n de Grados<\/p>\n<p style=\"padding-left: 60px;\"><a href=\"https:\/\/drive.google.com\/open?id=0BypQ7DYvTrDCMF9KRGN3dVdfd0E\" target=\"_blank\" rel=\"noopener noreferrer\">00-01 al 15-16<\/a><\/p>\n<p style=\"padding-left: 60px;\"><a href=\"https:\/\/www.upr.edu\/ac\/mdocs-posts\/tasas-de-retencion-y-graduacion-2018\/\" target=\"_blank\" rel=\"noopener noreferrer\">00-01 al 17-18<\/a><\/p>\n<p style=\"padding-left: 60px;\"><a href=\"https:\/\/www.upr.edu\/ac\/wp-content\/uploads\/sites\/1\/2020\/10\/DISTRIBUCION_DE_GRADOS_POR_UNIDAD_2000-01_AL_2019-2020.pdf\" target=\"_blank\" rel=\"noopener noreferrer\">00-01 al 19-20<\/a><\/p>\n<p>[\/vc_column_text][vc_empty_space][vc_column_text]Tasas<\/p>\n<p style=\"padding-left: 60px;\"><a href=\"https:\/\/www.upr.edu\/ac\/wp-content\/uploads\/sites\/1\/2020\/09\/Tasas_de_Graduacion_2016-2019.pdf\" target=\"_blank\" rel=\"noopener noreferrer\">Tasas de Graduaci\u00f3n<\/a><\/p>\n<p style=\"padding-left: 60px;\"><a href=\"https:\/\/www.upr.edu\/ac\/wp-content\/uploads\/sites\/1\/2020\/10\/Tasa_de_Retencion_Estudiantil_2016-2017_al_2020-2021_por_Unidad.pdf\" target=\"_blank\" rel=\"noopener noreferrer\">Tasas de Retenci\u00f3n<\/a><\/p>\n<p>[\/vc_column_text][vc_empty_space][\/vc_column_inner][vc_column_inner width=\u00bb1\/2&#8243;][vc_column_text][\/vc_column_text][vc_empty_space][vc_empty_space][vc_empty_space][vc_empty_space][vc_empty_space][vc_empty_space][\/vc_column_inner][\/vc_row_inner][vc_column_text]Perfiles Institucionales &#8211;\u00a0Admisiones, Matr\u00edcula Total,\u00a0Matr\u00edcula por Programa Acad\u00e9mico,\u00a0Grados,\u00a0Cursos de la UPR, Personal Docente y No Docente[\/vc_column_text][vc_row_inner][vc_column_inner width=\u00bb1\/3&#8243;][vc_empty_space][vc_column_text]<\/p>\n<p style=\"padding-left: 60px;\"><a href=\"https:\/\/drive.google.com\/open?id=0BypQ7DYvTrDCMlRYTG00U2hTT0U\" target=\"_blank\" rel=\"noopener noreferrer\">2009-2010<\/a><\/p>\n<p style=\"padding-left: 60px;\"><a href=\"https:\/\/drive.google.com\/open?id=0BypQ7DYvTrDCOGt1VVdrdUtoZkE\" target=\"_blank\" rel=\"noopener noreferrer\">2010-2011<\/a><\/p>\n<p style=\"padding-left: 60px;\"><a href=\"https:\/\/drive.google.com\/open?id=0BypQ7DYvTrDCT1d3NlVJaU05b3c\" target=\"_blank\" rel=\"noopener noreferrer\">2011-2012<\/a><\/p>\n<p>[\/vc_column_text][\/vc_column_inner][vc_column_inner width=\u00bb1\/3&#8243;][vc_empty_space][vc_column_text]<\/p>\n<p style=\"padding-left: 60px;\"><a href=\"https:\/\/drive.google.com\/open?id=0BypQ7DYvTrDCaGFFY1FQaThFbjg\" target=\"_blank\" rel=\"noopener noreferrer\">2012-2013<\/a><\/p>\n<p style=\"padding-left: 60px;\"><a href=\"https:\/\/drive.google.com\/open?id=0BypQ7DYvTrDCOEhKUHIyU2JKMTQ\" target=\"_blank\" rel=\"noopener noreferrer\">2013-2014<\/a><\/p>\n<p style=\"padding-left: 60px;\"><a href=\"https:\/\/drive.google.com\/open?id=0BypQ7DYvTrDCVlBaUldlUzkzRnM\" target=\"_blank\" rel=\"noopener noreferrer\">2014-2015<\/a><\/p>\n<p>[\/vc_column_text][\/vc_column_inner][vc_column_inner width=\u00bb1\/3&#8243;][vc_empty_space][vc_column_text]<\/p>\n<p style=\"padding-left: 60px;\"><a href=\"https:\/\/www.upr.edu\/ac\/mdocs-posts\/perfil-institucional-2015-16\/\" target=\"_blank\" rel=\"noopener noreferrer\"> 2015-2016<\/a><\/p>\n<p style=\"padding-left: 60px;\"><a href=\"https:\/\/www.upr.edu\/ac\/mdocs-posts\/perfil-institucional-2016-2017\/\" target=\"_blank\" rel=\"noopener noreferrer\">2016-2017<\/a><\/p>\n<p style=\"padding-left: 60px;\"><a href=\"https:\/\/www.upr.edu\/ac\/wp-content\/uploads\/sites\/1\/2020\/10\/Perfil_Institucional_UPR_2019-20.pdf\" target=\"_blank\" rel=\"noopener noreferrer\">2019-2020<\/a><\/p>\n<p>[\/vc_column_text][\/vc_column_inner][\/vc_row_inner][\/vc_tta_section][vc_tta_section title=\u00bbEstudios e Informes\u00bb tab_id=\u00bbestudios-e-informes\u00bb][vc_empty_space]<div class=\"standard-arrow list-divider bullet-top\"><ul>\n<li><a href=\"https:\/\/www.upr.edu\/ac\/wp-content\/uploads\/sites\/1\/2020\/10\/Percepcion_de_los_estudiantes_ante_la_emergencia_del_COVID19b.pdf\">Informe de percepci\u00f3n de los estudiantes ante la emergencia del COVID19<\/a><\/li>\n<\/ul>\n<\/div>[\/vc_tta_section][\/vc_tta_tabs][\/vc_column][\/vc_row][vc_row][vc_column][vc_column_text]<\/p>\n<p>[\/vc_column_text][\/vc_column][\/vc_row]<\/p>\n<\/div>","protected":false},"excerpt":{"rendered":"<p>[vc_row][vc_column][\/vc_column][\/vc_row][vc_row][vc_column][vc_empty_space][vc_tta_tabs][vc_tta_section title=\u00bbInvestigaci\u00f3n Institucional\u00bb tab_id=\u00bbinvestigacion-institucional\u00bb][vc_empty_space][vc_column_text]La Pol\u00edtica de la Universidad de Puerto Rico sobre Investigaci\u00f3n Institucional (Certificaci\u00f3n N\u00fam. 108 1998-1999, Junta de S\u00edndicos) establece la definici\u00f3n, objetivo y funciones de la investigaci\u00f3n institucional. El documento define de investigaci\u00f3n institucional como \u201cla suma total de todas las actividades dirigidas a describir el espectro pleno de los procesos (educativos,&hellip;<\/p>\n","protected":false},"author":12,"featured_media":0,"parent":740,"menu_order":104,"comment_status":"closed","ping_status":"closed","template":"","meta":{"_themeisle_gutenberg_block_has_review":false,"footnotes":""},"class_list":["post-1266","page","type-page","status-publish","hentry","description-off"],"_links":{"self":[{"href":"https:\/\/www.upr.edu\/ac\/wp-json\/wp\/v2\/pages\/1266","targetHints":{"allow":["GET"]}}],"collection":[{"href":"https:\/\/www.upr.edu\/ac\/wp-json\/wp\/v2\/pages"}],"about":[{"href":"https:\/\/www.upr.edu\/ac\/wp-json\/wp\/v2\/types\/page"}],"author":[{"embeddable":true,"href":"https:\/\/www.upr.edu\/ac\/wp-json\/wp\/v2\/users\/12"}],"replies":[{"embeddable":true,"href":"https:\/\/www.upr.edu\/ac\/wp-json\/wp\/v2\/comments?post=1266"}],"version-history":[{"count":63,"href":"https:\/\/www.upr.edu\/ac\/wp-json\/wp\/v2\/pages\/1266\/revisions"}],"predecessor-version":[{"id":40228,"href":"https:\/\/www.upr.edu\/ac\/wp-json\/wp\/v2\/pages\/1266\/revisions\/40228"}],"up":[{"embeddable":true,"href":"https:\/\/www.upr.edu\/ac\/wp-json\/wp\/v2\/pages\/740"}],"wp:attachment":[{"href":"https:\/\/www.upr.edu\/ac\/wp-json\/wp\/v2\/media?parent=1266"}],"curies":[{"name":"wp","href":"https:\/\/api.w.org\/{rel}","templated":true}]}}