{"id":1171,"date":"2015-06-24T11:06:17","date_gmt":"2015-06-24T15:06:17","guid":{"rendered":"http:\/\/136.145.11.14\/?page_id=1171"},"modified":"2024-11-14T14:31:17","modified_gmt":"2024-11-14T18:31:17","slug":"documentos-vpaa","status":"publish","type":"page","link":"https:\/\/www.upr.edu\/ac\/vicepresidencias\/vicepresidencia-de-asuntos-academicos\/documentos-vpaa\/","title":{"rendered":"Vicepresidencia en Asuntos Acad\u00e9micos e Investigaci\u00f3n &#8211; Pol\u00edticas, Gu\u00edas y Formularios"},"content":{"rendered":"<div class=\"wpb-content-wrapper\" id=\"wpb-content-root\"><p>[vc_row][vc_column][vc_tta_tabs][vc_tta_section title=\u00bbNormativas y Gu\u00edas\u00bb tab_id=\u00bbnormativas-y-guias\u00bb][vc_column_text css=\u00bb\u00bb]<strong>Programas Acad\u00e9micos<\/strong><\/p>\n<p style=\"padding-left: 90px;\"><a style=\"color: #000000;\" href=\"https:\/\/www.upr.edu\/ac\/wp-content\/uploads\/sites\/1\/2024\/08\/Certificacion-168-2021-2022-JG-Registro-de-la-Oferta-Academica-de-la-Universidad-de-Puerto-Rico.pdf\">Certificaci\u00f3n 168 (2021-2022) JG, Registro de la Oferta Acad\u00e9mica de la Universidad de Puerto Rico<\/a><br \/>\n<!--more--><\/p>\n<p><strong>Creaci\u00f3n de Programas Acad\u00e9micos<\/strong><\/p>\n<p style=\"padding-left: 90px;\"><a style=\"color: #000000;\" href=\"https:\/\/www.upr.edu\/ac\/wp-content\/uploads\/sites\/1\/2024\/08\/Certificacion-163-2022-2023-JG-Version-Compilada-Reglamento-para-la-Creacion-de-Programas-Academicos-Nuevos-en-la-Universidad-de-Puerto-Rico2.pdf\">Certificaci\u00f3n 163 (2022-2023) JG, Versi\u00f3n Compilada Reglamento para la Creaci\u00f3n de Programas Acad\u00e9micos Nuevos en la Universidad de Puerto Rico<\/a><\/p>\n<p style=\"padding-left: 90px;\"><a style=\"color: #000000;\" href=\"https:\/\/www.upr.edu\/ac\/wp-content\/uploads\/sites\/1\/2019\/03\/Guia-REV-OAA-ProgAcadNuevos-Cert-64-2018-19-JG_23-feb-2019-EDT.pdf\"><span style=\"color: #000000;\">Gu\u00eda para la redacci\u00f3n de propuestas para el establecimiento de programas acad\u00e9micos nuevos en la Universidad de Puerto Rico <\/span><\/a><\/p>\n<p style=\"padding-left: 90px;\"><a style=\"color: #000000;\" href=\"https:\/\/www.upr.edu\/ac\/wp-content\/uploads\/sites\/1\/2019\/03\/Hoja-de-Cotejo-REV-OAA-PropProfAcadNuevo-23feb19-EDT.pdf\"><span style=\"color: #000000;\">Hoja de cotejo y autocotejo para la evaluaci\u00f3n de propuestas para el establecimiento de programas acad\u00e9micos nuevos en la Universidad de Puerto Rico.<\/span><\/a><\/p>\n<p style=\"padding-left: 90px;\"><span style=\"color: #000000;\"><a style=\"color: #000000;\" href=\"https:\/\/www.upr.edu\/ac\/wp-content\/uploads\/sites\/1\/2020\/02\/44-2019-2020-JG-PolSegundosBaContrac.pdf\" target=\"_blank\" rel=\"noopener noreferrer\">Certificaci\u00f3n N\u00fam. 44 (2019-2020) JG, Pol\u00edtica de segundos bachilleratos, segundas concentraciones, concentraciones menores y certificaciones profesionales en la Universidad de Puerto Rico<\/a><\/span><\/p>\n<p style=\"padding-left: 90px;\"><span style=\"color: #000000;\"><a style=\"color: #000000;\" href=\"https:\/\/www.upr.edu\/ac\/wp-content\/uploads\/sites\/1\/2020\/02\/GUIA-PoliticaSegundosBachilleratos-Cert44-JG-edt.pdf\">Gu\u00eda para la implantaci\u00f3n de la Pol\u00edtica de segundos bachilleratos, segundas concentraciones, concentraciones menores y certificaciones profesionales en la UPR (VPAA, 2020)<\/a><\/span><\/p>\n<p style=\"padding-left: 90px;\"><a style=\"color: #000000;\" href=\"https:\/\/www.upr.edu\/ac\/wp-content\/uploads\/sites\/1\/2024\/11\/GUIA-Credenciales-Apilables-28-oct-2024.pdf\">Gu\u00eda para Desarrollar Credenciales Apilables en la UPR (28-octubre-2024)<\/a><\/p>\n<p><span style=\"color: #000000;\"><strong>Evaluaci\u00f3n de Programas Acad\u00e9micos<\/strong><\/span><\/p>\n<p style=\"padding-left: 90px;\"><a style=\"color: #000000;\" href=\"https:\/\/www.upr.edu\/ac\/wp-content\/uploads\/sites\/1\/2024\/08\/Certificacion-142-2023-2024-JG-Reglamento-para-la-Evaluacion-Periodica-de-Programas-Academicos-en-la-Universidad-de-Puerto-Rico.pdf\">Certificaci\u00f3n 142 (2023-2024) JG, Reglamento para la Evaluaci\u00f3n Peri\u00f3dica de Programas Acad\u00e9micos en la Universidad de Puerto Rico<\/a><\/p>\n<p style=\"padding-left: 90px;\"><a href=\"https:\/\/www.upr.edu\/ac\/wp-content\/uploads\/sites\/1\/2024\/10\/GuiaEvaluacionProgAcadUPR-4oct2024.pdf\"><span style=\"color: #000000;\">Gu\u00eda para la evaluaci\u00f3n de los programas acad\u00e9micos en la Universidad de Puerto\u00a0Rico (VPAA, 2024)<\/span><\/a><\/p>\n<p><span style=\"color: #000000;\"><strong> Cambios a Programas Acad\u00e9micos<\/strong><\/span><\/p>\n<p style=\"padding-left: 90px;\"><span style=\"color: #000000;\"><a style=\"color: #000000;\" href=\"https:\/\/www.upr.edu\/ac\/wp-content\/uploads\/sites\/1\/2020\/02\/GuiaGeneralPropCambioAcad-vFNL-ene2020.pdf\" target=\"_blank\" rel=\"noopener noreferrer\">Gu\u00eda general para la preparaci\u00f3n y tr\u00e1mite de propuestas de cambio\u00a0\u00a0 acad\u00e9mico en la Universidad de Puerto Rico<\/a> (VPAA, enero 2020)<\/span><\/p>\n<p style=\"padding-left: 90px;\"><span style=\"color: #000000;\"><a style=\"color: #000000;\" href=\"https:\/\/www.upr.edu\/ac\/wp-content\/uploads\/sites\/1\/2020\/02\/Gu\u00eda-Propuestas-M\u00e9todos-no-Convencionales-VPAAI-dic2019.pdf\" target=\"_blank\" rel=\"noopener noreferrer\">Gu\u00eda para la preparaci\u00f3n de propuestas para la oferta de programas acad\u00e9micos existentes mediante m\u00e9todos no convencionales de la Universidad de Puerto Rico<\/a> (VPAA, diciembre 2019)<\/span><\/p>\n<p style=\"padding-left: 90px;\"><a style=\"color: #000000;\" href=\"https:\/\/www.upr.edu\/ac\/wp-content\/uploads\/sites\/1\/2024\/08\/GUIA-InactivReactivMoratCierreOfrecAcadUPR-VPAAI-REVmarzo-2023.pdf\">Gu\u00eda para la Inactivaci\u00f3n, Declaraci\u00f3n de Moratoria, Reactivaci\u00f3n o Cierre de Programas Acad\u00e9micos en la Universidad de Puerto Rico (VPAAI, marzo 2023)<\/a><\/p>\n<p>&nbsp;<\/p>\n<p><span style=\"color: #000000;\"><strong>Acciones de Curso<\/strong><\/span><\/p>\n<p style=\"padding-left: 90px;\"><a style=\"color: #000000;\" href=\"https:\/\/www.upr.edu\/ac\/wp-content\/uploads\/sites\/1\/2024\/08\/Certificacion-125-2023-2024-JG-Guia-para-la-Creacion-Codificacion-Uniforme-Registro-y-Otras-Acciones-de-Curso-en-la-Universidad-de-Puerto-R.pdf\">Certificaci\u00f3n 125 (2023-2024) JG, Gu\u00eda para la Creaci\u00f3n, Codificaci\u00f3n Uniforme, Registro y Otras Acciones de Curso en la Universidad de Puerto Rico<\/a><\/p>\n<p style=\"padding-left: 90px;\">El proceso a seguir para las distintas acciones relacionadas con los cursos, seg\u00fan lo establece la Certificaci\u00f3n 125, 2023-2024 de la Junta de Gobierno (JG), est\u00e1 detallado en el <strong><a href=\"https:\/\/www.upr.edu\/ac\/wp-content\/uploads\/sites\/1\/2024\/10\/Flujograma-de-Tramites-para-Acciones-de-Cursos-VPAAI-2024.pdf\">Flujograma de Tr\u00e1mites<\/a><\/strong> para Acciones de Cursos. Este flujograma facilita el proceso ya que incluye enlaces directos a los formularios correspondientes.<\/p>\n<p>&nbsp;<\/p>\n<p><span style=\"color: #000000;\"><strong>Acreditaci\u00f3n de Programas y Servicios<\/strong><\/span><\/p>\n<p style=\"padding-left: 90px;\"><span style=\"color: #000000;\"><a style=\"color: #000000;\" href=\"https:\/\/www.upr.edu\/ac\/mdocs-posts\/certificacion-num-138-2003-2004-js\/\" target=\"_blank\" rel=\"noopener noreferrer\">Certificaci\u00f3n N\u00fam. 138 (2003-2004) JS, Pol\u00edtica institucional sobre las acreditaciones de los programas acad\u00e9micos y servicios que rinde la Universidad de Puerto Rico<\/a><\/span><\/p>\n<p style=\"padding-left: 90px;\"><span style=\"color: #000000;\"><a style=\"color: #000000;\" href=\"https:\/\/www.upr.edu\/ac\/mdocs-posts\/certificacion-num-38-2009-2010-js\/\" target=\"_blank\" rel=\"noopener noreferrer\">Certificaci\u00f3n N\u00fam. 38 (2009-2010) JS, Pol\u00edtica para la institucionalizaci\u00f3n de la evaluaci\u00f3n externa de las bibliotecas de la Universidad de Puerto Rico<\/a><\/span><\/p>\n<p><span style=\"color: #000000;\"><strong>\u00a0<\/strong><\/span><\/p>\n<p><span style=\"color: #000000;\"><strong>Educaci\u00f3n a Distancia<\/strong><\/span><\/p>\n<p style=\"padding-left: 90px;\"><span style=\"color: #000000;\"><a style=\"color: #000000;\" href=\"https:\/\/www.upr.edu\/ac\/mdocs-posts\/certificacion-num-73-2006-2007-js\/\">Certificaci\u00f3n N\u00fam. 73 (2006-2007) JS, Pol\u00edtica institucional de educaci\u00f3n a distancia de la Universidad de Puerto Rico<\/a><\/span><\/p>\n<p>&nbsp;<\/p>\n<p><span style=\"color: #000000;\"><strong>Efectividad Institucional<\/strong><\/span><\/p>\n<p style=\"padding-left: 90px;\"><span style=\"color: #000000;\"><a style=\"color: #000000;\" href=\"https:\/\/www.upr.edu\/ac\/mdocs-posts\/certificacion-num-136-2003-2004-js\/\" target=\"_blank\" rel=\"noopener noreferrer\">Certificaci\u00f3n N\u00fam. 136 (2003-2004) JS, Pol\u00edtica de la Universidad de Puerto Rico sobre la Efectividad Institucional<\/a><\/span><\/p>\n<p>&nbsp;<\/p>\n<p><span style=\"color: #000000;\"><strong>Exenciones de los Derechos de Matr\u00edcula<\/strong><\/span><\/p>\n<p style=\"padding-left: 90px;\"><a style=\"color: #000000;\" href=\"https:\/\/www.upr.edu\/ac\/wp-content\/uploads\/sites\/1\/2024\/08\/Cert-4-2019-2020-JG-PolOtorAyuEconEstuUPR.pdf\">Certificaci\u00f3n 4 (2019-2020) JG, Pol\u00edtica Institucional sobre la Otorgaci\u00f3n de Ayudas Econ\u00f3micas para Estudiantes con Distinciones Acad\u00e9micas en la Universidad de Puerto Rico<\/a><\/p>\n<p style=\"padding-left: 90px;\"><a style=\"color: #000000;\" href=\"https:\/\/www.upr.edu\/ac\/wp-content\/uploads\/sites\/1\/2024\/08\/CERT-75-2019-2020-JG-EnmdCert-4-2019-2020-PolInstOtorgAyudEcoEstUPR.pdf\">Certificaci\u00f3n 75 (2019-2020) JG, Enmiendas a la Certificaci\u00f3n 4 (2019-2020) JG, Pol\u00edtica Institucional sobre la Otorgaci\u00f3n de Ayudas Econ\u00f3micas para Estudiantes en Categor\u00edas Elegibles en la Universidad de Puerto Rico<\/a><\/p>\n<p style=\"padding-left: 30px;\"><span style=\"color: #000000;\"><strong>\u00a0<\/strong><\/span><\/p>\n<p><span style=\"color: #000000;\"><strong>Reconocimiento de Grados y T\u00edtulos Acad\u00e9micos<\/strong><\/span><\/p>\n<p style=\"padding-left: 90px;\"><span style=\"color: #000000;\"><a style=\"color: #000000;\" href=\"https:\/\/www.upr.edu\/ac\/mdocs-posts\/procedimiento-para-la-radicacion-y-tramite-de-certificaciones\/\" target=\"_blank\" rel=\"noopener noreferrer\">Procedimiento para la radicaci\u00f3n y tr\u00e1mite de certificaciones de reconocimiento por la Universidad de Puerto Rico de Grados y T\u00edtulos Conferidos por Instituciones de Educaci\u00f3n Superior, Revisi\u00f3n 2015<\/a>\u00a0(Junta de Reconocimientos de Grados y T\u00edtulos Acad\u00e9micos)<\/span><\/p>\n<p><span style=\"color: #000000;\"><b>Tarea Acad\u00e9mica<\/b><\/span><\/p>\n<p style=\"padding-left: 90px;\"><span style=\"color: #000000;\"><a style=\"color: #000000;\" href=\"https:\/\/www.upr.edu\/ac\/mdocs-posts\/tabla-de-equivalencias-de-tarea-academica\/\" target=\"_blank\" rel=\"noopener noreferrer\"><span style=\"font-weight: 400;\">Tabla de Equivalencias de Tarea Acad\u00e9mica para el Personal Docente de la Universidad de Puerto Rico. Certificaci\u00f3n N\u00fam. 105, 2014-2015, JG<\/span><\/a><\/span><\/p>\n<p style=\"padding-left: 90px;\"><span style=\"color: #000000;\"><a style=\"color: #000000;\" href=\"https:\/\/www.upr.edu\/ac\/mdocs-posts\/certificacion-num-60-2015-2016-enmienda-a-la-cert-105\/\" target=\"_blank\" rel=\"noopener noreferrer\"><span style=\"font-weight: 400;\">Certificaci\u00f3n N\u00fam. 60, 2015-2016 \u2013 enmienda a la Cert. 105, 2014-2015, JG \u00a0de Tabla de Equivalencias de Tarea Acad\u00e9mica para el personal Docente UPR<\/span><\/a><\/span><\/p>\n<p><span style=\"color: #000000;\"><b>Educaci\u00f3n Continua y Estudios Profesionales<\/b><\/span><\/p>\n<p style=\"padding-left: 90px;\"><span style=\"color: #000000;\"><a style=\"color: #000000;\" href=\"https:\/\/www.upr.edu\/ac\/mdocs-posts\/certificacion-num-190-2000-2001-js\/\" target=\"_blank\" rel=\"noopener noreferrer\"><span style=\"font-weight: 400;\">Pol\u00edtica Institucional y Direcci\u00f3n Estrat\u00e9gica para la Educaci\u00f3n Continua y Estudios Profesionales en la Universidad de Puerto Rico. Certificaci\u00f3n N\u00fam. 190, 2000-2001, JS<\/span><\/a><\/span><\/p>\n<p><span style=\"color: #000000;\"><b>Electivas Libres<\/b><\/span><\/p>\n<p style=\"padding-left: 90px;\"><span style=\"color: #000000;\"><a style=\"color: #000000;\" href=\"https:\/\/www.upr.edu\/ac\/mdocs-posts\/certificacion-num-106-1973-74\/\" target=\"_blank\" rel=\"noopener noreferrer\"><span style=\"font-weight: 400;\">Certificaci\u00f3n N\u00fam. 106, 1973-74, Consejo de Educaci\u00f3n Superior de Puerto Rico<\/span><\/a><\/span><\/p>\n<p><span style=\"color: #000000;\"><b>Permisos Especiales<\/b><\/span><\/p>\n<p style=\"padding-left: 90px;\"><span style=\"color: #000000;\"><a style=\"color: #000000;\" href=\"https:\/\/www.upr.edu\/ac\/mdocs-posts\/autorizacion-a-estudiantes-para-tomar-cursos-en-otras-unidades\/\" target=\"_blank\" rel=\"noopener noreferrer\"><span style=\"font-weight: 400;\">Pol\u00edtica Institucional sobre la Autorizaci\u00f3n a Estudiantes para Tomar Cursos en otras Unidades o Instituciones Universitarias (Permisos Especiales) Carta Circular de la Vicepresidenta para Asuntos Acad\u00e9micos, 31 de mayo de 1996.<\/span><\/a><\/span><\/p>\n<p><span style=\"color: #000000;\"><b>Programas de Traslados<\/b><\/span><\/p>\n<p style=\"padding-left: 90px;\"><a style=\"color: #000000;\" href=\"https:\/\/www.upr.edu\/ac\/wp-content\/uploads\/sites\/1\/2024\/08\/Certificacion-128-2022-2023-JG-Politica-Institucional-sobre-Traslados-y-Reclasificaciones-de-Estudiantes-en-la-Universidad-de-Puerto-Rico.pdf\">Certificaci\u00f3n 128 (2022-2023) JG, Pol\u00edtica Institucional sobre Traslados y Reclasificaciones de Estudiantes en la Universidad de Puerto Rico<\/a><\/p>\n<p><span style=\"color: #000000;\"><b>Conferir Grado<\/b><\/span><\/p>\n<p style=\"padding-left: 90px;\"><span style=\"color: #000000;\"><a style=\"color: #000000;\" href=\"https:\/\/www.upr.edu\/ac\/mdocs-posts\/conferir-el-grado-de-manera-automatica\/\" target=\"_blank\" rel=\"noopener noreferrer\"><span style=\"font-weight: 400;\">Pol\u00edtica Institucional de Conferir el Grado de Manera Autom\u00e1tica a los Estudiantes que Cumplan con sus Requisitos. Certificaci\u00f3n N\u00fam. 85, 2005-2006, JS<\/span><\/a><\/span><\/p>\n<p>[\/vc_column_text][\/vc_tta_section][vc_tta_section title=\u00bbAnejos\u00bb tab_id=\u00bbanejos\u00bb][vc_column_text css=\u00bb\u00bb]<\/p>\n<div style=\"text-align: justify;\">Los siguientes formularios atienden los tr\u00e1mites de cursos, seg\u00fan consignado en la Certificaci\u00f3n 125 (2023-2024) JG, Gu\u00eda para la Creaci\u00f3n, Codificaci\u00f3n Uniforme, Registro y Otras Acciones de Curso en la Universidad de Puerto Rico.<\/div>\n<p>[\/vc_column_text][vc_separator color=\u00bborange\u00bb border_width=\u00bb3&#8243;][vc_empty_space]<div class=\"standard-arrow list-divider bullet-top\"><ul>\n<li><a style=\"color: #000000;\" href=\"https:\/\/www.upr.edu\/ac\/wp-content\/uploads\/sites\/1\/2024\/10\/Anejo-2-Componentes-para-la-creacion-del-prontuario.pdf\">ANEJO 2 Componentes para la creaci\u00f3n del prontuario<\/a><\/li>\n<li><a style=\"color: #000000;\" href=\"https:\/\/www.upr.edu\/ac\/wp-content\/uploads\/sites\/1\/2024\/10\/Flujograma-de-Tramites-para-Acciones-de-Cursos-VPAAI-2024.pdf\">Flujograma de Tr\u00e1mites para Acciones de Cursos VPAAI 2024<\/a><\/li>\n<li><a style=\"color: #000000;\" href=\"https:\/\/www.upr.edu\/ac\/wp-content\/uploads\/sites\/1\/2024\/08\/ANEJO-3A-ModeloProntuarioCursoPresncl.docx\">ANEJO 3A Modelo Prontuario Curso Presencial<\/a><\/li>\n<li><a style=\"color: #000000;\" href=\"https:\/\/www.upr.edu\/ac\/wp-content\/uploads\/sites\/1\/2024\/08\/ANEJO-3B-ModeloProntuarioCursoEnLinea.docx\">ANEJO 3B Modelo Prontuario Curso En L\u00ednea<\/a><\/li>\n<li><a style=\"color: #000000;\" href=\"https:\/\/www.upr.edu\/ac\/wp-content\/uploads\/sites\/1\/2024\/08\/ANEJO-3C-ModeloProntuarioHibrido.docx\">ANEJO 3C Modelo Prontuario Hibrido<\/a><\/li>\n<li><a style=\"color: #000000;\" href=\"https:\/\/www.upr.edu\/ac\/wp-content\/uploads\/sites\/1\/2024\/08\/ANEJO-3D-ModeloProntuariMultimodal.docx\">ANEJO 3D Modelo Prontuario Multimodal<\/a><\/li>\n<li><a style=\"color: #000000;\" href=\"https:\/\/www.upr.edu\/ac\/wp-content\/uploads\/sites\/1\/2024\/08\/ANEJO-4-SolicitudCreacionCodifUnifRegistroCursos.docx\">ANEJO 4 Solicitud Creaci\u00f3n Codificaci\u00f3n Uniforme Registro Cursos<\/a><\/li>\n<li><a style=\"color: #000000;\" href=\"https:\/\/www.upr.edu\/ac\/wp-content\/uploads\/sites\/1\/2024\/08\/ANEJO-5-Solicitud-CAMBIO-CursosRegistrados.docx\">ANEJO 5 Solicitud CAMBIO Cursos Registrados<\/a><\/li>\n<li><a style=\"color: #000000;\" href=\"https:\/\/www.upr.edu\/ac\/wp-content\/uploads\/sites\/1\/2024\/08\/ANEJO-6-Solicitud-INACTIVAR-CursosRegistrados.docx\">ANEJO 6 Solicitud INACTIVAR Cursos Registrados<\/a><\/li>\n<li><a style=\"color: #000000;\" href=\"https:\/\/www.upr.edu\/ac\/wp-content\/uploads\/sites\/1\/2024\/08\/ANEJO-7-Solicitud-REACTIVAR-CursosRegistrados.docx\">ANEJO 7 Solicitud REACTIVAR Cursos Registrados<\/a><\/li>\n<li><a style=\"color: #000000;\" href=\"https:\/\/www.upr.edu\/ac\/wp-content\/uploads\/sites\/1\/2024\/08\/ANEJO-8-Solicitud-OfrecimCursosActivosEnOtrasUnidades.docx\">ANEJO 8 Solicitud Ofrecimiento Cursos Activos En Otras Unidades<\/a><\/li>\n<\/ul>\n<\/div>[\/vc_tta_section][\/vc_tta_tabs][vc_empty_space][\/vc_column][\/vc_row]<\/p>\n<\/div>","protected":false},"excerpt":{"rendered":"<p>[vc_row][vc_column][vc_tta_tabs][vc_tta_section title=\u00bbNormativas y Gu\u00edas\u00bb tab_id=\u00bbnormativas-y-guias\u00bb][vc_column_text css=\u00bb\u00bb]Programas Acad\u00e9micos Certificaci\u00f3n 168 (2021-2022) JG, Registro de la Oferta Acad\u00e9mica de la Universidad de Puerto Rico<\/p>\n","protected":false},"author":15,"featured_media":0,"parent":740,"menu_order":102,"comment_status":"closed","ping_status":"closed","template":"","meta":{"_themeisle_gutenberg_block_has_review":false,"footnotes":""},"class_list":["post-1171","page","type-page","status-publish","hentry","description-off"],"_links":{"self":[{"href":"https:\/\/www.upr.edu\/ac\/wp-json\/wp\/v2\/pages\/1171","targetHints":{"allow":["GET"]}}],"collection":[{"href":"https:\/\/www.upr.edu\/ac\/wp-json\/wp\/v2\/pages"}],"about":[{"href":"https:\/\/www.upr.edu\/ac\/wp-json\/wp\/v2\/types\/page"}],"author":[{"embeddable":true,"href":"https:\/\/www.upr.edu\/ac\/wp-json\/wp\/v2\/users\/15"}],"replies":[{"embeddable":true,"href":"https:\/\/www.upr.edu\/ac\/wp-json\/wp\/v2\/comments?post=1171"}],"version-history":[{"count":64,"href":"https:\/\/www.upr.edu\/ac\/wp-json\/wp\/v2\/pages\/1171\/revisions"}],"predecessor-version":[{"id":41510,"href":"https:\/\/www.upr.edu\/ac\/wp-json\/wp\/v2\/pages\/1171\/revisions\/41510"}],"up":[{"embeddable":true,"href":"https:\/\/www.upr.edu\/ac\/wp-json\/wp\/v2\/pages\/740"}],"wp:attachment":[{"href":"https:\/\/www.upr.edu\/ac\/wp-json\/wp\/v2\/media?parent=1171"}],"curies":[{"name":"wp","href":"https:\/\/api.w.org\/{rel}","templated":true}]}}